{"id":19221,"date":"2022-07-07T12:28:45","date_gmt":"2022-07-07T11:28:45","guid":{"rendered":"https:\/\/fru.ifesworld.org\/?post_type=conexion&#038;p=19221"},"modified":"2022-07-07T16:57:59","modified_gmt":"2022-07-07T15:57:59","slug":"la-hora-de-dios","status":"publish","type":"conexion","link":"https:\/\/fru.ifesworld.org\/es\/blog\/la-hora-de-dios\/","title":{"rendered":"La Hora de Dios"},"content":{"rendered":"<div class=\"wp-block block-core-paragraph\">\n<p>Este a\u00f1o marca el 75\u00ba aniversario de IFES, un acontecimiento que conmemoraremos con 365 d\u00edas de celebraci\u00f3n que culminar\u00e1n en nuestra Asamblea Mundial en agosto de 2023. Te invitamos a unirte a nosotros y a reflexionar acerca del pasado de IFES y a regocijarte en nuestro presente a lo largo de este a\u00f1o en el que tambi\u00e9n nos fijaremos en nuestro futuro. Juntos nos regocijaremos en la fidelidad de Dios, d\u00e1ndole las gracias por todo lo que ha hecho y mir\u00e1ndole para la siguiente temporada del ministerio estudiantil.&nbsp;<\/p>\n<\/div>\n\n<div class=\"wp-block block-core-paragraph\">\n<p>Aunque IFES se estableciera formalmente en el a\u00f1o 1947, un evento que se celebr\u00f3 13 a\u00f1os antes demostr\u00f3 ser sorprendentemente significativo. En 1934, delegados de nueve pa\u00edses se dieron cita en Oslo, Noruega, para el primer Congreso Internacional de Estudiantes Evang\u00e9licos. Este congreso fue uno de los primeros puntos formales de conexi\u00f3n entre los movimientos nacionales, cuyos miembros esperaban que esta reuni\u00f3n \u201cpueda resultar en el levantamiento de un nuevo movimiento misionero internacional de estudiantes\u201d.&nbsp;&nbsp;<\/p>\n<\/div>\n\n<div class=\"wp-block block-core-paragraph\">\n<p>Uno de los delegados asistentes, un te\u00f3logo noruego llamado Ole Hallesby comparti\u00f3 un mensaje \u201cque ten\u00eda una nota especialmente prof\u00e9tica.\u201d El Profesor Hallesby habl\u00f3 de su emoci\u00f3n en relaci\u00f3n con el progreso que hab\u00edan demostrado con la creaci\u00f3n de un movimiento internacional de estudiantes evang\u00e9licos. Explic\u00f3 que, en el contexto de la cultura y la teolog\u00eda de su \u00e9poca, era crucial que el movimiento estudiantil abrazase y fuera fiel a los distintivos b\u00edblicos de los que se hablaron en Oslo. Este mensaje se ha mantenido como una piedra angular de nuestra comunidad global desde hace 88 a\u00f1os. Es emocionante considerar hasta d\u00f3nde hemos llegado, qu\u00e9 ha cambiado y de qu\u00e9 formas las esperanzas de esta conferencia se han hecho realidad. No obstante, estas reflexiones tambi\u00e9n nos retan a mantenernos firmes, honrando los distintivos del ministerio de IFES, y de forma m\u00e1s crucial, los distintivos del ministerio del evangelio. Con eso en mente, te ofrecemos una versi\u00f3n adaptada del mensaje de Hallesby.&nbsp;&nbsp;<\/p>\n<\/div>\n\n\n<figure class=\"wp-block-image size-medium\"><img decoding=\"async\" src=\"https:\/\/fru.ifesworld.org\/wp-content\/uploads\/2022\/07\/Oslo-1930-1-300x224.jpg\" alt=\"\" class=\"wp-image-19219\"\/><\/figure>\n\n\n<div class=\"wp-block block-core-paragraph\">\n<p><\/p>\n<\/div>\n\n<div class=\"wp-block block-core-heading\">\n<h2 class=\"wp-block-heading\">La Hora de Dios&nbsp;&nbsp;<\/h2>\n<\/div>\n\n<div class=\"wp-block block-core-paragraph\">\n<p>La Biblia habla mucho de \u2018La Hora de Dios\u2019. Cuando movimientos tan afines repentinamente y espont\u00e1neamente afloran en tantos pa\u00edses al mismo tiempo, debemos entender que Dios quiere hacer algo. Es la Hora de Dios. Es un privilegio indescriptible poder seguir adelante en el tiempo de Dios.&nbsp;&nbsp;<\/p>\n<\/div>\n\n<div class=\"wp-block block-core-paragraph\">\n<p>Es como si viera el brillo de la ma\u00f1ana, el amanecer de un nuevo d\u00eda que brilla sobre un mundo viejo e infeliz tras una noche oscura y larga. Durante muchos a\u00f1os, una teolog\u00eda racionalista ha retenido a la mayor\u00eda de las iglesias. Los movimientos cristianos se han vuelto liberales y han monopolizado la obra cristiana entre los estudiantes. No ten\u00edamos una puerta hacia el enorme e infeliz mundo estudiantil; todo parec\u00eda carecer de esperanza hasta hace unos pocos a\u00f1os. Hoy estamos aqu\u00ed, somos representantes de nuestras muchas naciones y podemos hablar de la obra entre estudiantes cristianos basados en la Biblia como la Palabra de Dios. Una puerta que Dios mismo, en su gracia, ha abierto para nosotros&nbsp;&nbsp;<\/p>\n<\/div>\n\n<div class=\"wp-block block-core-paragraph\">\n<p>Antes de que la teolog\u00eda liberal se volviera popular, que siempre ha mutilado al viejo Evangelio e hizo que la predicaci\u00f3n estuviera vac\u00eda, sol\u00edamos escuchar hablar sobre el pecado y la gracia, el lamento por el pecado y las preguntas de una consciencia atribulada; <em>ahora<\/em> se ponen en el centro los problemas intelectuales. No hay m\u00e1s espacio para el arrepentimiento cristiano y la conversi\u00f3n. Los hombres est\u00e1n satisfechos con una experiencia religiosa vaga. Todo se vuelve relativo: \u00e9tica, religi\u00f3n, verdad y hasta Dios mismo.&nbsp;&nbsp;<\/p>\n<\/div>\n\n<div class=\"wp-block block-core-paragraph\">\n<p>Para quienes nos basamos en una base b\u00edblica positiva, la puerta al mundo estudiantil estaba cerrada a cal y canto. Durante estos largos a\u00f1os, est\u00e1bamos en una gran aflicci\u00f3n hasta que logramos abrir camino y empezar nuestro propio trabajo. Debemos admitir que este comienzo ha contado con muchos recelos y tan solo una profunda convicci\u00f3n nos ha hecho dar este paso afortunado. Estos mismos temores y convicciones nos hicieron ver tambi\u00e9n lo desesperados que est\u00e1bamos y nos forzaron a luchar en oraci\u00f3n. Nuestros temores se convirtieron en nuestro mayor activo. Nuestra obra comenz\u00f3 como un trabajo de oraci\u00f3n. Dios mismo tuvo que doblar nuestras rodillas inflexibles.&nbsp;&nbsp;<\/p>\n<\/div>\n\n<div class=\"wp-block block-core-paragraph\">\n<p>\u00bfQu\u00e9 quiero decir por comenzar esta obra? No deseamos empezar algo nuevo, tan solo deseamos trabajar en las antiguas l\u00edneas en las que la obra de estudiantes cristianos hab\u00eda seguido desde el comienzo. Nuestro programa siempre ha sido el Evangelio antiguo al completo, predicaci\u00f3n para el avivamiento, la conversi\u00f3n y una nueva vida al servicio de nuestro Se\u00f1or, en casa y fuera en el campo misionero.&nbsp;&nbsp;<\/p>\n<\/div>\n\n<div class=\"wp-block block-core-heading\">\n<h2 class=\"wp-block-heading\">El Mensaje&nbsp;<\/h2>\n<\/div>\n\n<div class=\"wp-block block-core-list\">\n<ol><li>Primero, nuestro mensaje es la <em>Palabra de Dios.<\/em> No tenemos derecho a a\u00f1adirle o quitarle nada. Esto nos da una posici\u00f3n firme en el mundo de caos de hoy en d\u00eda. Nuestro mundo moderno no debe cambiar nuestro mensaje, pero nuestro mensaje debe cambiar nuestro mundo infeliz. La palabra de Dios por s\u00ed sola puede crear de nuevo a quienes estamos muertos en nuestras transgresiones y pecados, y darles la nueva vida que esta palabra creativa que Dios nos ha dado. Con esta vara santa golpeamos la piedra al igual que Mois\u00e9s y el agua de vida emana de ah\u00ed con fuerza, los estudiantes se despiertan y se convierten a Dios.&nbsp;&nbsp;<\/li><\/ol>\n<\/div>\n\n<div class=\"wp-block block-core-list\">\n<ol start=\"2\"><li>En segundo lugar, nuestro mensaje <em>sentencia a muerte a todos los hombres. <\/em>El idealismo siempre ha buscado encontrar algo bueno en el hombre que tan solo ha sido liberado para mejorar y para su salvaci\u00f3n. Sin embargo, nuestro mensaje nos dice que en el hombre no hay nada inherentemente bueno o que le pueda salvar. Esta sentencia de muerte se ha dictado contra todos los hombres. \u201cNo hay distinci\u00f3n, pues todos han pecado y est\u00e1n privados de la gloria de Dios.\u201d La salvaci\u00f3n de los hombres comienza con esta verdad, por cuanto ning\u00fan hombre podr\u00e1 pedir perd\u00f3n si no ha estado previamente convencido de que est\u00e1 bajo una sentencia de muerte.&nbsp;&nbsp;<\/li><\/ol>\n<\/div>\n\n<div class=\"wp-block block-core-list\">\n<ol start=\"3\"><li>En tercer lugar, nuestro mensaje es <em>la Cruz<\/em>. Para ser salvo, el pecador solo debe admitir su condena. Dios justifica lo imp\u00edo en cuanto creen en la Cruz y vienen ante Cristo con sus pecados. Descubrimos que los estudiantes escuchar\u00e1n la palabra de la Cruz. Durante catorce a\u00f1os hemos celebrado nuestro congreso estudiantil anual para los escandinavos y hemos tenido hasta seiscientas personas durante cinco o seis d\u00edas. Uno de los l\u00edderes en el movimiento estudiantil liberal le pregunt\u00f3 a un amigo m\u00edo, \u201c\u00bfQu\u00e9 <em>est\u00e1s<\/em> haciendo para que vengan en n\u00fameros tan grandes, a\u00f1o tras a\u00f1o?\u201d Mi amigo respondi\u00f3, \u201cPredicamos el Evangelio de la Cruz.\u201d&nbsp;&nbsp;<\/li><\/ol>\n<\/div>\n\n<div class=\"wp-block block-core-list\">\n<ol start=\"4\"><li>Nuestro mensaje es <em>Predicando acerca del Esp\u00edritu Santo.<\/em> Creemos en la Pascua y en el Pentecost\u00e9s. El Esp\u00edritu Santo hace que la revelaci\u00f3n hist\u00f3rica y viviente de Dios en Cristo sea real para nosotros aqu\u00ed y ahora. El Esp\u00edritu Santo hace su gran milagro, que Cristo viva en nosotros y nosotros vivamos en \u00c9l. Predicamos al mundo estudiantil este mensaje de felicidad de Aquel que nos da la victoria sobre el pecado y las grandes tentaciones de los estudiantes.&nbsp;&nbsp;<\/li><\/ol>\n<\/div>\n\n<div class=\"wp-block block-core-list\">\n<ol start=\"5\"><li>Nuestro mensaje es la <em>conversi\u00f3n.<\/em> Sabemos que los estudiantes suelen estar perplejos ante las dudas te\u00f3ricas y las dificultades, pero esas dudas te\u00f3ricas no pueden impedir que alguien se convierta en cristiano, lo que retiene al hombre no son sus pensamientos sino su voluntad. No dejar\u00e1 su pecado. Por tanto, predicamos la conversi\u00f3n para los estudiantes como \u00fanico <em>remedio contra la duda<\/em>. El Ap\u00f3stol dice: \u201cEntre los jud\u00edos me volv\u00ed jud\u00edo, a fin de ganarlos a ellos.\u201d Tambi\u00e9n nos volver\u00edamos eruditos entre los eruditos, para ganar el mundo acad\u00e9mico para Cristo; pero esto est\u00e1 en el antiguo Evangelio por lo que predicamos en un lenguaje erudito acerca del Evangelio completo del pecado y la gracia, de la conversi\u00f3n y una nueva creaci\u00f3n en Cristo.&nbsp;&nbsp;<\/li><\/ol>\n<\/div>\n\n<div class=\"wp-block block-core-list\">\n<ol start=\"6\"><li>Nuestro mensaje es la <em>Comuni\u00f3n de los Santos.<\/em> Hemos aprendido de la obra estudiantil original de hace 50 a\u00f1os lo f\u00e9rtiles que pueden resultar estos c\u00edrculos de oraci\u00f3n y, como he mencionado, Dios mismo en el principio de nuestra propia obra entre los estudiantes nos ha ense\u00f1ado a trabajar de rodillas. Desde el principio hemos tenido c\u00edrculos de oraci\u00f3n de este tipo en Finlandia, Dinamarca, Suecia y Noruega. Desconozco su tama\u00f1o, pero hemos tenido un c\u00edrculo en el que hemos orado por nuestra reuni\u00f3n de verano todos los d\u00edas, desde la reuni\u00f3n de un a\u00f1o hasta la siguiente. Oramos para que esta comunidad de oraci\u00f3n nunca cese en nuestra obra, sino que siga creciendo en una profundizaci\u00f3n interior y una conquista exterior de poder. Piensa en ello, \u00a1una comunidad de oraci\u00f3n en muchos pa\u00edses! Oremos sin descanso hasta que Dios mande un gran avivamiento a nuestro mundo estudiantil en todos nuestros pa\u00edses.&nbsp;&nbsp;<\/li><\/ol>\n<\/div>\n\n<div class=\"wp-block block-core-list\">\n<ol start=\"7\"><li>Nuestro mensaje es el <em>cristianismo diario en el servicio y la negaci\u00f3n de uno mismo.<\/em> Nuestra generaci\u00f3n no solo debe conocer el cristianismo, sino verlo vivido. Si hoy intentamos vivir el cristianismo, podremos experimentar mucho progreso. El cristianismo es la vida de Cristo. Pero la vida de Cristo era de amor, servicio, abnegaci\u00f3n, sacrificio y sufrimiento. Espero que todos nuestros j\u00f3venes estudiantes regenerados vayan al mundo estudiantil moderno con estas realidades de la vida; entonces podr\u00e1n ver cosas mayores de las que esperar\u00edan ver jam\u00e1s. Solo podemos aprender de la abnegaci\u00f3n por medio de su pr\u00e1ctica y, por tanto, todos debemos practicar la abnegaci\u00f3n a diario en nuestras casas, entre padres y madres, entre hermanos y hermanas, siervos y amigos. No podremos ganar el mundo estudiantil para Cristo por medio de charlas y discursos p\u00fablicos, sino por medio del trabajo personal, por medio del sacrificio personal y las conversaciones. Pero nadie asume esta obra personal hasta que haya aprendido por s\u00ed mismo el secreto feliz de la abnegaci\u00f3n.&nbsp;&nbsp;<\/li><\/ol>\n<\/div>\n\n<div class=\"wp-block block-core-list\">\n<ol start=\"8\"><li>Nuestro mensaje es <em>Cristo que ha de volver.<\/em> Estamos esper\u00e1ndole a \u00c9l. \u00c9l vendr\u00e1 a llevarse a sus amigos a un lugar de luz y a una vida de luz en la que no se puedan seguir arruinando nuestras almas con el pecado, ni da\u00f1ando a otros con nuestro ego\u00edsmo, ni hiriendo a Dios y al Salvador por medio de la infidelidad y la desobediencia. Estamos esperando.&nbsp;&nbsp;<\/li><\/ol>\n<\/div>\n\n<div class=\"wp-block block-core-list\">\n<ol start=\"9\"><li>Nuestro mensaje debe ser llevado a <em>todas las naciones.<\/em> Como ya he mencionado, la obra de estudiantes cristianos ha empezado como una obra para las misiones extranjeras. Pero me temo que actualmente no mantienen el sitio que debieran, al menos aqu\u00ed, en los pa\u00edses n\u00f3rdicos, y si llegase el tiempo cuando no vivamos y trabajemos para las misiones extranjeras, el ministerio de los estudiantes cristianos se acabar\u00e1. Estamos convencidos que el mundo estudiantil tiene un servicio especial que debe prestar en el campo misionero y seguramente no haya tenido tanta importancia como en estos momentos.&nbsp;&nbsp;<\/li><\/ol>\n<\/div>\n\n<div class=\"wp-block block-core-paragraph\">\n<p>\u2018Todos los presentes eran conscientes de un nuevo esp\u00edritu de esperanza y sobria expectaci\u00f3n,\u2019 nos escribe Douglas Johnson, una de las personas que escuch\u00f3 el mensaje. En los a\u00f1os siguientes, la visi\u00f3n de Hallesby sigui\u00f3 adelante. Se planific\u00f3 una reuni\u00f3n que tuvo lugar en Suecia al a\u00f1o siguiente, abriendo el camino para una cooperaci\u00f3n mayor en los a\u00f1os siguientes. En 1947, se fund\u00f3 IFES tal y como la conocemos hoy. Queremos celebrar c\u00f3mo Dios se ha movido entre su pueblo desde entonces para impactar a la iglesia, a la universidad y al mundo para su gloria. Seguiremos mir\u00e1ndole a \u00c9l como personas y como ministerio global durante los pr\u00f3ximos 75 a\u00f1os de ministerio estudiantil.&nbsp;<\/p>\n<\/div>\n\n<div class=\"wp-block block-core-paragraph\">\n<p>Las celebraciones de nuestro aniversario comenzar\u00e1n con una reuni\u00f3n online para los secretarios generales que representar\u00e1n a los 160 movimiento afiliados a IFES. A lo largo del a\u00f1o que viene, las celebraciones tendr\u00e1n lugar en todo el mundo para celebrar nuestro 75\u00ba aniversario y compartiremos historias de todos los rincones del mundo de IFES. Permanece atento a nuestro <a href=\"https:\/\/www.facebook.com\/ifesworld\" target=\"_blank\" rel=\"noreferrer noopener\">Facebook<\/a>, <a href=\"https:\/\/www.instagram.com\/ifesworld\" target=\"_blank\" rel=\"noreferrer noopener\">Instagram,<\/a> y <a href=\"https:\/\/twitter.com\/ifesworld\" target=\"_blank\" rel=\"noreferrer noopener\">Twitter<\/a> para leer los testimonios de la impresionante fidelidad y del poder de Dios durante estos \u00faltimos 75 a\u00f1os.&nbsp;<\/p>\n<\/div>","protected":false},"featured_media":0,"template":"","area":[],"theme":[],"class_list":["post-19221","conexion","type-conexion","status-publish","hentry"],"acf":[],"yoast_head":"<!-- This site is optimized with the Yoast SEO plugin v22.6 - https:\/\/yoast.com\/wordpress\/plugins\/seo\/ -->\n<title>La Hora de Dios &#183; IFES Conexi\u00f3n Blog<\/title>\n<meta name=\"description\" content=\"Este a\u00f1o marca el 75\u00ba aniversario de IFES, un acontecimiento que conmemoraremos con 365 d\u00edas de celebraci\u00f3n que culminar\u00e1n en nuestra Asamblea Mundial en\" \/>\n<meta name=\"robots\" content=\"noindex, follow, max-snippet:-1, max-image-preview:large, max-video-preview:-1\" \/>\n<meta property=\"og:locale\" content=\"es_ES\" \/>\n<meta property=\"og:type\" content=\"article\" \/>\n<meta property=\"og:title\" content=\"La Hora de Dios &#183; IFES Conexi\u00f3n Blog\" \/>\n<meta property=\"og:description\" content=\"Este a\u00f1o marca el 75\u00ba aniversario de IFES, un acontecimiento que conmemoraremos con 365 d\u00edas de celebraci\u00f3n que culminar\u00e1n en nuestra Asamblea Mundial en\" \/>\n<meta property=\"og:url\" content=\"https:\/\/ifesworld.org\/es\/blog\/la-hora-de-dios\/\" \/>\n<meta property=\"og:site_name\" content=\"IFES\" \/>\n<meta property=\"article:modified_time\" content=\"2022-07-07T15:57:59+00:00\" \/>\n<meta property=\"og:image\" content=\"https:\/\/ifesworld.org\/wp-content\/uploads\/2022\/07\/Oslo-4-scaled.jpg\" \/>\n\t<meta property=\"og:image:width\" content=\"2560\" \/>\n\t<meta property=\"og:image:height\" content=\"1885\" \/>\n\t<meta property=\"og:image:type\" content=\"image\/jpeg\" \/>\n<meta name=\"twitter:card\" content=\"summary_large_image\" \/>\n<meta name=\"twitter:label1\" content=\"Tiempo de lectura\" \/>\n\t<meta name=\"twitter:data1\" content=\"9 minutos\" \/>\n<script type=\"application\/ld+json\" class=\"yoast-schema-graph\">{\"@context\":\"https:\/\/schema.org\",\"@graph\":[{\"@type\":\"WebPage\",\"@id\":\"https:\/\/ifesworld.org\/es\/blog\/la-hora-de-dios\/\",\"url\":\"https:\/\/ifesworld.org\/es\/blog\/la-hora-de-dios\/\",\"name\":\"La Hora de Dios &#183; IFES Conexi\u00f3n Blog\",\"isPartOf\":{\"@id\":\"https:\/\/fru.ifesworld.org\/en\/#website\"},\"primaryImageOfPage\":{\"@id\":\"https:\/\/ifesworld.org\/es\/blog\/la-hora-de-dios\/#primaryimage\"},\"image\":{\"@id\":\"https:\/\/ifesworld.org\/es\/blog\/la-hora-de-dios\/#primaryimage\"},\"thumbnailUrl\":\"https:\/\/fru.ifesworld.org\/wp-content\/uploads\/2022\/07\/Oslo-1930-1-300x224.jpg\",\"datePublished\":\"2022-07-07T11:28:45+00:00\",\"dateModified\":\"2022-07-07T15:57:59+00:00\",\"description\":\"Este a\u00f1o marca el 75\u00ba aniversario de IFES, un acontecimiento que conmemoraremos con 365 d\u00edas de celebraci\u00f3n que culminar\u00e1n en nuestra Asamblea Mundial en\",\"breadcrumb\":{\"@id\":\"https:\/\/ifesworld.org\/es\/blog\/la-hora-de-dios\/#breadcrumb\"},\"inLanguage\":\"es\",\"potentialAction\":[{\"@type\":\"ReadAction\",\"target\":[\"https:\/\/ifesworld.org\/es\/blog\/la-hora-de-dios\/\"]}]},{\"@type\":\"ImageObject\",\"inLanguage\":\"es\",\"@id\":\"https:\/\/ifesworld.org\/es\/blog\/la-hora-de-dios\/#primaryimage\",\"url\":\"https:\/\/fru.ifesworld.org\/wp-content\/uploads\/2022\/07\/Oslo-1930-1-300x224.jpg\",\"contentUrl\":\"https:\/\/fru.ifesworld.org\/wp-content\/uploads\/2022\/07\/Oslo-1930-1-300x224.jpg\"},{\"@type\":\"BreadcrumbList\",\"@id\":\"https:\/\/ifesworld.org\/es\/blog\/la-hora-de-dios\/#breadcrumb\",\"itemListElement\":[{\"@type\":\"ListItem\",\"position\":1,\"name\":\"Home\",\"item\":\"https:\/\/ifesworld.org\/es\/\"},{\"@type\":\"ListItem\",\"position\":2,\"name\":\"Conexi\u00f3n\",\"item\":\"https:\/\/ifesworld.org\/es\/blog\/\"},{\"@type\":\"ListItem\",\"position\":3,\"name\":\"La Hora de Dios\"}]},{\"@type\":\"WebSite\",\"@id\":\"https:\/\/fru.ifesworld.org\/en\/#website\",\"url\":\"https:\/\/fru.ifesworld.org\/en\/\",\"name\":\"IFES\",\"description\":\"A movement of students sharing and living out the good news of Jesus Christ. Locally. Nationally. Globally.\",\"publisher\":{\"@id\":\"https:\/\/fru.ifesworld.org\/en\/#organization\"},\"potentialAction\":[{\"@type\":\"SearchAction\",\"target\":{\"@type\":\"EntryPoint\",\"urlTemplate\":\"https:\/\/fru.ifesworld.org\/en\/?s={search_term_string}\"},\"query-input\":\"required name=search_term_string\"}],\"inLanguage\":\"es\"},{\"@type\":\"Organization\",\"@id\":\"https:\/\/fru.ifesworld.org\/en\/#organization\",\"name\":\"IFES \u00b7 International Fellowship of Evangelical Students\",\"url\":\"https:\/\/fru.ifesworld.org\/en\/\",\"logo\":{\"@type\":\"ImageObject\",\"inLanguage\":\"es\",\"@id\":\"https:\/\/fru.ifesworld.org\/en\/#\/schema\/logo\/image\/\",\"url\":\"https:\/\/fru.ifesworld.org\/wp-content\/uploads\/2019\/06\/ifeslogo.png\",\"contentUrl\":\"https:\/\/fru.ifesworld.org\/wp-content\/uploads\/2019\/06\/ifeslogo.png\",\"width\":262,\"height\":262,\"caption\":\"IFES \u00b7 International Fellowship of Evangelical Students\"},\"image\":{\"@id\":\"https:\/\/fru.ifesworld.org\/en\/#\/schema\/logo\/image\/\"}}]}<\/script>\n<!-- \/ Yoast SEO plugin. -->","yoast_head_json":{"title":"La Hora de Dios &#183; IFES Conexi\u00f3n Blog","description":"Este a\u00f1o marca el 75\u00ba aniversario de IFES, un acontecimiento que conmemoraremos con 365 d\u00edas de celebraci\u00f3n que culminar\u00e1n en nuestra Asamblea Mundial en","robots":{"index":"noindex","follow":"follow","max-snippet":"max-snippet:-1","max-image-preview":"max-image-preview:large","max-video-preview":"max-video-preview:-1"},"og_locale":"es_ES","og_type":"article","og_title":"La Hora de Dios &#183; IFES Conexi\u00f3n Blog","og_description":"Este a\u00f1o marca el 75\u00ba aniversario de IFES, un acontecimiento que conmemoraremos con 365 d\u00edas de celebraci\u00f3n que culminar\u00e1n en nuestra Asamblea Mundial en","og_url":"https:\/\/ifesworld.org\/es\/blog\/la-hora-de-dios\/","og_site_name":"IFES","article_modified_time":"2022-07-07T15:57:59+00:00","og_image":[{"width":2560,"height":1885,"url":"https:\/\/ifesworld.org\/wp-content\/uploads\/2022\/07\/Oslo-4-scaled.jpg","type":"image\/jpeg"}],"twitter_card":"summary_large_image","twitter_misc":{"Tiempo de lectura":"9 minutos"},"schema":{"@context":"https:\/\/schema.org","@graph":[{"@type":"WebPage","@id":"https:\/\/ifesworld.org\/es\/blog\/la-hora-de-dios\/","url":"https:\/\/ifesworld.org\/es\/blog\/la-hora-de-dios\/","name":"La Hora de Dios &#183; IFES Conexi\u00f3n Blog","isPartOf":{"@id":"https:\/\/fru.ifesworld.org\/en\/#website"},"primaryImageOfPage":{"@id":"https:\/\/ifesworld.org\/es\/blog\/la-hora-de-dios\/#primaryimage"},"image":{"@id":"https:\/\/ifesworld.org\/es\/blog\/la-hora-de-dios\/#primaryimage"},"thumbnailUrl":"https:\/\/fru.ifesworld.org\/wp-content\/uploads\/2022\/07\/Oslo-1930-1-300x224.jpg","datePublished":"2022-07-07T11:28:45+00:00","dateModified":"2022-07-07T15:57:59+00:00","description":"Este a\u00f1o marca el 75\u00ba aniversario de IFES, un acontecimiento que conmemoraremos con 365 d\u00edas de celebraci\u00f3n que culminar\u00e1n en nuestra Asamblea Mundial en","breadcrumb":{"@id":"https:\/\/ifesworld.org\/es\/blog\/la-hora-de-dios\/#breadcrumb"},"inLanguage":"es","potentialAction":[{"@type":"ReadAction","target":["https:\/\/ifesworld.org\/es\/blog\/la-hora-de-dios\/"]}]},{"@type":"ImageObject","inLanguage":"es","@id":"https:\/\/ifesworld.org\/es\/blog\/la-hora-de-dios\/#primaryimage","url":"https:\/\/fru.ifesworld.org\/wp-content\/uploads\/2022\/07\/Oslo-1930-1-300x224.jpg","contentUrl":"https:\/\/fru.ifesworld.org\/wp-content\/uploads\/2022\/07\/Oslo-1930-1-300x224.jpg"},{"@type":"BreadcrumbList","@id":"https:\/\/ifesworld.org\/es\/blog\/la-hora-de-dios\/#breadcrumb","itemListElement":[{"@type":"ListItem","position":1,"name":"Home","item":"https:\/\/ifesworld.org\/es\/"},{"@type":"ListItem","position":2,"name":"Conexi\u00f3n","item":"https:\/\/ifesworld.org\/es\/blog\/"},{"@type":"ListItem","position":3,"name":"La Hora de Dios"}]},{"@type":"WebSite","@id":"https:\/\/fru.ifesworld.org\/en\/#website","url":"https:\/\/fru.ifesworld.org\/en\/","name":"IFES","description":"A movement of students sharing and living out the good news of Jesus Christ. Locally. Nationally. Globally.","publisher":{"@id":"https:\/\/fru.ifesworld.org\/en\/#organization"},"potentialAction":[{"@type":"SearchAction","target":{"@type":"EntryPoint","urlTemplate":"https:\/\/fru.ifesworld.org\/en\/?s={search_term_string}"},"query-input":"required name=search_term_string"}],"inLanguage":"es"},{"@type":"Organization","@id":"https:\/\/fru.ifesworld.org\/en\/#organization","name":"IFES \u00b7 International Fellowship of Evangelical Students","url":"https:\/\/fru.ifesworld.org\/en\/","logo":{"@type":"ImageObject","inLanguage":"es","@id":"https:\/\/fru.ifesworld.org\/en\/#\/schema\/logo\/image\/","url":"https:\/\/fru.ifesworld.org\/wp-content\/uploads\/2019\/06\/ifeslogo.png","contentUrl":"https:\/\/fru.ifesworld.org\/wp-content\/uploads\/2019\/06\/ifeslogo.png","width":262,"height":262,"caption":"IFES \u00b7 International Fellowship of Evangelical Students"},"image":{"@id":"https:\/\/fru.ifesworld.org\/en\/#\/schema\/logo\/image\/"}}]}},"_links":{"self":[{"href":"https:\/\/fru.ifesworld.org\/es\/wp-json\/wp\/v2\/conexion\/19221"}],"collection":[{"href":"https:\/\/fru.ifesworld.org\/es\/wp-json\/wp\/v2\/conexion"}],"about":[{"href":"https:\/\/fru.ifesworld.org\/es\/wp-json\/wp\/v2\/types\/conexion"}],"wp:attachment":[{"href":"https:\/\/fru.ifesworld.org\/es\/wp-json\/wp\/v2\/media?parent=19221"}],"wp:term":[{"taxonomy":"area","embeddable":true,"href":"https:\/\/fru.ifesworld.org\/es\/wp-json\/wp\/v2\/area?post=19221"},{"taxonomy":"theme","embeddable":true,"href":"https:\/\/fru.ifesworld.org\/es\/wp-json\/wp\/v2\/theme?post=19221"}],"curies":[{"name":"wp","href":"https:\/\/api.w.org\/{rel}","templated":true}]}}