{"id":1164,"date":"2019-02-27T09:01:00","date_gmt":"2019-02-27T09:01:00","guid":{"rendered":"https:\/\/fru.ifesworld.org\/conexion\/de-myanmar-a-nebraska\/"},"modified":"2019-07-03T13:25:34","modified_gmt":"2019-07-03T13:25:34","slug":"de-myanmar-a-nebraska","status":"publish","type":"conexion","link":"https:\/\/fru.ifesworld.org\/es\/blog\/de-myanmar-a-nebraska\/","title":{"rendered":"De Myanmar a Nebraska"},"content":{"rendered":"<p>Alee conoci\u00f3 a Sha K\u2019 Paw por primera vez el d\u00eda 20 de junio, el d\u00eda Mundial del Refugiado. Era uno de los voluntarios que ayudaban en medio de un caos de buenas intenciones que inclu\u00eda pintacaras, un torneo de f\u00fatbol y un desfile de moda. El evento anual de Omaha (EE. UU.) siempre ha atra\u00eddo grandes multitudes, y ese a\u00f1o no fue ninguna excepci\u00f3n. Alee, una obrera de InterVarsity, ten\u00eda la responsabilidad de coordinar el equipo de voluntarios.<\/p>\n<p>En el pasado, no hab\u00edan tenido muchos estudiantes de secundaria que se prestaran como voluntarios, por lo que estos j\u00f3venes le sorprendieron. Empez\u00f3 a hablar con dos de ellos\u200a\u2014\u200aSha y su amigo, Sunkist\u200a\u2014\u200aambos eran refugiados Karen procedentes de Myanmar. Result\u00f3 que planeaban ir a la Universidad de Nebraska Omaha (UNO) ese oto\u00f1o. \u00a1Alee estaba muy interesada! Hab\u00eda conocido a <em>ni\u00f1os<\/em> Karen antes, pero nunca hab\u00eda conocido a estudiantes Karen que fueran a la universidad. Estuvieron charlando un rato. Y luego se aventur\u00f3 a preguntar: \u201c\u00bfSois seguidores de Jes\u00fas?\u201d<\/p>\n<h4>Sha K\u2019\u00a0Paw<\/h4>\n<p>Sha K\u2019 Paw naci\u00f3 en Myanmar, un pa\u00eds de Asia del Sur marcado por una guerra civil larga y devastadora. Cuando ten\u00eda siete a\u00f1os, se mud\u00f3 a un campo de refugiados en Tailandia, donde permaneci\u00f3 durante seis a\u00f1os, sin sus padres. Era una vida sencilla: todos los d\u00edas Sha iba a la escuela, jugaba con sus amigos y com\u00eda arroz con legumbres. Su residencia estaba gestionada por unos cristianos que les ense\u00f1aron a leer la Biblia y orar todas las ma\u00f1anas y todas las noches.<\/p>\n<figure class=\"wp-caption\"><img decoding=\"async\" src=\"https:\/\/fru.ifesworld.org\/wp-content\/uploads\/2019\/05\/912f4-1p7kypzi75v6wbjv0f3htnw.jpeg\" data-width=\"1280\" data-height=\"720\" \/><figcaption class=\"wp-caption-text\"> by <a href=\"https:\/\/unsplash.com\/photos\/GlN9riTYDWE?utm_source=unsplash&amp;utm_medium=referral&amp;utm_content=creditCopyText\" target=\"_blank\" rel=\"noopener noreferrer\">Dinis Bazgutdinov<\/a> on\u00a0<a href=\"https:\/\/unsplash.com\/?utm_source=unsplash&amp;utm_medium=referral&amp;utm_content=creditCopyText\" target=\"_blank\" rel=\"noopener noreferrer\">Unsplash<\/a><\/figcaption><\/figure>\n<p>A los 12 a\u00f1os, Sha y su t\u00eda se trasladaron a Estados Unidos en busca de una vida mejor. De repente, se encontr\u00f3 inmerso en un mundo completamente distinto: la cultura, el idioma, la gente\u2026 Todo era diferente. Nos escribe:<\/p>\n<blockquote><p>\u201cHab\u00eda escuchado historias de gente que hablaba sobre los \u2018terceros pa\u00edses\u2019 (los pa\u00edses donde se asientan los refugiados). Hab\u00eda escuchado que ten\u00edan mucha comida, una gran educaci\u00f3n, muchas libertades y oportunidades. Cuando llegu\u00e9 a Estados Unidos, descubr\u00ed que las historias eran ciertas: el pa\u00eds estaba repleto de cosas buenas. Pero tambi\u00e9n hab\u00eda luchas. Ya no me ten\u00eda que preocupar por tener el est\u00f3mago vac\u00edo, pero me deb\u00eda preocupar por no comer en exceso. Ya no tenia que preocuparme por la guerra, pero no pod\u00eda hablar ingl\u00e9s y me costaba la escuela, adem\u00e1s no lograba comprender la cultura. Aunque ya no viv\u00eda con miedo, segu\u00eda preocupado por mi futuro.<\/p><\/blockquote>\n<blockquote><p>Como adolescente, miraba hacia atr\u00e1s y ve\u00eda c\u00f3mo Dios me hab\u00eda guiado con seguridad durante toda mi vida. Hubo momentos de mi vida en los que me sent\u00ed solo o abandonado, pero Dios hab\u00eda estado ah\u00ed conmigo. Hubo momentos en los que quise tirar la toalla, pero Dios me hab\u00eda fortalecido. Al darme cuenta, en lo m\u00e1s profundo, c\u00f3mo hab\u00eda sido mi Padre y Salvador todo el tiempo, le acept\u00e9 como mi Se\u00f1or y Salvador, sin dudas ni reservas. Me bautic\u00e9 el 5 de marzo de 2011, a los 15 a\u00f1os.\u201d<\/p><\/blockquote>\n<h4>Una respuesta a la\u00a0oraci\u00f3n<\/h4>\n<p>Como todos los obreros saben, conocer estudiantes de la escuela secundaria cristianos que est\u00e1n a punto de ir a la universidad constituye una oportunidad de oro. Solo necesitas conseguir su n\u00famero de tel\u00e9fono y puedes involucrarlos directamente en la comunidad antes de pisar siquiera un campus.<\/p>\n<p>Pero Alee conoci\u00f3 a Sha en un momento en el que su equipo de InterVarsity hab\u00eda estado orando para alcanzar a todos los rincones del campus. Hab\u00edan estado reflexionando acerca de la forma en la que cada persona a la que alcanzan est\u00e1 conectada a una red o a un grupo de personas. Con esas oraciones en la mente, Alee se dio cuenta de la oportunidad que se le presentaba. <em>Soltar, no reclutar. <\/em>De eso se trataba precisamente el ministerio estudiantil de InterVarsity. Estos dos j\u00f3venes cristianos podr\u00edan a\u00f1adirse a un grupo existente y boyante de UNO. O podr\u00edan ser empoderados y formados para empezar el suyo propio, alcanzando a otros refugiados Karen. No cab\u00eda duda alguna.<\/p>\n<h4>Mookatah<\/h4>\n<p>Tras conocer a Alee en el D\u00eda Mundial del Refugiado, Sha y algunos de sus amigos conectaron con los obreros de UNO. Congeniaron ante un <em>mookatah<\/em> (una parrilla Thai) y empezaron a estudiar la Biblia juntos despu\u00e9s de integrarse en UNO como estudiantes de primer a\u00f1o. Sha y algunos m\u00e1s fueron discipulados, y no pas\u00f3 mucho tiempo antes de que estuvieran dirigiendo sus propios estudios b\u00edblicos y les hablaran a sus amigos acerca de Jes\u00fas: \u201cMis amigos necesitan saber que Jes\u00fas les quiere; alguien tiene que ayudarles para que lo sepan, y creo que ese alguien soy yo.\u201d<\/p>\n<figure class=\"wp-caption\"><img decoding=\"async\" src=\"https:\/\/fru.ifesworld.org\/wp-content\/uploads\/2019\/05\/cc0b0-1bl9bujgj9zac_k43k-y1ma.jpeg\" data-width=\"1280\" data-height=\"720\" \/><figcaption class=\"wp-caption-text\">Asian Christian Fellowship, UNO<\/figcaption><\/figure>\n<p>El grupo creci\u00f3 cuando m\u00e1s estudiantes Karen escucharon hablar acerca de la comunidad y se unieron a ella. Sha reflexiona acerca de este tiempo de crecimiento:<\/p>\n<blockquote><p>\u201cSegu\u00ed creciendo poco a poco, al mismo tiempo que aprend\u00eda y dirig\u00eda. Algunos de nosotros tambi\u00e9n or\u00e1bamos por la misi\u00f3n de Dios en nuestro campus y vimos crecimiento a lo largo del a\u00f1o pasado. Fue la inversi\u00f3n de nuestros obreros en nosotros lo que nos ayud\u00f3 a crecer, y el Esp\u00edritu Santo nos gui\u00f3.\u201d<\/p><\/blockquote>\n<h4>La fidelidad de Dios para con los peregrinos<\/h4>\n<p>Casi todos los estudiantes Karen son los primeros de sus familias en estudiar en EE.UU. La mayor\u00eda, al igual que Sha, se criaron en campos de refugiados antes de mudarse a Am\u00e9rica. Llegaron con conocimientos escasos, o nulos, de ingl\u00e9s. Sus padres sab\u00edan menos a\u00fan. Depende de los ni\u00f1os que los padres se adapten a la nueva cultura, actuando como int\u00e9rpretes, yendo al banco, leyendo el correo. La presi\u00f3n de estar desplazado le resulta muy familiar a estos j\u00f3venes.<\/p>\n<figure class=\"wp-caption\"><img decoding=\"async\" src=\"https:\/\/fru.ifesworld.org\/wp-content\/uploads\/2019\/05\/69ada-1vpztopf2-o1pzvi9iktnaq.jpeg\" data-width=\"1280\" data-height=\"720\" \/><figcaption class=\"wp-caption-text\"> by <a href=\"https:\/\/unsplash.com\/photos\/65bBd4HlzGk?utm_source=unsplash&amp;utm_medium=referral&amp;utm_content=creditCopyText\" target=\"_blank\" rel=\"noopener noreferrer\">Yoshua Giri<\/a> on\u00a0<a href=\"https:\/\/unsplash.com\/?utm_source=unsplash&amp;utm_medium=referral&amp;utm_content=creditCopyText\" target=\"_blank\" rel=\"noopener noreferrer\">Unsplash<\/a><\/figcaption><\/figure>\n<p>El grupo de unos 25\u201330 estudiantes refugiados de UNO han estado estudiando el libro de \u00c9xodo, aprendiendo acerca de la historia del pueblo desplazado de Dios. Viendo la fidelidad de Dios en la Biblia y conociendo sus propias historias de sufrimiento, los estudiantes quieren conocerle a \u00c9l tambi\u00e9n. Algunos de ellos han empezado a alcanzar a otras comunidades de refugiados de su entorno. Un estudiante, Manger, dijo:<\/p>\n<blockquote><p>\u201cMi propia experiencia, como antiguo refugiado y estudiante universitario de primera generaci\u00f3n, me sirve de \u00e1nimo. He experimentado el amor de Dios a lo largo de mi vida, y quiero compartirlo con otros. Quiero ver un avivamiento en mi comunidad: en la iglesia, en mi hogar, y en la escuela.\u201d<\/p><\/blockquote>\n<p>Fue incre\u00edble ver c\u00f3mo una conversaci\u00f3n distendida en un evento comunitario hace unos pocos a\u00f1os se ha convertido en un ministerio estudiantil que no para de crecer. Pero esta historia es alentadora a la par que retadora. \u00bfEstamos orando como Alee para alcanzar a nuevas \u00e1reas de nuestro campus? \u00bfCu\u00e1ntas redes sin alcanzar podr\u00edan ser impactadas este a\u00f1o si m\u00e1s personas adoptasen la mentalidad de <em>soltar, no reclutar<\/em>? \u00bfEstamos buscando compartir la fidelidad de Dios con las personas que nos rodean?<\/p>\n","protected":false},"featured_media":1323,"template":"","area":[710,907,915],"theme":[1241],"class_list":["post-1164","conexion","type-conexion","status-publish","has-post-thumbnail","hentry","area-america-del-norte","area-estados-unidos","area-myanmar-asia-del-sur","theme-ministerio-de-estudiantes-internacionales"],"acf":[],"yoast_head":"<!-- This site is optimized with the Yoast SEO plugin v22.6 - https:\/\/yoast.com\/wordpress\/plugins\/seo\/ -->\n<title>De Myanmar a Nebraska &#183; IFES Conexi\u00f3n Blog<\/title>\n<meta name=\"description\" content=\"Alee conoci\u00f3 a Sha K\u2019 Paw por primera vez el d\u00eda 20 de junio, el d\u00eda Mundial del Refugiado. Era uno de los voluntarios que ayudaban en medio de un caos de\" \/>\n<meta name=\"robots\" content=\"noindex, follow, max-snippet:-1, max-image-preview:large, max-video-preview:-1\" \/>\n<meta property=\"og:locale\" content=\"es_ES\" \/>\n<meta property=\"og:type\" content=\"article\" \/>\n<meta property=\"og:title\" content=\"De Myanmar a Nebraska &#183; IFES Conexi\u00f3n Blog\" \/>\n<meta property=\"og:description\" content=\"Alee conoci\u00f3 a Sha K\u2019 Paw por primera vez el d\u00eda 20 de junio, el d\u00eda Mundial del Refugiado. Era uno de los voluntarios que ayudaban en medio de un caos de\" \/>\n<meta property=\"og:url\" content=\"https:\/\/ifesworld.org\/es\/blog\/de-myanmar-a-nebraska\/\" \/>\n<meta property=\"og:site_name\" content=\"IFES\" \/>\n<meta property=\"article:modified_time\" content=\"2019-07-03T13:25:34+00:00\" \/>\n<meta property=\"og:image\" content=\"https:\/\/ifesworld.org\/wp-content\/uploads\/2019\/05\/5ec81-1gzhzbgixamsrdyldyanznq.jpeg\" \/>\n\t<meta property=\"og:image:width\" content=\"1200\" \/>\n\t<meta property=\"og:image:height\" content=\"675\" \/>\n\t<meta property=\"og:image:type\" content=\"image\/jpeg\" \/>\n<meta name=\"twitter:card\" content=\"summary_large_image\" \/>\n<meta name=\"twitter:label1\" content=\"Tiempo de lectura\" \/>\n\t<meta name=\"twitter:data1\" content=\"6 minutos\" \/>\n<script type=\"application\/ld+json\" class=\"yoast-schema-graph\">{\"@context\":\"https:\/\/schema.org\",\"@graph\":[{\"@type\":\"WebPage\",\"@id\":\"https:\/\/ifesworld.org\/es\/blog\/de-myanmar-a-nebraska\/\",\"url\":\"https:\/\/ifesworld.org\/es\/blog\/de-myanmar-a-nebraska\/\",\"name\":\"De Myanmar a Nebraska &#183; IFES Conexi\u00f3n Blog\",\"isPartOf\":{\"@id\":\"https:\/\/fru.ifesworld.org\/en\/#website\"},\"primaryImageOfPage\":{\"@id\":\"https:\/\/ifesworld.org\/es\/blog\/de-myanmar-a-nebraska\/#primaryimage\"},\"image\":{\"@id\":\"https:\/\/ifesworld.org\/es\/blog\/de-myanmar-a-nebraska\/#primaryimage\"},\"thumbnailUrl\":\"https:\/\/fru.ifesworld.org\/wp-content\/uploads\/2019\/05\/5ec81-1gzhzbgixamsrdyldyanznq.jpeg\",\"datePublished\":\"2019-02-27T09:01:00+00:00\",\"dateModified\":\"2019-07-03T13:25:34+00:00\",\"description\":\"Alee conoci\u00f3 a Sha K\u2019 Paw por primera vez el d\u00eda 20 de junio, el d\u00eda Mundial del Refugiado. Era uno de los voluntarios que ayudaban en medio de un caos de\",\"breadcrumb\":{\"@id\":\"https:\/\/ifesworld.org\/es\/blog\/de-myanmar-a-nebraska\/#breadcrumb\"},\"inLanguage\":\"es\",\"potentialAction\":[{\"@type\":\"ReadAction\",\"target\":[\"https:\/\/ifesworld.org\/es\/blog\/de-myanmar-a-nebraska\/\"]}]},{\"@type\":\"ImageObject\",\"inLanguage\":\"es\",\"@id\":\"https:\/\/ifesworld.org\/es\/blog\/de-myanmar-a-nebraska\/#primaryimage\",\"url\":\"https:\/\/fru.ifesworld.org\/wp-content\/uploads\/2019\/05\/5ec81-1gzhzbgixamsrdyldyanznq.jpeg\",\"contentUrl\":\"https:\/\/fru.ifesworld.org\/wp-content\/uploads\/2019\/05\/5ec81-1gzhzbgixamsrdyldyanznq.jpeg\",\"width\":1200,\"height\":675},{\"@type\":\"BreadcrumbList\",\"@id\":\"https:\/\/ifesworld.org\/es\/blog\/de-myanmar-a-nebraska\/#breadcrumb\",\"itemListElement\":[{\"@type\":\"ListItem\",\"position\":1,\"name\":\"Home\",\"item\":\"https:\/\/ifesworld.org\/es\/\"},{\"@type\":\"ListItem\",\"position\":2,\"name\":\"Conexi\u00f3n\",\"item\":\"https:\/\/ifesworld.org\/es\/blog\/\"},{\"@type\":\"ListItem\",\"position\":3,\"name\":\"De Myanmar a Nebraska\"}]},{\"@type\":\"WebSite\",\"@id\":\"https:\/\/fru.ifesworld.org\/en\/#website\",\"url\":\"https:\/\/fru.ifesworld.org\/en\/\",\"name\":\"IFES\",\"description\":\"A movement of students sharing and living out the good news of Jesus Christ. Locally. Nationally. Globally.\",\"publisher\":{\"@id\":\"https:\/\/fru.ifesworld.org\/en\/#organization\"},\"potentialAction\":[{\"@type\":\"SearchAction\",\"target\":{\"@type\":\"EntryPoint\",\"urlTemplate\":\"https:\/\/fru.ifesworld.org\/en\/?s={search_term_string}\"},\"query-input\":\"required name=search_term_string\"}],\"inLanguage\":\"es\"},{\"@type\":\"Organization\",\"@id\":\"https:\/\/fru.ifesworld.org\/en\/#organization\",\"name\":\"IFES \u00b7 International Fellowship of Evangelical Students\",\"url\":\"https:\/\/fru.ifesworld.org\/en\/\",\"logo\":{\"@type\":\"ImageObject\",\"inLanguage\":\"es\",\"@id\":\"https:\/\/fru.ifesworld.org\/en\/#\/schema\/logo\/image\/\",\"url\":\"https:\/\/fru.ifesworld.org\/wp-content\/uploads\/2019\/06\/ifeslogo.png\",\"contentUrl\":\"https:\/\/fru.ifesworld.org\/wp-content\/uploads\/2019\/06\/ifeslogo.png\",\"width\":262,\"height\":262,\"caption\":\"IFES \u00b7 International Fellowship of Evangelical Students\"},\"image\":{\"@id\":\"https:\/\/fru.ifesworld.org\/en\/#\/schema\/logo\/image\/\"}}]}<\/script>\n<!-- \/ Yoast SEO plugin. -->","yoast_head_json":{"title":"De Myanmar a Nebraska &#183; IFES Conexi\u00f3n Blog","description":"Alee conoci\u00f3 a Sha K\u2019 Paw por primera vez el d\u00eda 20 de junio, el d\u00eda Mundial del Refugiado. Era uno de los voluntarios que ayudaban en medio de un caos de","robots":{"index":"noindex","follow":"follow","max-snippet":"max-snippet:-1","max-image-preview":"max-image-preview:large","max-video-preview":"max-video-preview:-1"},"og_locale":"es_ES","og_type":"article","og_title":"De Myanmar a Nebraska &#183; IFES Conexi\u00f3n Blog","og_description":"Alee conoci\u00f3 a Sha K\u2019 Paw por primera vez el d\u00eda 20 de junio, el d\u00eda Mundial del Refugiado. Era uno de los voluntarios que ayudaban en medio de un caos de","og_url":"https:\/\/ifesworld.org\/es\/blog\/de-myanmar-a-nebraska\/","og_site_name":"IFES","article_modified_time":"2019-07-03T13:25:34+00:00","og_image":[{"width":1200,"height":675,"url":"https:\/\/ifesworld.org\/wp-content\/uploads\/2019\/05\/5ec81-1gzhzbgixamsrdyldyanznq.jpeg","type":"image\/jpeg"}],"twitter_card":"summary_large_image","twitter_misc":{"Tiempo de lectura":"6 minutos"},"schema":{"@context":"https:\/\/schema.org","@graph":[{"@type":"WebPage","@id":"https:\/\/ifesworld.org\/es\/blog\/de-myanmar-a-nebraska\/","url":"https:\/\/ifesworld.org\/es\/blog\/de-myanmar-a-nebraska\/","name":"De Myanmar a Nebraska &#183; IFES Conexi\u00f3n Blog","isPartOf":{"@id":"https:\/\/fru.ifesworld.org\/en\/#website"},"primaryImageOfPage":{"@id":"https:\/\/ifesworld.org\/es\/blog\/de-myanmar-a-nebraska\/#primaryimage"},"image":{"@id":"https:\/\/ifesworld.org\/es\/blog\/de-myanmar-a-nebraska\/#primaryimage"},"thumbnailUrl":"https:\/\/fru.ifesworld.org\/wp-content\/uploads\/2019\/05\/5ec81-1gzhzbgixamsrdyldyanznq.jpeg","datePublished":"2019-02-27T09:01:00+00:00","dateModified":"2019-07-03T13:25:34+00:00","description":"Alee conoci\u00f3 a Sha K\u2019 Paw por primera vez el d\u00eda 20 de junio, el d\u00eda Mundial del Refugiado. Era uno de los voluntarios que ayudaban en medio de un caos de","breadcrumb":{"@id":"https:\/\/ifesworld.org\/es\/blog\/de-myanmar-a-nebraska\/#breadcrumb"},"inLanguage":"es","potentialAction":[{"@type":"ReadAction","target":["https:\/\/ifesworld.org\/es\/blog\/de-myanmar-a-nebraska\/"]}]},{"@type":"ImageObject","inLanguage":"es","@id":"https:\/\/ifesworld.org\/es\/blog\/de-myanmar-a-nebraska\/#primaryimage","url":"https:\/\/fru.ifesworld.org\/wp-content\/uploads\/2019\/05\/5ec81-1gzhzbgixamsrdyldyanznq.jpeg","contentUrl":"https:\/\/fru.ifesworld.org\/wp-content\/uploads\/2019\/05\/5ec81-1gzhzbgixamsrdyldyanznq.jpeg","width":1200,"height":675},{"@type":"BreadcrumbList","@id":"https:\/\/ifesworld.org\/es\/blog\/de-myanmar-a-nebraska\/#breadcrumb","itemListElement":[{"@type":"ListItem","position":1,"name":"Home","item":"https:\/\/ifesworld.org\/es\/"},{"@type":"ListItem","position":2,"name":"Conexi\u00f3n","item":"https:\/\/ifesworld.org\/es\/blog\/"},{"@type":"ListItem","position":3,"name":"De Myanmar a Nebraska"}]},{"@type":"WebSite","@id":"https:\/\/fru.ifesworld.org\/en\/#website","url":"https:\/\/fru.ifesworld.org\/en\/","name":"IFES","description":"A movement of students sharing and living out the good news of Jesus Christ. Locally. Nationally. Globally.","publisher":{"@id":"https:\/\/fru.ifesworld.org\/en\/#organization"},"potentialAction":[{"@type":"SearchAction","target":{"@type":"EntryPoint","urlTemplate":"https:\/\/fru.ifesworld.org\/en\/?s={search_term_string}"},"query-input":"required name=search_term_string"}],"inLanguage":"es"},{"@type":"Organization","@id":"https:\/\/fru.ifesworld.org\/en\/#organization","name":"IFES \u00b7 International Fellowship of Evangelical Students","url":"https:\/\/fru.ifesworld.org\/en\/","logo":{"@type":"ImageObject","inLanguage":"es","@id":"https:\/\/fru.ifesworld.org\/en\/#\/schema\/logo\/image\/","url":"https:\/\/fru.ifesworld.org\/wp-content\/uploads\/2019\/06\/ifeslogo.png","contentUrl":"https:\/\/fru.ifesworld.org\/wp-content\/uploads\/2019\/06\/ifeslogo.png","width":262,"height":262,"caption":"IFES \u00b7 International Fellowship of Evangelical Students"},"image":{"@id":"https:\/\/fru.ifesworld.org\/en\/#\/schema\/logo\/image\/"}}]}},"_links":{"self":[{"href":"https:\/\/fru.ifesworld.org\/es\/wp-json\/wp\/v2\/conexion\/1164"}],"collection":[{"href":"https:\/\/fru.ifesworld.org\/es\/wp-json\/wp\/v2\/conexion"}],"about":[{"href":"https:\/\/fru.ifesworld.org\/es\/wp-json\/wp\/v2\/types\/conexion"}],"wp:featuredmedia":[{"embeddable":true,"href":"https:\/\/fru.ifesworld.org\/es\/wp-json\/wp\/v2\/media\/1323"}],"wp:attachment":[{"href":"https:\/\/fru.ifesworld.org\/es\/wp-json\/wp\/v2\/media?parent=1164"}],"wp:term":[{"taxonomy":"area","embeddable":true,"href":"https:\/\/fru.ifesworld.org\/es\/wp-json\/wp\/v2\/area?post=1164"},{"taxonomy":"theme","embeddable":true,"href":"https:\/\/fru.ifesworld.org\/es\/wp-json\/wp\/v2\/theme?post=1164"}],"curies":[{"name":"wp","href":"https:\/\/api.w.org\/{rel}","templated":true}]}}