{"id":1131,"date":"2018-04-17T10:18:21","date_gmt":"2018-04-17T09:18:21","guid":{"rendered":"https:\/\/fru.ifesworld.org\/conexion\/semanas-de-misiones-universitarias-en-europa-y-eurasia\/"},"modified":"2019-05-20T09:01:11","modified_gmt":"2019-05-20T09:01:11","slug":"semanas-de-misiones-universitarias-en-europa-y-eurasia","status":"publish","type":"conexion","link":"https:\/\/fru.ifesworld.org\/es\/blog\/semanas-de-misiones-universitarias-en-europa-y-eurasia\/","title":{"rendered":"Semanas de misiones universitarias en Europa y Eurasia"},"content":{"rendered":"<h4>Una entrevista con el evangelista Michael\u00a0Ots<\/h4>\n<p>En el 2017 vimos un r\u00e9cord de 190 semanas de misiones en m\u00e1s de 30 pa\u00edses en Europa y Eurasia. A\u00fan m\u00e1s de lo que esperamos para el a\u00f1o 2018. Hablamos con Michael Ots, un ponente de la semana de misiones internacional, para descubrir m\u00e1s acerca de las semanas de misiones y la evangelizaci\u00f3n en la universidad en Europa y Eurasia hoy en d\u00eda.<\/p>\n<h4>\u00bfC\u00f3mo es una semana de misiones?<\/h4>\n<p>Una semana de misiones es una serie de charlas evangelisticas en el campus o cerca de \u00e9l. Est\u00e1 organizada por los estudiantes cristianos locales y normalmente dura entre 3 y 5 d\u00edas. Sin embargo, es m\u00e1s que una serie de charlas, los eventos se suelen celebrar en ubicaciones atractivas y acogedoras con comida y m\u00fasica. Las charlas se complementan con testimonios, m\u00fasica, obras teatrales, poes\u00eda y conversaciones. Tener una serie de charlas y sesiones de preguntas y respuestas implica que la gente puede tener la oportunidad de escuchar el Evangelio varias veces, lo que suele resultar en que algunas personas profesen la fe para finales de la semana. Y muchos se inscriben en un curso de seguimiento.<\/p>\n<h4>\u00bfQu\u00e9 ha estado pasando en Europa en los \u00faltimos\u00a0a\u00f1os?<\/h4>\n<p>Una de las fuentes de \u00e1nimo que he visto en Europa en los \u00faltimos a\u00f1os ha sido un incremento en la confianza en la evangelizaci\u00f3n p\u00fablica y personal. Tanto por medio de las semanas de misiones que se han extendido en los \u00faltimos ocho a\u00f1os por la mayor\u00eda de los movimientos de IFES en Europa (ahora m\u00e1s de 35) como con las traducciones de los estudios b\u00edblicos Uncover, que le han otorgado a la gente la confianza necesaria para abrir la Biblia con sus amigos.<\/p>\n<p>Celebr\u00e9 una semana de misiones hace unas pocas semanas y para el final de la semana hab\u00edamos visto unas 25 personas profesar su fe en Cristo, que es algo incre\u00edble. Pero tambi\u00e9n me anim\u00f3 mucho que para el final de la semana cada uno de los estudiantes universitarios estaba haciendo un estudio b\u00edblico Uncover con al menos un amigo, por lo que el impacto a largo plazo de esta semana ser\u00e1 muy significativo.<\/p>\n<figure class=\"wp-caption\"><img decoding=\"async\" src=\"https:\/\/fru.ifesworld.org\/wp-content\/uploads\/2019\/05\/ebb98-1pjberevjrplbcnfsqt9hgq.jpeg\" data-width=\"1280\" data-height=\"720\" \/><figcaption class=\"wp-caption-text\">moetonline.org<\/figcaption><\/figure>\n<h4>Proclamaci\u00f3n p\u00fablica, grupos peque\u00f1os o evangelizaci\u00f3n 1-a-1: \u00bfqu\u00e9 es\u00a0mejor?<\/h4>\n<p>Si lees los Hechos de los Ap\u00f3stoles ver\u00e1s que los primeros cristianos desarrollan estas tres formas de evangelizaci\u00f3n. Tienes proclamaciones p\u00fablicas\u200a\u2014\u200aPedro en el d\u00eda de Pentecost\u00e9s o Pablo en Atenas. Tienes debates en grupos peque\u00f1os\u200a\u2014\u200aPablo en la escuela de Tiranno o con las mujeres en la orilla del r\u00edo en Filipo. Y tambi\u00e9n tienes evangelizaci\u00f3n 1-a-1: Felipe y el Et\u00edope, Anan\u00edas y Pablo, Pedro y Cornelio. Los primeros cristianos estaban volviendo el mundo al rev\u00e9s por medio de su trabajo personal, los debates en grupo y la proclamaci\u00f3n p\u00fablica. De un modo similar, los movimientos estudiantiles que tienen el mayor impacto son los que hacen las tres cosas juntos. Si se proclama el Evangelio p\u00fablicamente en una semana de misiones, tiene mucho m\u00e1s impacto si se acompa\u00f1a de una buena Evangelizaci\u00f3n 1-a-1 y gente que puede desarrollar un estudio b\u00edblico para buscadores con sus amigos.<\/p>\n<blockquote><p>Con frecuencia digo que la evangelizaci\u00f3n p\u00fablica sin evangelizaci\u00f3n personal carece de profundidad y no tiene mucho impacto. Pero la evangelizaci\u00f3n personal sin la proclamaci\u00f3n p\u00fablica carece de alcance y no llegar\u00e1 a tanta\u00a0gente.<\/p><\/blockquote>\n<h4><strong>\u00bfQu\u00e9 cambios has visto en\u00a0Europa?<\/strong><\/h4>\n<p>He estado en misiones durante 14 a\u00f1os ya, y he visto cambios graduales en ese per\u00edodo. Una de las cosas que estoy viendo especialmente en Europa occidental es que estamos pasando desde una cultura post-cristiana a lo que se va a convertir en una cultura no cristiana. No es tanto que la gente tenga una experiencia con el cristianismo y que la haya rechazado, sino que los estudiantes no tienen experiencia alguna con el cristianismo; realmente no han escuchado nada acerca de la Biblia y no la han le\u00eddo por ellos mismos tampoco. Obviamente, esto presenta un reto pero tambi\u00e9n trae consigo oportunidades.<\/p>\n<figure class=\"wp-caption\"><img decoding=\"async\" src=\"https:\/\/fru.ifesworld.org\/wp-content\/uploads\/2019\/05\/e8ddb-1cgu3czkmtyybl38xyit67a.jpeg\" data-width=\"1280\" data-height=\"720\" \/><figcaption class=\"wp-caption-text\">moetonline.org<\/figcaption><\/figure>\n<h4>\u00bfSe est\u00e1 complicando m\u00e1s compartir el Evangelio?<\/h4>\n<p>Vemos que los medios de comunicaci\u00f3n y el sistema son cada vez m\u00e1s hostiles con el cristianismo. Pero ir\u00f3nicamente, esto crea una apertura mayor en la sociedad en general y, especialmente, entre los estudiantes. La mayor\u00eda de los estudiantes no quieren ir con la corriente, no quieren parecer que apoyan al sistema. Y, como tales, los cristianos no siguen la corriente. Los no-cristianos est\u00e1n intrigados por ello, quieren saber por qu\u00e9 los cristianos van tan a contra-corriente. Por lo que hay una mayor disposici\u00f3n para venir y escuchar lo que tenemos que decir.<\/p>\n<p>Creo que se hace m\u00e1s dif\u00edcil venir a la universidad a evangelizar, pero creo que vamos a ver un mayor inter\u00e9s. Igual vamos a una situaci\u00f3n similar al primer siglo, cuando la fe cristiana se opon\u00eda al sistema pero creci\u00f3 r\u00e1pidamente en las bases.<\/p>\n<blockquote><p>El Evangelio funcion\u00f3 bien en el primer siglo y creo que podemos hacerlo muy bien tambi\u00e9n en el siglo\u00a0XXI.<\/p><\/blockquote>\n<h4>\u00bfQu\u00e9 historias te han animado recientemente?<\/h4>\n<p>Hace poco estaba hablando en una semana de misiones. El pen\u00faltimo d\u00eda hab\u00eda dado una charla a la hora de comer y despu\u00e9s habl\u00e9 con una estudiante internacional que ten\u00eda una serie de objeciones y de preguntas. Entonces vino a la charla de la noche acerca del significado del perd\u00f3n y de la cruz. Al final de la reuni\u00f3n vino a m\u00ed corriendo con una gran sonrisa en la cara y me dijo:<\/p>\n<blockquote><p>\u201c\u00a1Ya lo entiendo! \u00a1Lo entiendo! \u00a1Entiendo por qu\u00e9 muri\u00f3 Jes\u00fas! Seg\u00fan hablabas esta noche era como si dejaras de hablar y Dios empezara a hablar, y ahora lo entiendo.\u201d<\/p><\/blockquote>\n<p>Ahora esta estudiante que hab\u00eda estado acudiendo a eventos cristianos de vez en cuando durante tres a\u00f1os con sus amigos. Pero esta serie de eventos y esa \u00faltima charla realmente consigui\u00f3 dar el toque final. Fue el resultado de invertir en ella durante tres a\u00f1os.<\/p>\n<p>Fue a charlar a la primera semana de misiones de un movimiento el a\u00f1o pasado y volv\u00ed de nuevo este a\u00f1o para su segunda semana de misiones. El a\u00f1o pasado, un estudiante que era muy reticente con el Evangelio se resist\u00eda y se burlaba de lo que dec\u00eda cuando hablaba sobre la resurrecci\u00f3n de Cristo. Sin embargo, para mi sorpresa hab\u00eda ido a un curso de seguimiento y volvi\u00f3 para los eventos de la semana de misiones ese a\u00f1o. En la \u00faltima noche, habl\u00e9 con \u00e9l y le pregunt\u00e9 qu\u00e9 le hab\u00eda parecido la semana. <em>\u201c\u00a1He decidido invitar a Jes\u00fas a mi vida! S\u00e9 que le necesito. \u00a1Por favor, vuelve el a\u00f1o que viene para que puedas ver la diferencia que ha hecho en mi vida!\u201d<\/em><\/p>\n<figure class=\"wp-caption\"><img decoding=\"async\" src=\"https:\/\/fru.ifesworld.org\/wp-content\/uploads\/2019\/05\/628ee-12zeqpccysouoeobiijswya.jpeg\" data-width=\"1280\" data-height=\"720\" \/><figcaption class=\"wp-caption-text\">moetonline.org<\/figcaption><\/figure>\n<h4>\u00bfQu\u00e9 ha estado pasando en algunos lugares en los que es m\u00e1s dif\u00edcil compartir el Evangelio?<\/h4>\n<p>Estaba en el este de Europa hace poco en un pa\u00eds en el que realmente es dif\u00edcil evangelizar, legalmente no est\u00e1 permitido celebrar eventos evangel\u00edsticos, \u00a1pero eso no parece detenerles! Ocurrieron una serie de misiones en distintas ciudades del pa\u00eds. Reservaron distintas ubicaciones, predicando en una pizzer\u00eda en medio de la ciudad y en un centro de arte en los suburbios, donde pudieran cerrarlo. Fueron entre 100 y 150 personas a cada evento, varias personas respondieron al Evangelio. Un d\u00eda realmente destac\u00f3. Al final de la velada, una chica se me acerc\u00f3, obviamente conmovida por lo que hab\u00eda escuchado. Mediante la traducci\u00f3n me explico que hab\u00eda venido a la hora de comer tras recibir un folleto. Me dijo:<\/p>\n<blockquote><p>\u2018Realmente no sab\u00eda qu\u00e9 esperar, solo vine por la comida, pero estaba tan interesada por lo que escuch\u00e9 que volv\u00ed esta noche. Crec\u00ed en la Iglesia Ortodoxa y siempre he experimentado el miedo. Pero esta noche sent\u00ed y experiment\u00e9 la libertad que puede traer Jes\u00fas. Hoy va a ser el d\u00eda que me cambiar\u00e1 la vida.\u2019<\/p><\/blockquote>\n<p>Tuvimos el gozo de orar juntos cuando empez\u00f3 a confiar en Cristo. Entonces le presentamos a los cristianos que se hab\u00edan hecho amigos suyos y le hab\u00edan atra\u00eddo para que fuera al grupo estudiantil local. Fue incre\u00edble ver c\u00f3mo alguien que recibi\u00f3 un folleto por la ma\u00f1ana vino a escuchar dos charlas, y conoci\u00f3 a Cristo de una forma dram\u00e1tica. Y estamos viendo que estas cosas ocurren con cierta frecuencia en Europa en distintos contextos. \u00a1Realmente ocurre! \u00a1Funciona de verdad! Dios es capaz de hacer m\u00e1s de lo que podemos pedir e imaginar.<\/p>\n<figure class=\"wp-caption\"><img decoding=\"async\" src=\"https:\/\/fru.ifesworld.org\/wp-content\/uploads\/2019\/05\/15d14-1gdwsczdnb0ppwqkw9xfreq.jpeg\" data-width=\"1280\" data-height=\"720\" \/><figcaption class=\"wp-caption-text\">moetonline.org<\/figcaption><\/figure>\n<h4>\u00bfPuedes compartir algo m\u00e1s de lo que est\u00e1 ocurriendo m\u00e1s all\u00e1 de Europa, en\u00a0Eurasia?<\/h4>\n<p>Hace cuatro a\u00f1os me invitaron a ir a Kiev para celebrar una semana de misiones ah\u00ed. Lo hicimos y fue muy bien. Fuimos al a\u00f1o siguiente y celebramos otra semana, y fue a\u00fan mejor. Ucrania ahora ha empezado a celebrar semanas de misiones en casi todas las ciudades universitarias en todo el pa\u00eds. Tambi\u00e9n tiene un peque\u00f1o grupo de evangelistas estudiantiles que se est\u00e1n formando por uno de sus obreros en una proclamaci\u00f3n p\u00fablica. Lo que est\u00e1 ocurriendo en Ucrania nos anima, pero lo que realmente nos alienta es que lo que est\u00e1 ocurriendo en Ucrania tambi\u00e9n ha empezado a exportarse a otros lugares.<\/p>\n<p>Hay equipos de Ucrania que est\u00e1n yendo a otros pa\u00edses, como Letonia y Moldavia, ayudando a que se establezcan las semanas de misiones ah\u00ed tambi\u00e9n. Ahora es una misi\u00f3n de todas partes y a todas partes. \u00a1Esto anima mucho! El crecimiento es muy org\u00e1nico. Tan solo se trata de compartir ideas, d\u00e1ndole a la gente una oportunidad de dar testimonio por s\u00ed mismos y equiparles para ir e intentarlo en su propio contexto. Esto ocurre m\u00e1s de lo que hemos imaginado jam\u00e1s.<\/p>\n<p>Michael Ots es un Miembro Asociado del Equipo Regional de IFES. Trabaja con FEUER (Comunidad de Evangelistas en las Universidades Europeas), una red de hombres y mujeres comprometidos con ver c\u00f3mo el Evangelio se proclama p\u00fablicamente en las universidades de Europa.<\/p>\n<h4>Descubre m\u00e1s:<\/h4>\n<p><a href=\"https:\/\/feuerreports.wordpress.com\/\" target=\"_blank\" rel=\"noopener noreferrer\">https:\/\/feuerreports.wordpress.com\/<\/a><\/p>\n<p>Descubre m\u00e1s recursos en moetonline.org, donde encontrar\u00e1s tambi\u00e9n esta <a href=\"http:\/\/moetonline.org\/resources\/guia-para-organizar-jornadas-evangelisticas-the-mission-week-planning-guide-in-spanish\/\" target=\"_blank\" rel=\"noopener noreferrer\">GU\u00cdA PARA ORGANIZAR JORNADAS EVANGEL\u00cdSTICAS<\/a>.<\/p>\n<figure><\/figure>\n","protected":false},"featured_media":1235,"template":"","area":[],"theme":[],"class_list":["post-1131","conexion","type-conexion","status-publish","has-post-thumbnail","hentry"],"acf":[],"yoast_head":"<!-- This site is optimized with the Yoast SEO plugin v22.6 - https:\/\/yoast.com\/wordpress\/plugins\/seo\/ -->\n<title>Semanas de misiones universitarias en Europa y Eurasia &#183; IFES Conexi\u00f3n Blog<\/title>\n<meta name=\"description\" content=\"Una entrevista con el evangelista Michael\u00a0Ots En el 2017 vimos un r\u00e9cord de 190 semanas de misiones en m\u00e1s de 30 pa\u00edses en Europa y Eurasia. A\u00fan m\u00e1s de lo\" \/>\n<meta name=\"robots\" content=\"noindex, follow, max-snippet:-1, max-image-preview:large, max-video-preview:-1\" \/>\n<meta property=\"og:locale\" content=\"es_ES\" \/>\n<meta property=\"og:type\" content=\"article\" \/>\n<meta property=\"og:title\" content=\"Semanas de misiones universitarias en Europa y Eurasia &#183; IFES Conexi\u00f3n Blog\" \/>\n<meta property=\"og:description\" content=\"Una entrevista con el evangelista Michael\u00a0Ots En el 2017 vimos un r\u00e9cord de 190 semanas de misiones en m\u00e1s de 30 pa\u00edses en Europa y Eurasia. A\u00fan m\u00e1s de lo\" \/>\n<meta property=\"og:url\" content=\"https:\/\/ifesworld.org\/es\/blog\/semanas-de-misiones-universitarias-en-europa-y-eurasia\/\" \/>\n<meta property=\"og:site_name\" content=\"IFES\" \/>\n<meta property=\"article:modified_time\" content=\"2019-05-20T09:01:11+00:00\" \/>\n<meta property=\"og:image\" content=\"https:\/\/ifesworld.org\/wp-content\/uploads\/2019\/05\/41d2f-150l13wso6wy8fgj9xpzgdq.jpeg\" \/>\n\t<meta property=\"og:image:width\" content=\"1200\" \/>\n\t<meta property=\"og:image:height\" content=\"675\" \/>\n\t<meta property=\"og:image:type\" content=\"image\/jpeg\" \/>\n<meta name=\"twitter:card\" content=\"summary_large_image\" \/>\n<meta name=\"twitter:label1\" content=\"Tiempo de lectura\" \/>\n\t<meta name=\"twitter:data1\" content=\"9 minutos\" \/>\n<script type=\"application\/ld+json\" class=\"yoast-schema-graph\">{\"@context\":\"https:\/\/schema.org\",\"@graph\":[{\"@type\":\"WebPage\",\"@id\":\"https:\/\/ifesworld.org\/es\/blog\/semanas-de-misiones-universitarias-en-europa-y-eurasia\/\",\"url\":\"https:\/\/ifesworld.org\/es\/blog\/semanas-de-misiones-universitarias-en-europa-y-eurasia\/\",\"name\":\"Semanas de misiones universitarias en Europa y Eurasia &#183; IFES Conexi\u00f3n Blog\",\"isPartOf\":{\"@id\":\"https:\/\/fru.ifesworld.org\/en\/#website\"},\"primaryImageOfPage\":{\"@id\":\"https:\/\/ifesworld.org\/es\/blog\/semanas-de-misiones-universitarias-en-europa-y-eurasia\/#primaryimage\"},\"image\":{\"@id\":\"https:\/\/ifesworld.org\/es\/blog\/semanas-de-misiones-universitarias-en-europa-y-eurasia\/#primaryimage\"},\"thumbnailUrl\":\"https:\/\/fru.ifesworld.org\/wp-content\/uploads\/2019\/05\/41d2f-150l13wso6wy8fgj9xpzgdq.jpeg\",\"datePublished\":\"2018-04-17T09:18:21+00:00\",\"dateModified\":\"2019-05-20T09:01:11+00:00\",\"description\":\"Una entrevista con el evangelista Michael\u00a0Ots En el 2017 vimos un r\u00e9cord de 190 semanas de misiones en m\u00e1s de 30 pa\u00edses en Europa y Eurasia. A\u00fan m\u00e1s de lo\",\"breadcrumb\":{\"@id\":\"https:\/\/ifesworld.org\/es\/blog\/semanas-de-misiones-universitarias-en-europa-y-eurasia\/#breadcrumb\"},\"inLanguage\":\"es\",\"potentialAction\":[{\"@type\":\"ReadAction\",\"target\":[\"https:\/\/ifesworld.org\/es\/blog\/semanas-de-misiones-universitarias-en-europa-y-eurasia\/\"]}]},{\"@type\":\"ImageObject\",\"inLanguage\":\"es\",\"@id\":\"https:\/\/ifesworld.org\/es\/blog\/semanas-de-misiones-universitarias-en-europa-y-eurasia\/#primaryimage\",\"url\":\"https:\/\/fru.ifesworld.org\/wp-content\/uploads\/2019\/05\/41d2f-150l13wso6wy8fgj9xpzgdq.jpeg\",\"contentUrl\":\"https:\/\/fru.ifesworld.org\/wp-content\/uploads\/2019\/05\/41d2f-150l13wso6wy8fgj9xpzgdq.jpeg\",\"width\":1200,\"height\":675},{\"@type\":\"BreadcrumbList\",\"@id\":\"https:\/\/ifesworld.org\/es\/blog\/semanas-de-misiones-universitarias-en-europa-y-eurasia\/#breadcrumb\",\"itemListElement\":[{\"@type\":\"ListItem\",\"position\":1,\"name\":\"Home\",\"item\":\"https:\/\/ifesworld.org\/es\/\"},{\"@type\":\"ListItem\",\"position\":2,\"name\":\"Conexi\u00f3n\",\"item\":\"https:\/\/ifesworld.org\/es\/blog\/\"},{\"@type\":\"ListItem\",\"position\":3,\"name\":\"Semanas de misiones universitarias en Europa y Eurasia\"}]},{\"@type\":\"WebSite\",\"@id\":\"https:\/\/fru.ifesworld.org\/en\/#website\",\"url\":\"https:\/\/fru.ifesworld.org\/en\/\",\"name\":\"IFES\",\"description\":\"A movement of students sharing and living out the good news of Jesus Christ. Locally. Nationally. Globally.\",\"publisher\":{\"@id\":\"https:\/\/fru.ifesworld.org\/en\/#organization\"},\"potentialAction\":[{\"@type\":\"SearchAction\",\"target\":{\"@type\":\"EntryPoint\",\"urlTemplate\":\"https:\/\/fru.ifesworld.org\/en\/?s={search_term_string}\"},\"query-input\":\"required name=search_term_string\"}],\"inLanguage\":\"es\"},{\"@type\":\"Organization\",\"@id\":\"https:\/\/fru.ifesworld.org\/en\/#organization\",\"name\":\"IFES \u00b7 International Fellowship of Evangelical Students\",\"url\":\"https:\/\/fru.ifesworld.org\/en\/\",\"logo\":{\"@type\":\"ImageObject\",\"inLanguage\":\"es\",\"@id\":\"https:\/\/fru.ifesworld.org\/en\/#\/schema\/logo\/image\/\",\"url\":\"https:\/\/fru.ifesworld.org\/wp-content\/uploads\/2019\/06\/ifeslogo.png\",\"contentUrl\":\"https:\/\/fru.ifesworld.org\/wp-content\/uploads\/2019\/06\/ifeslogo.png\",\"width\":262,\"height\":262,\"caption\":\"IFES \u00b7 International Fellowship of Evangelical Students\"},\"image\":{\"@id\":\"https:\/\/fru.ifesworld.org\/en\/#\/schema\/logo\/image\/\"}}]}<\/script>\n<!-- \/ Yoast SEO plugin. -->","yoast_head_json":{"title":"Semanas de misiones universitarias en Europa y Eurasia &#183; IFES Conexi\u00f3n Blog","description":"Una entrevista con el evangelista Michael\u00a0Ots En el 2017 vimos un r\u00e9cord de 190 semanas de misiones en m\u00e1s de 30 pa\u00edses en Europa y Eurasia. A\u00fan m\u00e1s de lo","robots":{"index":"noindex","follow":"follow","max-snippet":"max-snippet:-1","max-image-preview":"max-image-preview:large","max-video-preview":"max-video-preview:-1"},"og_locale":"es_ES","og_type":"article","og_title":"Semanas de misiones universitarias en Europa y Eurasia &#183; IFES Conexi\u00f3n Blog","og_description":"Una entrevista con el evangelista Michael\u00a0Ots En el 2017 vimos un r\u00e9cord de 190 semanas de misiones en m\u00e1s de 30 pa\u00edses en Europa y Eurasia. A\u00fan m\u00e1s de lo","og_url":"https:\/\/ifesworld.org\/es\/blog\/semanas-de-misiones-universitarias-en-europa-y-eurasia\/","og_site_name":"IFES","article_modified_time":"2019-05-20T09:01:11+00:00","og_image":[{"width":1200,"height":675,"url":"https:\/\/ifesworld.org\/wp-content\/uploads\/2019\/05\/41d2f-150l13wso6wy8fgj9xpzgdq.jpeg","type":"image\/jpeg"}],"twitter_card":"summary_large_image","twitter_misc":{"Tiempo de lectura":"9 minutos"},"schema":{"@context":"https:\/\/schema.org","@graph":[{"@type":"WebPage","@id":"https:\/\/ifesworld.org\/es\/blog\/semanas-de-misiones-universitarias-en-europa-y-eurasia\/","url":"https:\/\/ifesworld.org\/es\/blog\/semanas-de-misiones-universitarias-en-europa-y-eurasia\/","name":"Semanas de misiones universitarias en Europa y Eurasia &#183; IFES Conexi\u00f3n Blog","isPartOf":{"@id":"https:\/\/fru.ifesworld.org\/en\/#website"},"primaryImageOfPage":{"@id":"https:\/\/ifesworld.org\/es\/blog\/semanas-de-misiones-universitarias-en-europa-y-eurasia\/#primaryimage"},"image":{"@id":"https:\/\/ifesworld.org\/es\/blog\/semanas-de-misiones-universitarias-en-europa-y-eurasia\/#primaryimage"},"thumbnailUrl":"https:\/\/fru.ifesworld.org\/wp-content\/uploads\/2019\/05\/41d2f-150l13wso6wy8fgj9xpzgdq.jpeg","datePublished":"2018-04-17T09:18:21+00:00","dateModified":"2019-05-20T09:01:11+00:00","description":"Una entrevista con el evangelista Michael\u00a0Ots En el 2017 vimos un r\u00e9cord de 190 semanas de misiones en m\u00e1s de 30 pa\u00edses en Europa y Eurasia. A\u00fan m\u00e1s de lo","breadcrumb":{"@id":"https:\/\/ifesworld.org\/es\/blog\/semanas-de-misiones-universitarias-en-europa-y-eurasia\/#breadcrumb"},"inLanguage":"es","potentialAction":[{"@type":"ReadAction","target":["https:\/\/ifesworld.org\/es\/blog\/semanas-de-misiones-universitarias-en-europa-y-eurasia\/"]}]},{"@type":"ImageObject","inLanguage":"es","@id":"https:\/\/ifesworld.org\/es\/blog\/semanas-de-misiones-universitarias-en-europa-y-eurasia\/#primaryimage","url":"https:\/\/fru.ifesworld.org\/wp-content\/uploads\/2019\/05\/41d2f-150l13wso6wy8fgj9xpzgdq.jpeg","contentUrl":"https:\/\/fru.ifesworld.org\/wp-content\/uploads\/2019\/05\/41d2f-150l13wso6wy8fgj9xpzgdq.jpeg","width":1200,"height":675},{"@type":"BreadcrumbList","@id":"https:\/\/ifesworld.org\/es\/blog\/semanas-de-misiones-universitarias-en-europa-y-eurasia\/#breadcrumb","itemListElement":[{"@type":"ListItem","position":1,"name":"Home","item":"https:\/\/ifesworld.org\/es\/"},{"@type":"ListItem","position":2,"name":"Conexi\u00f3n","item":"https:\/\/ifesworld.org\/es\/blog\/"},{"@type":"ListItem","position":3,"name":"Semanas de misiones universitarias en Europa y Eurasia"}]},{"@type":"WebSite","@id":"https:\/\/fru.ifesworld.org\/en\/#website","url":"https:\/\/fru.ifesworld.org\/en\/","name":"IFES","description":"A movement of students sharing and living out the good news of Jesus Christ. Locally. Nationally. Globally.","publisher":{"@id":"https:\/\/fru.ifesworld.org\/en\/#organization"},"potentialAction":[{"@type":"SearchAction","target":{"@type":"EntryPoint","urlTemplate":"https:\/\/fru.ifesworld.org\/en\/?s={search_term_string}"},"query-input":"required name=search_term_string"}],"inLanguage":"es"},{"@type":"Organization","@id":"https:\/\/fru.ifesworld.org\/en\/#organization","name":"IFES \u00b7 International Fellowship of Evangelical Students","url":"https:\/\/fru.ifesworld.org\/en\/","logo":{"@type":"ImageObject","inLanguage":"es","@id":"https:\/\/fru.ifesworld.org\/en\/#\/schema\/logo\/image\/","url":"https:\/\/fru.ifesworld.org\/wp-content\/uploads\/2019\/06\/ifeslogo.png","contentUrl":"https:\/\/fru.ifesworld.org\/wp-content\/uploads\/2019\/06\/ifeslogo.png","width":262,"height":262,"caption":"IFES \u00b7 International Fellowship of Evangelical Students"},"image":{"@id":"https:\/\/fru.ifesworld.org\/en\/#\/schema\/logo\/image\/"}}]}},"_links":{"self":[{"href":"https:\/\/fru.ifesworld.org\/es\/wp-json\/wp\/v2\/conexion\/1131"}],"collection":[{"href":"https:\/\/fru.ifesworld.org\/es\/wp-json\/wp\/v2\/conexion"}],"about":[{"href":"https:\/\/fru.ifesworld.org\/es\/wp-json\/wp\/v2\/types\/conexion"}],"wp:featuredmedia":[{"embeddable":true,"href":"https:\/\/fru.ifesworld.org\/es\/wp-json\/wp\/v2\/media\/1235"}],"wp:attachment":[{"href":"https:\/\/fru.ifesworld.org\/es\/wp-json\/wp\/v2\/media?parent=1131"}],"wp:term":[{"taxonomy":"area","embeddable":true,"href":"https:\/\/fru.ifesworld.org\/es\/wp-json\/wp\/v2\/area?post=1131"},{"taxonomy":"theme","embeddable":true,"href":"https:\/\/fru.ifesworld.org\/es\/wp-json\/wp\/v2\/theme?post=1131"}],"curies":[{"name":"wp","href":"https:\/\/api.w.org\/{rel}","templated":true}]}}