{"id":1128,"date":"2018-03-19T16:50:46","date_gmt":"2018-03-19T16:50:46","guid":{"rendered":"https:\/\/fru.ifesworld.org\/conexion\/un-llamamiento-para-cuidar-de-la-creacion-de-dios\/"},"modified":"2019-05-20T08:57:03","modified_gmt":"2019-05-20T08:57:03","slug":"un-llamamiento-para-cuidar-de-la-creacion-de-dios","status":"publish","type":"conexion","link":"https:\/\/fru.ifesworld.org\/es\/blog\/un-llamamiento-para-cuidar-de-la-creacion-de-dios\/","title":{"rendered":"Un llamamiento para cuidar de la creaci\u00f3n de Dios"},"content":{"rendered":"<h4>C\u00f3mo viven el Evangelio los estudiantes de Am\u00e9rica\u00a0Latina<\/h4>\n<p>Isabella cerr\u00f3 la puerta de la entrada y mir\u00f3 al cielo. Niebla. No est\u00e1 tan azul como antes, reflexion\u00f3. Hab\u00eda andado este camino todos los d\u00edas, desde que ten\u00eda recuerdo. Cruzando el parque, pasando la fila de comercios, y bajando la colina por delante de la iglesia de la esquina. El autob\u00fas de la universidad paraba ah\u00ed, justo en frente de su antigua escuela.<\/p>\n<p>A\u00fan le encantaba este barrio. Pero las cosas hab\u00edan cambiado. Botellas de pl\u00e1stico y cristales rotos cubr\u00edan el pavimento. No hab\u00eda llovido durante meses y el parque ya no estaba tan verde como en sus recuerdos. Isabella no quer\u00eda dejar de albergar esperanza de que algo cambiase. Pero, seg\u00fan pasaban los meses, parec\u00eda menos y menos probable. \u00bfQu\u00e9, o m\u00e1s bien qui\u00e9n, podr\u00eda transformar todo esto?<\/p>\n<h4>La crisis medioambiental<\/h4>\n<p>Los estudiantes de Am\u00e9rica Latina no pueden ignorar la crisis medioambiental. Est\u00e1 a sus puertas. Literalmente. En otras partes del mundo, el impacto del consumismo y de la falta de cuidado del medioambiente queda lejos. Fuera de nuestra vista, fuera de nuestra conciencia. Pero en Am\u00e9rica Latina es la realidad diaria y visible. Jessica, obrera de ABUB Brasil, nos ha dicho m\u00e1s:<\/p>\n<blockquote><p>\u201cEn algunos pa\u00edses se exportan los residuos. Pero, en el nuestro est\u00e1 m\u00e1s cerca de nuestra realidad. No hay muchas ciudades que tengan buenos proyectos de reciclaje. Vemos estas \u201cmonta\u00f1as de basura\u201d en los vertederos junto a las autopistas que llevan a la playa, y esperamos que la playa no est\u00e9 m\u00e1s sucia que el a\u00f1o anterior. Pero suele estarlo. Vemos el impacto diario de una inversi\u00f3n medioambiental pobre y del alto nivel de consumismo.\u201d<\/p><\/blockquote>\n<p>Los problemas y sus causas son complejas, incluyendo el espectro completo de la sociedad: desde los desperdicios hasta la dejadez de la comunidad; desde las pol\u00edticas p\u00fablicas hasta la explotaci\u00f3n internacional. Las consecuencias para Am\u00e9rica Latina son m\u00faltiples y serias: sequ\u00eda, inundaciones, problemas de saneamiento. Los estudiantes y sus familias afrontan esta realidad a diario.<\/p>\n<figure><img decoding=\"async\" src=\"https:\/\/fru.ifesworld.org\/wp-content\/uploads\/2019\/05\/e00d4-1l-ui9ajvw43aj2-jj4uzxq.jpeg\" data-width=\"1280\" data-height=\"720\" \/><\/figure>\n<h3>Por qu\u00e9 cuidamos del medio\u00a0ambiente<\/h3>\n<p>Hablamos con los obreros y los estudiantes de Am\u00e9rica Latina para los que es un gran problema y respondieron al tema de una forma que mostrar\u00eda y compartir\u00eda el Evangelio de Jes\u00fas. Aqu\u00ed siguen tres pensamientos y retos para cuidar del medio ambiente:<\/p>\n<h4><strong>1. Administraci\u00f3n<\/strong><\/h4>\n<p>En primer lugar, el libro del G\u00e9nesis nos dice que este mundo es de Dios. \u00c9l es el Creador y ama a su creaci\u00f3n. Es preciosa, maravillosa y compleja hasta un nivel de detalle que no podemos comprender siquiera. Dios le da a la humanidad el mandato de cuidar de este mundo como administradores. Este es nuestro privilegio y nuestra responsabilidad. No podemos tratar el mundo de Dios como queremos, sin referirnos a \u00c9l ni a los dem\u00e1s. Las palabras que encontramos en G\u00e9nesis 1, \u2018som\u00e9tanla\u2019 y \u2018dominen\u2019 no son excusas para la opresi\u00f3n, la explotaci\u00f3n y la avaricia. M\u00e1s bien al contrario, una actitud llena de generosidad y cuidado deber\u00eda caracterizar a los administradores de Dios.<\/p>\n<p><em>\u00bfQu\u00e9 dice nuestra administraci\u00f3n de la creaci\u00f3n acerca de nuestra comprensi\u00f3n de Dios?<\/em><\/p>\n<h4><strong>2. Amar a nuestro\u00a0pr\u00f3jimo<\/strong><\/h4>\n<p>En segundo lugar, nuestras acciones contra el medio ambiente no solo afectan al mundo que Dios ha hecho, sino a la gente que \u00c9l tambi\u00e9n ha creado. Los problemas globales de desigualdad social e injusticia implican que los pobres suelen sufrir el mayor impacto. Para el resto de nosotros, resulta m\u00e1s c\u00f3modo tomar la posici\u00f3n de \u201cojos que no ven, coraz\u00f3n que no siente\u201d ante los problemas que traen consigo la gesti\u00f3n de residuos, la contaminaci\u00f3n a\u00e9rea o el consumo de pl\u00e1sticos. Pero, las peque\u00f1as decisiones que tomamos a diario no son insignificantes para las personas que viven en el otro lado del mundo.<\/p>\n<p><em>Nuestras decisiones revelan nuestras actitudes hacia estas personas y hacia las generaciones futuras. \u00bfEstamos am\u00e1ndoles como nos ordena Jes\u00fas?<\/em><\/p>\n<h4><strong>3. Conversaciones del Evangelio<\/strong><\/h4>\n<p>En tercer lugar, cuidar del medio ambiente tiende puentes por los que se puede compartir el Evangelio. Puede allanar el camino para las conversaciones acerca de las Buenas Nuevas. Hasta las cosas m\u00e1s peque\u00f1as como recoger basura, o llevar un vaso reutilizable al Starbucks pueden ser apreciadas y las personas que te vean tendr\u00e1n curiosidad y querr\u00e1n saber por qu\u00e9. Es una forma f\u00e1cil de hablar del Dios Creador que ama a su creaci\u00f3n.<\/p>\n<p>Estos peque\u00f1os gestos pueden parecer triviales en algunos contextos, pero cuando el descuido de la creaci\u00f3n es tan evidente y los efectos son tan tangibles, tomar peque\u00f1os pasos para hacer las cosas de otra forma dice mucho acerca de qu\u00e9 nos importa. Esta fue la experiencia de los estudiantes cristianos en Brasil que empezaron a usar vasos reutilizables en lugar de los de pl\u00e1stico:<\/p>\n<blockquote><p>\u201cMuchos estudiantes han tenido la oportunidad de impactar a sus universidades cuando otros estudiantes han visto su comportamiento y han comentado, \u2018Pensaba que a los cristianos no les importaba esto\u2019. Esto abre la puerta a conversaciones acerca de la transformaci\u00f3n que trae el Evangelio.\u201d<\/p><\/blockquote>\n<p><em>\u00bfC\u00f3mo atraemos la atenci\u00f3n de la gente a nuestro alrededor mediante el cuidado del medio ambiente? \u00bfEstamos preparados para explicar nuestra motivaci\u00f3n?<\/em><\/p>\n<h3>Cuidado de la creaci\u00f3n en el\u00a0campus<\/h3>\n<p>Los estudiantes de toda Am\u00e9rica Latina quieren ver que sus campus son transformados por el Evangelio, a nivel espiritual y medioambiental. Aunque su capacidad de influir en decisiones puede estar limitado al nivel nacional y universitario, pueden compartir el Evangelio y pueden animar a otros en el campus a cuidar de la creaci\u00f3n. Muchos estudiantes ven estas cosas como inseparables.<\/p>\n<p>En los \u00faltimos meses, varios movimientos nacionales de Am\u00e9rica Latina han recibido apoyo de las <a href=\"https:\/\/fru.ifesworld.org\/inv8\" target=\"_blank\" rel=\"noopener noreferrer\">becas de IFES Innovaci\u00f3n<\/a> para dirigir proyectos de evangelizaci\u00f3n-medioambiental en el campus. Buscan marcar una diferencia pr\u00e1ctica en el medio ambiente mientras usan sus acciones como una forma de compartir el Evangelio.<\/p>\n<figure><img decoding=\"async\" src=\"https:\/\/fru.ifesworld.org\/wp-content\/uploads\/2019\/05\/763aa-1jrxdungpkd8aof-roy-j5w.jpeg\" data-width=\"1328\" data-height=\"747\" \/><\/figure>\n<h4><strong>Nicaragua<\/strong><\/h4>\n<p>Los estudiantes de CECNIC Nicaragua dirigieron un proyecto el a\u00f1o pasado llamado \u2018God\u2019s Green Action\u2019 (La Acci\u00f3n Verde de Dios). Tras cuatro meses de formaci\u00f3n, 20 l\u00edderes fueron a servir a una comunidad rural en las afueras de Managua. Uni\u00e9ndose a la iglesia local, celebraron un culto, repartieron copias del Evangelio de Juan y plantaron \u00e1rboles. Despu\u00e9s celebraron una \u2018feria eco-teol\u00f3gica\u2019 en sus campus, d\u00e1ndoles a los estudiantes la oportunidad de escuchar el Evangelio y pensar en los problemas medioambientales desde una perspectiva b\u00edblica.<\/p>\n<p><a href=\"https:\/\/www.instagram.com\/p\/BTIqmY7h8Lk\/?taken-by=cecnic_ifes\">https:\/\/www.instagram.com\/p\/BTIqmY7h8Lk\/?taken-by=cecnic_ifes<\/a><\/p>\n<h4><strong>Panam\u00e1<\/strong><\/h4>\n<p>Los estudiantes de CEC Panam\u00e1 est\u00e1n dirigiendo un proyecto este semestre llamado \u2018Pisadas\u2019. El proyecto consiste de talleres donde los estudiantes ver\u00e1n lo que la Biblia dice acerca del cuidado del medio ambiente, y c\u00f3mo pueden aplicarlo a sus propias vidas. La segunda parte del proyecto era la colocaci\u00f3n de tres stands interactivos en el campus donde los estudiantes puede venir y hacer preguntas e implicarse en los grandes problemas. Eunices, estudiante de CEC, nos dijo m\u00e1s:<\/p>\n<blockquote><p>\u201cQueremos ayudar a los estudiantes a comprender lo que pas\u00f3 en la Ca\u00edda -la ruptura entre las personas y Dios, personas y otras personas, la personas y el medio ambiente- y c\u00f3mo Dios nos ofrece la reconciliaci\u00f3n de nuestra relaci\u00f3n a trav\u00e9s de Jes\u00fas. De un modo pr\u00e1ctico, nos estamos centrando en el tema de la gesti\u00f3n de pl\u00e1sticos y residuos, un tema especialmente aplicable a nuestro pa\u00eds en estos momentos.\u201d<\/p><\/blockquote>\n<h4><strong>Ecuador<\/strong><\/h4>\n<p>Los grupos estudiantiles de CECE Ecuador est\u00e1n estudiando el libro de G\u00e9nesis este a\u00f1o. Adem\u00e1s de organizar los proyectos de servicio, prev\u00e9n colocar stands en el campus para crear un espacio para el di\u00e1logo acerca del tema de la reconciliaci\u00f3n y el medio ambiente.<\/p>\n<p><a href=\"https:\/\/www.instagram.com\/p\/BgC9_ZeBpgK\/?taken-by=cece.ecuador\">https:\/\/www.instagram.com\/p\/BgC9_ZeBpgK\/?taken-by=cece.ecuador<\/a><\/p>\n<h3>Semana de Am\u00e9rica Latina,\u00a02018:<\/h3>\n<p>Seg\u00fan nos centramos en los estudiantes esta semana, las universidades y los pa\u00edses de Am\u00e9rica Latina, \u00fanete a nosotros y demos las gracias a Dios por el impacto que tiene en estos j\u00f3venes y por el impacto que est\u00e1 teniendo en sus campus. Oremos las grandes oraciones de nuestro Dios Creador, que es el \u00fanico que puede traer una transformaci\u00f3n duradera a la regi\u00f3n. Oremos para que el Evangelio llegue a alcanzar a las personas que a\u00fan no conocen a Jes\u00fas. Oremos para que las sociedades y el medio ambiente realmente se transformen. Y oremos por nosotros mismos, que seamos personas que reflejan a nuestro Creador amoroso por c\u00f3mo cuidamos de este precioso planeta y sus habitantes.<\/p>\n<figure><\/figure>\n","protected":false},"featured_media":1232,"template":"","area":[],"theme":[],"class_list":["post-1128","conexion","type-conexion","status-publish","has-post-thumbnail","hentry"],"acf":[],"yoast_head":"<!-- This site is optimized with the Yoast SEO plugin v22.6 - https:\/\/yoast.com\/wordpress\/plugins\/seo\/ -->\n<title>Un llamamiento para cuidar de la creaci\u00f3n de Dios &#183; IFES Conexi\u00f3n Blog<\/title>\n<meta name=\"description\" content=\"C\u00f3mo viven el Evangelio los estudiantes de Am\u00e9rica\u00a0Latina Isabella cerr\u00f3 la puerta de la entrada y mir\u00f3 al cielo. Niebla. No est\u00e1 tan azul como antes,\" \/>\n<meta name=\"robots\" content=\"noindex, follow, max-snippet:-1, max-image-preview:large, max-video-preview:-1\" \/>\n<meta property=\"og:locale\" content=\"es_ES\" \/>\n<meta property=\"og:type\" content=\"article\" \/>\n<meta property=\"og:title\" content=\"Un llamamiento para cuidar de la creaci\u00f3n de Dios &#183; IFES Conexi\u00f3n Blog\" \/>\n<meta property=\"og:description\" content=\"C\u00f3mo viven el Evangelio los estudiantes de Am\u00e9rica\u00a0Latina Isabella cerr\u00f3 la puerta de la entrada y mir\u00f3 al cielo. Niebla. No est\u00e1 tan azul como antes,\" \/>\n<meta property=\"og:url\" content=\"https:\/\/ifesworld.org\/es\/blog\/un-llamamiento-para-cuidar-de-la-creacion-de-dios\/\" \/>\n<meta property=\"og:site_name\" content=\"IFES\" \/>\n<meta property=\"article:modified_time\" content=\"2019-05-20T08:57:03+00:00\" \/>\n<meta property=\"og:image\" content=\"https:\/\/ifesworld.org\/wp-content\/uploads\/2019\/05\/f3799-1ok9j-drseqrcpz_hguttmg.jpeg\" \/>\n\t<meta property=\"og:image:width\" content=\"1200\" \/>\n\t<meta property=\"og:image:height\" content=\"675\" \/>\n\t<meta property=\"og:image:type\" content=\"image\/jpeg\" \/>\n<meta name=\"twitter:card\" content=\"summary_large_image\" \/>\n<meta name=\"twitter:label1\" content=\"Tiempo de lectura\" \/>\n\t<meta name=\"twitter:data1\" content=\"8 minutos\" \/>\n<script type=\"application\/ld+json\" class=\"yoast-schema-graph\">{\"@context\":\"https:\/\/schema.org\",\"@graph\":[{\"@type\":\"WebPage\",\"@id\":\"https:\/\/ifesworld.org\/es\/blog\/un-llamamiento-para-cuidar-de-la-creacion-de-dios\/\",\"url\":\"https:\/\/ifesworld.org\/es\/blog\/un-llamamiento-para-cuidar-de-la-creacion-de-dios\/\",\"name\":\"Un llamamiento para cuidar de la creaci\u00f3n de Dios &#183; IFES Conexi\u00f3n Blog\",\"isPartOf\":{\"@id\":\"https:\/\/fru.ifesworld.org\/en\/#website\"},\"primaryImageOfPage\":{\"@id\":\"https:\/\/ifesworld.org\/es\/blog\/un-llamamiento-para-cuidar-de-la-creacion-de-dios\/#primaryimage\"},\"image\":{\"@id\":\"https:\/\/ifesworld.org\/es\/blog\/un-llamamiento-para-cuidar-de-la-creacion-de-dios\/#primaryimage\"},\"thumbnailUrl\":\"https:\/\/fru.ifesworld.org\/wp-content\/uploads\/2019\/05\/f3799-1ok9j-drseqrcpz_hguttmg.jpeg\",\"datePublished\":\"2018-03-19T16:50:46+00:00\",\"dateModified\":\"2019-05-20T08:57:03+00:00\",\"description\":\"C\u00f3mo viven el Evangelio los estudiantes de Am\u00e9rica\u00a0Latina Isabella cerr\u00f3 la puerta de la entrada y mir\u00f3 al cielo. Niebla. No est\u00e1 tan azul como antes,\",\"breadcrumb\":{\"@id\":\"https:\/\/ifesworld.org\/es\/blog\/un-llamamiento-para-cuidar-de-la-creacion-de-dios\/#breadcrumb\"},\"inLanguage\":\"es\",\"potentialAction\":[{\"@type\":\"ReadAction\",\"target\":[\"https:\/\/ifesworld.org\/es\/blog\/un-llamamiento-para-cuidar-de-la-creacion-de-dios\/\"]}]},{\"@type\":\"ImageObject\",\"inLanguage\":\"es\",\"@id\":\"https:\/\/ifesworld.org\/es\/blog\/un-llamamiento-para-cuidar-de-la-creacion-de-dios\/#primaryimage\",\"url\":\"https:\/\/fru.ifesworld.org\/wp-content\/uploads\/2019\/05\/f3799-1ok9j-drseqrcpz_hguttmg.jpeg\",\"contentUrl\":\"https:\/\/fru.ifesworld.org\/wp-content\/uploads\/2019\/05\/f3799-1ok9j-drseqrcpz_hguttmg.jpeg\",\"width\":1200,\"height\":675},{\"@type\":\"BreadcrumbList\",\"@id\":\"https:\/\/ifesworld.org\/es\/blog\/un-llamamiento-para-cuidar-de-la-creacion-de-dios\/#breadcrumb\",\"itemListElement\":[{\"@type\":\"ListItem\",\"position\":1,\"name\":\"Home\",\"item\":\"https:\/\/ifesworld.org\/es\/\"},{\"@type\":\"ListItem\",\"position\":2,\"name\":\"Conexi\u00f3n\",\"item\":\"https:\/\/ifesworld.org\/es\/blog\/\"},{\"@type\":\"ListItem\",\"position\":3,\"name\":\"Un llamamiento para cuidar de la creaci\u00f3n de Dios\"}]},{\"@type\":\"WebSite\",\"@id\":\"https:\/\/fru.ifesworld.org\/en\/#website\",\"url\":\"https:\/\/fru.ifesworld.org\/en\/\",\"name\":\"IFES\",\"description\":\"A movement of students sharing and living out the good news of Jesus Christ. Locally. Nationally. Globally.\",\"publisher\":{\"@id\":\"https:\/\/fru.ifesworld.org\/en\/#organization\"},\"potentialAction\":[{\"@type\":\"SearchAction\",\"target\":{\"@type\":\"EntryPoint\",\"urlTemplate\":\"https:\/\/fru.ifesworld.org\/en\/?s={search_term_string}\"},\"query-input\":\"required name=search_term_string\"}],\"inLanguage\":\"es\"},{\"@type\":\"Organization\",\"@id\":\"https:\/\/fru.ifesworld.org\/en\/#organization\",\"name\":\"IFES \u00b7 International Fellowship of Evangelical Students\",\"url\":\"https:\/\/fru.ifesworld.org\/en\/\",\"logo\":{\"@type\":\"ImageObject\",\"inLanguage\":\"es\",\"@id\":\"https:\/\/fru.ifesworld.org\/en\/#\/schema\/logo\/image\/\",\"url\":\"https:\/\/fru.ifesworld.org\/wp-content\/uploads\/2019\/06\/ifeslogo.png\",\"contentUrl\":\"https:\/\/fru.ifesworld.org\/wp-content\/uploads\/2019\/06\/ifeslogo.png\",\"width\":262,\"height\":262,\"caption\":\"IFES \u00b7 International Fellowship of Evangelical Students\"},\"image\":{\"@id\":\"https:\/\/fru.ifesworld.org\/en\/#\/schema\/logo\/image\/\"}}]}<\/script>\n<!-- \/ Yoast SEO plugin. -->","yoast_head_json":{"title":"Un llamamiento para cuidar de la creaci\u00f3n de Dios &#183; IFES Conexi\u00f3n Blog","description":"C\u00f3mo viven el Evangelio los estudiantes de Am\u00e9rica\u00a0Latina Isabella cerr\u00f3 la puerta de la entrada y mir\u00f3 al cielo. Niebla. No est\u00e1 tan azul como antes,","robots":{"index":"noindex","follow":"follow","max-snippet":"max-snippet:-1","max-image-preview":"max-image-preview:large","max-video-preview":"max-video-preview:-1"},"og_locale":"es_ES","og_type":"article","og_title":"Un llamamiento para cuidar de la creaci\u00f3n de Dios &#183; IFES Conexi\u00f3n Blog","og_description":"C\u00f3mo viven el Evangelio los estudiantes de Am\u00e9rica\u00a0Latina Isabella cerr\u00f3 la puerta de la entrada y mir\u00f3 al cielo. Niebla. No est\u00e1 tan azul como antes,","og_url":"https:\/\/ifesworld.org\/es\/blog\/un-llamamiento-para-cuidar-de-la-creacion-de-dios\/","og_site_name":"IFES","article_modified_time":"2019-05-20T08:57:03+00:00","og_image":[{"width":1200,"height":675,"url":"https:\/\/ifesworld.org\/wp-content\/uploads\/2019\/05\/f3799-1ok9j-drseqrcpz_hguttmg.jpeg","type":"image\/jpeg"}],"twitter_card":"summary_large_image","twitter_misc":{"Tiempo de lectura":"8 minutos"},"schema":{"@context":"https:\/\/schema.org","@graph":[{"@type":"WebPage","@id":"https:\/\/ifesworld.org\/es\/blog\/un-llamamiento-para-cuidar-de-la-creacion-de-dios\/","url":"https:\/\/ifesworld.org\/es\/blog\/un-llamamiento-para-cuidar-de-la-creacion-de-dios\/","name":"Un llamamiento para cuidar de la creaci\u00f3n de Dios &#183; IFES Conexi\u00f3n Blog","isPartOf":{"@id":"https:\/\/fru.ifesworld.org\/en\/#website"},"primaryImageOfPage":{"@id":"https:\/\/ifesworld.org\/es\/blog\/un-llamamiento-para-cuidar-de-la-creacion-de-dios\/#primaryimage"},"image":{"@id":"https:\/\/ifesworld.org\/es\/blog\/un-llamamiento-para-cuidar-de-la-creacion-de-dios\/#primaryimage"},"thumbnailUrl":"https:\/\/fru.ifesworld.org\/wp-content\/uploads\/2019\/05\/f3799-1ok9j-drseqrcpz_hguttmg.jpeg","datePublished":"2018-03-19T16:50:46+00:00","dateModified":"2019-05-20T08:57:03+00:00","description":"C\u00f3mo viven el Evangelio los estudiantes de Am\u00e9rica\u00a0Latina Isabella cerr\u00f3 la puerta de la entrada y mir\u00f3 al cielo. Niebla. No est\u00e1 tan azul como antes,","breadcrumb":{"@id":"https:\/\/ifesworld.org\/es\/blog\/un-llamamiento-para-cuidar-de-la-creacion-de-dios\/#breadcrumb"},"inLanguage":"es","potentialAction":[{"@type":"ReadAction","target":["https:\/\/ifesworld.org\/es\/blog\/un-llamamiento-para-cuidar-de-la-creacion-de-dios\/"]}]},{"@type":"ImageObject","inLanguage":"es","@id":"https:\/\/ifesworld.org\/es\/blog\/un-llamamiento-para-cuidar-de-la-creacion-de-dios\/#primaryimage","url":"https:\/\/fru.ifesworld.org\/wp-content\/uploads\/2019\/05\/f3799-1ok9j-drseqrcpz_hguttmg.jpeg","contentUrl":"https:\/\/fru.ifesworld.org\/wp-content\/uploads\/2019\/05\/f3799-1ok9j-drseqrcpz_hguttmg.jpeg","width":1200,"height":675},{"@type":"BreadcrumbList","@id":"https:\/\/ifesworld.org\/es\/blog\/un-llamamiento-para-cuidar-de-la-creacion-de-dios\/#breadcrumb","itemListElement":[{"@type":"ListItem","position":1,"name":"Home","item":"https:\/\/ifesworld.org\/es\/"},{"@type":"ListItem","position":2,"name":"Conexi\u00f3n","item":"https:\/\/ifesworld.org\/es\/blog\/"},{"@type":"ListItem","position":3,"name":"Un llamamiento para cuidar de la creaci\u00f3n de Dios"}]},{"@type":"WebSite","@id":"https:\/\/fru.ifesworld.org\/en\/#website","url":"https:\/\/fru.ifesworld.org\/en\/","name":"IFES","description":"A movement of students sharing and living out the good news of Jesus Christ. Locally. Nationally. Globally.","publisher":{"@id":"https:\/\/fru.ifesworld.org\/en\/#organization"},"potentialAction":[{"@type":"SearchAction","target":{"@type":"EntryPoint","urlTemplate":"https:\/\/fru.ifesworld.org\/en\/?s={search_term_string}"},"query-input":"required name=search_term_string"}],"inLanguage":"es"},{"@type":"Organization","@id":"https:\/\/fru.ifesworld.org\/en\/#organization","name":"IFES \u00b7 International Fellowship of Evangelical Students","url":"https:\/\/fru.ifesworld.org\/en\/","logo":{"@type":"ImageObject","inLanguage":"es","@id":"https:\/\/fru.ifesworld.org\/en\/#\/schema\/logo\/image\/","url":"https:\/\/fru.ifesworld.org\/wp-content\/uploads\/2019\/06\/ifeslogo.png","contentUrl":"https:\/\/fru.ifesworld.org\/wp-content\/uploads\/2019\/06\/ifeslogo.png","width":262,"height":262,"caption":"IFES \u00b7 International Fellowship of Evangelical Students"},"image":{"@id":"https:\/\/fru.ifesworld.org\/en\/#\/schema\/logo\/image\/"}}]}},"_links":{"self":[{"href":"https:\/\/fru.ifesworld.org\/es\/wp-json\/wp\/v2\/conexion\/1128"}],"collection":[{"href":"https:\/\/fru.ifesworld.org\/es\/wp-json\/wp\/v2\/conexion"}],"about":[{"href":"https:\/\/fru.ifesworld.org\/es\/wp-json\/wp\/v2\/types\/conexion"}],"wp:featuredmedia":[{"embeddable":true,"href":"https:\/\/fru.ifesworld.org\/es\/wp-json\/wp\/v2\/media\/1232"}],"wp:attachment":[{"href":"https:\/\/fru.ifesworld.org\/es\/wp-json\/wp\/v2\/media?parent=1128"}],"wp:term":[{"taxonomy":"area","embeddable":true,"href":"https:\/\/fru.ifesworld.org\/es\/wp-json\/wp\/v2\/area?post=1128"},{"taxonomy":"theme","embeddable":true,"href":"https:\/\/fru.ifesworld.org\/es\/wp-json\/wp\/v2\/theme?post=1128"}],"curies":[{"name":"wp","href":"https:\/\/api.w.org\/{rel}","templated":true}]}}