{"id":1126,"date":"2018-03-06T11:30:26","date_gmt":"2018-03-06T11:30:26","guid":{"rendered":"https:\/\/fru.ifesworld.org\/conexion\/intercambio-de-semana-de-misiones-de-estudiantes\/"},"modified":"2019-05-20T08:52:36","modified_gmt":"2019-05-20T08:52:36","slug":"intercambio-de-semana-de-misiones-de-estudiantes","status":"publish","type":"conexion","link":"https:\/\/fru.ifesworld.org\/es\/blog\/intercambio-de-semana-de-misiones-de-estudiantes\/","title":{"rendered":"Intercambio de semana de misiones de estudiantes"},"content":{"rendered":"<figure><img decoding=\"async\" src=\"https:\/\/fru.ifesworld.org\/wp-content\/uploads\/2019\/05\/786ae-1ygvuedz4wvuuia2brac1ig.jpeg\" data-width=\"1280\" data-height=\"720\" \/><\/figure>\n<h4>GBEU Suiza se re\u00fane con UCCF Gran\u00a0Breta\u00f1a<\/h4>\n<p>Por fin ha terminado el semestre de la universidad en Suiza. As\u00ed que cuatro estudiantes hicieron sus maletas y se fueron al aeropuerto. Pero no se iban a casa. Tampoco se iban de vacaciones. Iban a pasar una semana colocando sillas, entregando folletos y haciendo s\u00e1ndwiches. Muchos, muchos s\u00e1ndwiches.<\/p>\n<p>Los estudiantes de GBEU Suiza Chlo\u00e9, Clara, Isaline y Olin, adem\u00e1s del becario William y el obrero No\u00ebl, fueron a servir junto a estudiantes de la Universidad de Oxford (OICCU) en Inglaterra durante su semana de eventos de evangelizaci\u00f3n.<\/p>\n<p>Hablamos con Chlo\u00e9, una estudiante de Ingl\u00e9s e Historia de Ginebra para que nos contara m\u00e1s:<\/p>\n<blockquote><p>\u201cFui sin saber exactamente qu\u00e9 aprender\u00eda, pero sab\u00eda que aprender\u00eda m\u00e1s acerca de Dios y de c\u00f3mo hablarles a mis amigos acerca de Jes\u00fas. Quer\u00eda conocer a personas no cristianas y escuchar las preguntas que quer\u00edan\u00a0hacer.\u201d<\/p><\/blockquote>\n<h4>Lucecitas y s\u00e1ndwiches<\/h4>\n<p>Su primer trabajo fue transformar el ayuntamiento en un local c\u00e1lido y repleto de lucecitas que tuviera el estilo de una cafeter\u00eda con sus sof\u00e1s, cojines y maceteros con plantas. Tambi\u00e9n tuvieron que hacer s\u00e1ndwiches todos los d\u00edas para alimentar a los estudiantes hambrientos en las barras de comidas.<\/p>\n<figure><img decoding=\"async\" src=\"https:\/\/fru.ifesworld.org\/wp-content\/uploads\/2019\/05\/89195-1hzljvqdv89slet3tllhqcq.jpeg\" data-width=\"1280\" data-height=\"720\" \/><\/figure>\n<figure><img decoding=\"async\" src=\"https:\/\/fru.ifesworld.org\/wp-content\/uploads\/2019\/05\/86539-1fv7kagbsyngav_ucukvdra.jpeg\" data-width=\"1280\" data-height=\"720\" \/><\/figure>\n<p>Puede que no fuera glamuroso. Pero era impresionante, tanto para los estudiantes de OICCU como para los no cristianos que les estaban observando. Un estudiante curioso le dijo a Chlo\u00e9, <em>\u201cRealmente debes creer en este Jes\u00fas para estar dispuesta a venir hasta aqu\u00ed para pasar aqu\u00ed esta semana.\u201d<\/em><\/p>\n<p>Los d\u00edas eran largos y completos. Las ma\u00f1anas empezaban con una reuni\u00f3n de oraci\u00f3n a las 8 de la ma\u00f1ana. Los d\u00edas acababan tarde, teniendo que desmontar tras los eventos de la noche. Las dem\u00e1s horas las pasaban escuchando un idioma poco familiar. Fue una semana agotadora para los estudiantes de GBEU. \u00bfQu\u00e9 pensaron acerca de la experiencia?<\/p>\n<blockquote><p>\u201cAunque ha sido agotador, tambi\u00e9n ha sido muy divertido. Y definitivamente mereci\u00f3 la pena. Es una cosa buena si quieres estar m\u00e1s cerca de Dios y aprender m\u00e1s de \u00c9l. Hay tantas ocasiones en las que est\u00e1s solo en una situaci\u00f3n y el \u00fanico que puede ayudarnos es Dios. Tambi\u00e9n ha sido maravilloso servir a los estudiantes de otra universidad y conocerles mejor.\u201d<\/p><\/blockquote>\n<figure><img decoding=\"async\" src=\"https:\/\/fru.ifesworld.org\/wp-content\/uploads\/2019\/05\/04b2c-1qnztb-i5gzetooyzelen7a.jpeg\" data-width=\"1280\" data-height=\"720\" \/><\/figure>\n<h4>Familia extendida<\/h4>\n<p>Fue una oportunidad para que los estudiantes se dieran cuenta que eran parte de algo m\u00e1s grande. Algo que va m\u00e1s all\u00e1 de las puertas de sus universidades, m\u00e1s all\u00e1 de las fronteras de sus pa\u00edses. El obrero No\u00ebl reflexion\u00f3:<\/p>\n<blockquote><p>\u201cMe ha animado mucho ver que formamos parte de una gran familia. Tenemos hermanos y hermanas en todas partes. Y tenemos las mismas buenas nuevas que compartir. El Evangelio se trata de Jesucristo y eso es verdad en todos los pa\u00edses, independientemente de la ciudad en la que vivas. Por lo que realmente le recomendar\u00eda a otros movimientos de IFES a que desarrollen estas relaciones. \u00a1\u00bfPor qu\u00e9 no visitas a tu familia extendida?!\u201d<\/p><\/blockquote>\n<p>Realmente no era la primera vez que se reun\u00edan los estudiantes suizos y brit\u00e1nicos. El pasado mes de septiembre, cinco estudiantes de OICCU pasaron dos semanas en Ginebra, ayudando a celebrar el programa paralelo de ingl\u00e9s de la conferencia estudiantil de GBEU. Esto impresion\u00f3 a Gwilym, el estudiante de Oxford que organiz\u00f3 el viaje:<\/p>\n<blockquote><p>\u201cMe sent\u00ed animado por la fe y el compromiso de los estudiantes de la Suiza franc\u00f3fona y su celo por el Evangelio y la evangelizaci\u00f3n. Durante nuestro viaje, vi una vez m\u00e1s c\u00f3mo Dios es el Se\u00f1or de todas las naciones y su Evangelio necesita ser proclamado a personas de todas las culturas e idiomas.\u201d<\/p><\/blockquote>\n<p>Fue muy emocionante para ellos reconectar en Oxford. No\u00ebl espera que la relaci\u00f3n contin\u00fae y ya tienen planes para que otro grupo de estudiantes de Oxford vuelvan a Ginebra este verano.<\/p>\n<figure><img decoding=\"async\" src=\"https:\/\/fru.ifesworld.org\/wp-content\/uploads\/2019\/05\/441ee-19an4c2w-d50onozelsrtaa.jpeg\" data-width=\"1280\" data-height=\"720\" \/><\/figure>\n<h4>De regreso a\u00a0Suiza<\/h4>\n<p>De regreso en sus propias universidades, los estudiantes no deseaban olvidar la experiencia que hab\u00edan tenido en Oxford. Chlo\u00e9 reflexion\u00f3 acerca de c\u00f3mo cree que le cambiar\u00e1:<\/p>\n<blockquote><p>\u201cTengo m\u00e1s confianza para hablar de Jes\u00fas con claridad. Definitivamente orar\u00e9 m\u00e1s\u200a\u2014\u200apondr\u00e9 la oraci\u00f3n al principio de la lista cuando quiera hablar de Jes\u00fas con un no cristiano. La oraci\u00f3n es lo primero.\u201d<\/p><\/blockquote>\n<p>El contexto en las universidades suizas es muy distinto. La mayor\u00eda de los estudiantes no viven en el campus. Por lo que compartir el Evangelio puede ser m\u00e1s complicado.<\/p>\n<blockquote><p>\u201cEs m\u00e1s dif\u00edcil tener relaciones realmente profundas con los estudiantes en el campus. Por favor, ora por una sensaci\u00f3n de comunidad m\u00e1s profunda. Ora para que los estudiantes cristianos puedan ser capaces de tener buenas relaciones con personas no cristianas. Si pueden ver tu estilo de vida entonces tiene un mayor impacto.\u201d<\/p><\/blockquote>\n<p>GBEU celebrar\u00e1 su 5\u00aa semana de misiones en la Universidad de Lausana en abril. No\u00ebl nos ha pedido que oremos para que los estudiantes de GBEU tengan valent\u00eda para hablarles a sus amigos acerca de Jes\u00fas.<\/p>\n<blockquote><p>\u201cEn un pa\u00eds donde la gente tiene casi todo, es dif\u00edcil ver que tenemos una necesidad de Jes\u00fas. Pero ora para que los estudiantes realmente vean el Evangelio como buenas noticias que cambiar\u00e1n sus vidas. Ora para que tengan una pasi\u00f3n renovada por la misi\u00f3n y por Jes\u00fas. Jesucristo est\u00e1 en el centro del cristianismo\u200a\u2014\u200ay eso es verdad en Oxford, en Suiza y en el resto del mundo.\u201d<\/p><\/blockquote>\n<p>En un mundo con una creciente divisi\u00f3n pol\u00edtica y nacional, es un gran privilegio ser parte de la familia global de Dios, estando unidos en Jesucristo. \u00danete a nosotros y demos gracias por este primer ejemplo de una relaci\u00f3n cristiana entre los movimientos de IFES. \u00bfPodr\u00eda involucrarse tu grupo estudiantil en un intercambio misionero para aprender unos de otros?<\/p>\n","protected":false},"featured_media":1234,"template":"","area":[],"theme":[],"class_list":["post-1126","conexion","type-conexion","status-publish","has-post-thumbnail","hentry"],"acf":[],"yoast_head":"<!-- This site is optimized with the Yoast SEO plugin v22.6 - https:\/\/yoast.com\/wordpress\/plugins\/seo\/ -->\n<title>Intercambio de semana de misiones de estudiantes &#183; IFES Conexi\u00f3n Blog<\/title>\n<meta name=\"description\" content=\"GBEU Suiza se re\u00fane con UCCF Gran\u00a0Breta\u00f1a Por fin ha terminado el semestre de la universidad en Suiza. As\u00ed que cuatro estudiantes hicieron sus maletas y\" \/>\n<meta name=\"robots\" content=\"noindex, follow, max-snippet:-1, max-image-preview:large, max-video-preview:-1\" \/>\n<meta property=\"og:locale\" content=\"es_ES\" \/>\n<meta property=\"og:type\" content=\"article\" \/>\n<meta property=\"og:title\" content=\"Intercambio de semana de misiones de estudiantes &#183; IFES Conexi\u00f3n Blog\" \/>\n<meta property=\"og:description\" content=\"GBEU Suiza se re\u00fane con UCCF Gran\u00a0Breta\u00f1a Por fin ha terminado el semestre de la universidad en Suiza. As\u00ed que cuatro estudiantes hicieron sus maletas y\" \/>\n<meta property=\"og:url\" content=\"https:\/\/ifesworld.org\/es\/blog\/intercambio-de-semana-de-misiones-de-estudiantes\/\" \/>\n<meta property=\"og:site_name\" content=\"IFES\" \/>\n<meta property=\"article:modified_time\" content=\"2019-05-20T08:52:36+00:00\" \/>\n<meta property=\"og:image\" content=\"https:\/\/ifesworld.org\/wp-content\/uploads\/2019\/05\/f9e18-1dgz29eap3ampwcg0wrnecw.jpeg\" \/>\n\t<meta property=\"og:image:width\" content=\"600\" \/>\n\t<meta property=\"og:image:height\" content=\"337\" \/>\n\t<meta property=\"og:image:type\" content=\"image\/jpeg\" \/>\n<meta name=\"twitter:card\" content=\"summary_large_image\" \/>\n<meta name=\"twitter:label1\" content=\"Tiempo de lectura\" \/>\n\t<meta name=\"twitter:data1\" content=\"5 minutos\" \/>\n<script type=\"application\/ld+json\" class=\"yoast-schema-graph\">{\"@context\":\"https:\/\/schema.org\",\"@graph\":[{\"@type\":\"WebPage\",\"@id\":\"https:\/\/ifesworld.org\/es\/blog\/intercambio-de-semana-de-misiones-de-estudiantes\/\",\"url\":\"https:\/\/ifesworld.org\/es\/blog\/intercambio-de-semana-de-misiones-de-estudiantes\/\",\"name\":\"Intercambio de semana de misiones de estudiantes &#183; IFES Conexi\u00f3n Blog\",\"isPartOf\":{\"@id\":\"https:\/\/fru.ifesworld.org\/en\/#website\"},\"primaryImageOfPage\":{\"@id\":\"https:\/\/ifesworld.org\/es\/blog\/intercambio-de-semana-de-misiones-de-estudiantes\/#primaryimage\"},\"image\":{\"@id\":\"https:\/\/ifesworld.org\/es\/blog\/intercambio-de-semana-de-misiones-de-estudiantes\/#primaryimage\"},\"thumbnailUrl\":\"https:\/\/fru.ifesworld.org\/wp-content\/uploads\/2019\/05\/f9e18-1dgz29eap3ampwcg0wrnecw.jpeg\",\"datePublished\":\"2018-03-06T11:30:26+00:00\",\"dateModified\":\"2019-05-20T08:52:36+00:00\",\"description\":\"GBEU Suiza se re\u00fane con UCCF Gran\u00a0Breta\u00f1a Por fin ha terminado el semestre de la universidad en Suiza. As\u00ed que cuatro estudiantes hicieron sus maletas y\",\"breadcrumb\":{\"@id\":\"https:\/\/ifesworld.org\/es\/blog\/intercambio-de-semana-de-misiones-de-estudiantes\/#breadcrumb\"},\"inLanguage\":\"es\",\"potentialAction\":[{\"@type\":\"ReadAction\",\"target\":[\"https:\/\/ifesworld.org\/es\/blog\/intercambio-de-semana-de-misiones-de-estudiantes\/\"]}]},{\"@type\":\"ImageObject\",\"inLanguage\":\"es\",\"@id\":\"https:\/\/ifesworld.org\/es\/blog\/intercambio-de-semana-de-misiones-de-estudiantes\/#primaryimage\",\"url\":\"https:\/\/fru.ifesworld.org\/wp-content\/uploads\/2019\/05\/f9e18-1dgz29eap3ampwcg0wrnecw.jpeg\",\"contentUrl\":\"https:\/\/fru.ifesworld.org\/wp-content\/uploads\/2019\/05\/f9e18-1dgz29eap3ampwcg0wrnecw.jpeg\",\"width\":600,\"height\":337},{\"@type\":\"BreadcrumbList\",\"@id\":\"https:\/\/ifesworld.org\/es\/blog\/intercambio-de-semana-de-misiones-de-estudiantes\/#breadcrumb\",\"itemListElement\":[{\"@type\":\"ListItem\",\"position\":1,\"name\":\"Home\",\"item\":\"https:\/\/ifesworld.org\/es\/\"},{\"@type\":\"ListItem\",\"position\":2,\"name\":\"Conexi\u00f3n\",\"item\":\"https:\/\/ifesworld.org\/es\/blog\/\"},{\"@type\":\"ListItem\",\"position\":3,\"name\":\"Intercambio de semana de misiones de estudiantes\"}]},{\"@type\":\"WebSite\",\"@id\":\"https:\/\/fru.ifesworld.org\/en\/#website\",\"url\":\"https:\/\/fru.ifesworld.org\/en\/\",\"name\":\"IFES\",\"description\":\"A movement of students sharing and living out the good news of Jesus Christ. Locally. Nationally. Globally.\",\"publisher\":{\"@id\":\"https:\/\/fru.ifesworld.org\/en\/#organization\"},\"potentialAction\":[{\"@type\":\"SearchAction\",\"target\":{\"@type\":\"EntryPoint\",\"urlTemplate\":\"https:\/\/fru.ifesworld.org\/en\/?s={search_term_string}\"},\"query-input\":\"required name=search_term_string\"}],\"inLanguage\":\"es\"},{\"@type\":\"Organization\",\"@id\":\"https:\/\/fru.ifesworld.org\/en\/#organization\",\"name\":\"IFES \u00b7 International Fellowship of Evangelical Students\",\"url\":\"https:\/\/fru.ifesworld.org\/en\/\",\"logo\":{\"@type\":\"ImageObject\",\"inLanguage\":\"es\",\"@id\":\"https:\/\/fru.ifesworld.org\/en\/#\/schema\/logo\/image\/\",\"url\":\"https:\/\/fru.ifesworld.org\/wp-content\/uploads\/2019\/06\/ifeslogo.png\",\"contentUrl\":\"https:\/\/fru.ifesworld.org\/wp-content\/uploads\/2019\/06\/ifeslogo.png\",\"width\":262,\"height\":262,\"caption\":\"IFES \u00b7 International Fellowship of Evangelical Students\"},\"image\":{\"@id\":\"https:\/\/fru.ifesworld.org\/en\/#\/schema\/logo\/image\/\"}}]}<\/script>\n<!-- \/ Yoast SEO plugin. -->","yoast_head_json":{"title":"Intercambio de semana de misiones de estudiantes &#183; IFES Conexi\u00f3n Blog","description":"GBEU Suiza se re\u00fane con UCCF Gran\u00a0Breta\u00f1a Por fin ha terminado el semestre de la universidad en Suiza. As\u00ed que cuatro estudiantes hicieron sus maletas y","robots":{"index":"noindex","follow":"follow","max-snippet":"max-snippet:-1","max-image-preview":"max-image-preview:large","max-video-preview":"max-video-preview:-1"},"og_locale":"es_ES","og_type":"article","og_title":"Intercambio de semana de misiones de estudiantes &#183; IFES Conexi\u00f3n Blog","og_description":"GBEU Suiza se re\u00fane con UCCF Gran\u00a0Breta\u00f1a Por fin ha terminado el semestre de la universidad en Suiza. As\u00ed que cuatro estudiantes hicieron sus maletas y","og_url":"https:\/\/ifesworld.org\/es\/blog\/intercambio-de-semana-de-misiones-de-estudiantes\/","og_site_name":"IFES","article_modified_time":"2019-05-20T08:52:36+00:00","og_image":[{"width":600,"height":337,"url":"https:\/\/ifesworld.org\/wp-content\/uploads\/2019\/05\/f9e18-1dgz29eap3ampwcg0wrnecw.jpeg","type":"image\/jpeg"}],"twitter_card":"summary_large_image","twitter_misc":{"Tiempo de lectura":"5 minutos"},"schema":{"@context":"https:\/\/schema.org","@graph":[{"@type":"WebPage","@id":"https:\/\/ifesworld.org\/es\/blog\/intercambio-de-semana-de-misiones-de-estudiantes\/","url":"https:\/\/ifesworld.org\/es\/blog\/intercambio-de-semana-de-misiones-de-estudiantes\/","name":"Intercambio de semana de misiones de estudiantes &#183; IFES Conexi\u00f3n Blog","isPartOf":{"@id":"https:\/\/fru.ifesworld.org\/en\/#website"},"primaryImageOfPage":{"@id":"https:\/\/ifesworld.org\/es\/blog\/intercambio-de-semana-de-misiones-de-estudiantes\/#primaryimage"},"image":{"@id":"https:\/\/ifesworld.org\/es\/blog\/intercambio-de-semana-de-misiones-de-estudiantes\/#primaryimage"},"thumbnailUrl":"https:\/\/fru.ifesworld.org\/wp-content\/uploads\/2019\/05\/f9e18-1dgz29eap3ampwcg0wrnecw.jpeg","datePublished":"2018-03-06T11:30:26+00:00","dateModified":"2019-05-20T08:52:36+00:00","description":"GBEU Suiza se re\u00fane con UCCF Gran\u00a0Breta\u00f1a Por fin ha terminado el semestre de la universidad en Suiza. As\u00ed que cuatro estudiantes hicieron sus maletas y","breadcrumb":{"@id":"https:\/\/ifesworld.org\/es\/blog\/intercambio-de-semana-de-misiones-de-estudiantes\/#breadcrumb"},"inLanguage":"es","potentialAction":[{"@type":"ReadAction","target":["https:\/\/ifesworld.org\/es\/blog\/intercambio-de-semana-de-misiones-de-estudiantes\/"]}]},{"@type":"ImageObject","inLanguage":"es","@id":"https:\/\/ifesworld.org\/es\/blog\/intercambio-de-semana-de-misiones-de-estudiantes\/#primaryimage","url":"https:\/\/fru.ifesworld.org\/wp-content\/uploads\/2019\/05\/f9e18-1dgz29eap3ampwcg0wrnecw.jpeg","contentUrl":"https:\/\/fru.ifesworld.org\/wp-content\/uploads\/2019\/05\/f9e18-1dgz29eap3ampwcg0wrnecw.jpeg","width":600,"height":337},{"@type":"BreadcrumbList","@id":"https:\/\/ifesworld.org\/es\/blog\/intercambio-de-semana-de-misiones-de-estudiantes\/#breadcrumb","itemListElement":[{"@type":"ListItem","position":1,"name":"Home","item":"https:\/\/ifesworld.org\/es\/"},{"@type":"ListItem","position":2,"name":"Conexi\u00f3n","item":"https:\/\/ifesworld.org\/es\/blog\/"},{"@type":"ListItem","position":3,"name":"Intercambio de semana de misiones de estudiantes"}]},{"@type":"WebSite","@id":"https:\/\/fru.ifesworld.org\/en\/#website","url":"https:\/\/fru.ifesworld.org\/en\/","name":"IFES","description":"A movement of students sharing and living out the good news of Jesus Christ. Locally. Nationally. Globally.","publisher":{"@id":"https:\/\/fru.ifesworld.org\/en\/#organization"},"potentialAction":[{"@type":"SearchAction","target":{"@type":"EntryPoint","urlTemplate":"https:\/\/fru.ifesworld.org\/en\/?s={search_term_string}"},"query-input":"required name=search_term_string"}],"inLanguage":"es"},{"@type":"Organization","@id":"https:\/\/fru.ifesworld.org\/en\/#organization","name":"IFES \u00b7 International Fellowship of Evangelical Students","url":"https:\/\/fru.ifesworld.org\/en\/","logo":{"@type":"ImageObject","inLanguage":"es","@id":"https:\/\/fru.ifesworld.org\/en\/#\/schema\/logo\/image\/","url":"https:\/\/fru.ifesworld.org\/wp-content\/uploads\/2019\/06\/ifeslogo.png","contentUrl":"https:\/\/fru.ifesworld.org\/wp-content\/uploads\/2019\/06\/ifeslogo.png","width":262,"height":262,"caption":"IFES \u00b7 International Fellowship of Evangelical Students"},"image":{"@id":"https:\/\/fru.ifesworld.org\/en\/#\/schema\/logo\/image\/"}}]}},"_links":{"self":[{"href":"https:\/\/fru.ifesworld.org\/es\/wp-json\/wp\/v2\/conexion\/1126"}],"collection":[{"href":"https:\/\/fru.ifesworld.org\/es\/wp-json\/wp\/v2\/conexion"}],"about":[{"href":"https:\/\/fru.ifesworld.org\/es\/wp-json\/wp\/v2\/types\/conexion"}],"wp:featuredmedia":[{"embeddable":true,"href":"https:\/\/fru.ifesworld.org\/es\/wp-json\/wp\/v2\/media\/1234"}],"wp:attachment":[{"href":"https:\/\/fru.ifesworld.org\/es\/wp-json\/wp\/v2\/media?parent=1126"}],"wp:term":[{"taxonomy":"area","embeddable":true,"href":"https:\/\/fru.ifesworld.org\/es\/wp-json\/wp\/v2\/area?post=1126"},{"taxonomy":"theme","embeddable":true,"href":"https:\/\/fru.ifesworld.org\/es\/wp-json\/wp\/v2\/theme?post=1126"}],"curies":[{"name":"wp","href":"https:\/\/api.w.org\/{rel}","templated":true}]}}