{"id":1125,"date":"2018-02-27T11:13:26","date_gmt":"2018-02-27T11:13:26","guid":{"rendered":"https:\/\/fru.ifesworld.org\/conexion\/cada-pulgada-cuadrada\/"},"modified":"2019-05-20T10:15:45","modified_gmt":"2019-05-20T10:15:45","slug":"cada-pulgada-cuadrada","status":"publish","type":"conexion","link":"https:\/\/fru.ifesworld.org\/es\/blog\/cada-pulgada-cuadrada\/","title":{"rendered":"Cada pulgada cuadrada"},"content":{"rendered":"<h4>Historias de salvaci\u00f3n desde los campus \u201ccerrados\u201d<\/h4>\n<p>El pol\u00edtico Neerland\u00e9s Abraham Kupyer dijo lo siguiente en la inauguraci\u00f3n de una universidad en \u00c1msterdam en 1880:<\/p>\n<blockquote><p>\u201cNo existe una pulgada cuadrada en todo el dominio de nuestra humana existencia sobre la que Cristo, quien es soberano sobre todo, no grite,\u00a0\u00a1M\u00eda!\u201d<\/p><\/blockquote>\n<p>A\u00fan hay muchos pa\u00edses del mundo donde compartir el Evangelio y convertirse al cristianismo es ilegal. Nos podemos preguntar qu\u00e9 esperanza hay para que los estudiantes en esos pa\u00edses escuchen acerca de la soberan\u00eda de Cristo. Sin embargo, Jes\u00fas es Se\u00f1or de cada pulgada cuadrada de la Tierra, y est\u00e1 llamando a los estudiantes a seguirle y proclamarle, incluso en los sitios m\u00e1s improbables. Lee acerca de lo que ha estado pasando entre los estudiantes de un pa\u00eds cerrado en Oriente Medio.<\/p>\n<h4>Sorprendidos por\u00a0Jes\u00fas<\/h4>\n<p>Bibliotecas vac\u00edas, cafeter\u00edas llenas, campeonatos de baloncesto, escaladas en el campo\u200a\u2014\u200aconversaciones acerca del Dios de la Biblia est\u00e1n pasando en todo el campus. Dios ha estado creando oportunidades para alcanzar a los estudiantes de un trasfondo musulm\u00e1n que nunca hab\u00edan le\u00eddo la Biblia hasta entonces.<\/p>\n<blockquote><p>\u201cUn estudiante, T, insist\u00eda que entend\u00eda de qu\u00e9 trataba la fe Cristiana y que hab\u00eda muchas similitudes entre su fe y la nuestra. Se sorprendi\u00f3 cuando ley\u00f3 acerca de \u2018lo que contamina al hombre\u2019 en un debate acerca de Marcos 7: \u2018Entonces, para el Dios la Biblia, \u00bfnuestros corazones son m\u00e1s importantes que lo que hacemos exteriormente? Si nuestros corazones son el problema\u200a\u2014\u200a\u00a1\u00bfQui\u00e9n puede cambiarlos?!\u2019\u2019<\/p><\/blockquote>\n<p>Por razones de seguridad, puede ser complicado organizar grupos de estudios b\u00edblicos. Pero han tenido muchas oportunidades para tener reuniones uno-a-uno con los estudiantes: \u201cLeer el libro del G\u00e9nesis ha sido de gran \u00e1nimo al ver c\u00f3mo los distintos estudiantes luchaban con los conceptos de un Dios santo y un hombre pecador.\u201d Los cristianos aqu\u00ed oran para que las puertas se abran y que estas conversaciones pasen al siguiente nivel y presentarles al Cristo Soberano a m\u00e1s estudiantes.<\/p>\n<h4>Desayuno de salvaci\u00f3n<\/h4>\n<p>Decidir seguir a Jes\u00fas es un paso arriesgado para muchos estudiantes en este pa\u00eds. Pero, sorprendentemente, los estudiantes <em>s\u00ed<\/em> han estado tomando esta decisi\u00f3n a lo largo de este pasado a\u00f1o. Una estudiante, B, escuch\u00f3 el Evangelio por primera vez hace dos a\u00f1os. Aunque inicialmente estaba entusiasmada, acab\u00f3 desapareciendo del mapa. Tras un a\u00f1o y medio, volvi\u00f3 a ponerse en contacto y acept\u00f3 ir a una conferencia cristiana. El tema de la conferencia era la gracia de Dios. Nos enteramos de su historia en el segundo d\u00eda de la conferencia, durante una conversaci\u00f3n en el desayuno con un cristiano:<\/p>\n<blockquote><p>\u201cDe repente salt\u00f3 con una pregunta: \u2018\u00bfC\u00f3mo s\u00e9 que Dios me ama? Hace poco estuve trabajando en dos trabajos a tiempo parcial, adem\u00e1s de estudiar, as\u00ed que no he orado ni le\u00eddo mucho mi Biblia. No s\u00e9 si soy suficientemente buena para Dios\u00a0ya.\u2019\u2019<\/p><\/blockquote>\n<p>Tras mirar juntos la realidad y la maravilla de la gracia de Dios en Romanos 5:1\u201311, esta estudiante decidi\u00f3 entregar su vida a Dios. Explic\u00f3 su transformaci\u00f3n:<\/p>\n<blockquote><p>\u201cSiempre intentaba esforzarme por ser una \u2018buena\u2019 cristiana, para que Dios estuviera contento conmigo y me diera las cosas que deseaba. Pero me doy cuenta que siempre se trataba de las cosas que yo quer\u00eda, y no de Dios. No amaba a Dios por qui\u00e9n es. Sin embargo, ahora comprendo cu\u00e1nto me ama y tengo hambre por leer mi Biblia y crecer para conocerle mejor.\u201d<\/p><\/blockquote>\n<p>Esta joven creyente es la \u00fanica cristiana en su ciudad, que sepamos. Necesita tus oraciones.<\/p>\n<h4>Valioso en gran\u00a0medida<\/h4>\n<p>Los recientes bautismos de seis estudiantes, uno de un trasfondo musulm\u00e1n, fueron de gran \u00e1nimo para las personas que han estado orando fielmente y sembrando ah\u00ed durante una serie de a\u00f1os. Tambi\u00e9n fue una oportunidad \u00fanica para que los amigos no-cristianos de los estudiantes fueran testigos de sus decisiones de seguir a Cristo soberano. Una chica en particular se sinti\u00f3 impactada por la realidad de su pecado tras escuchar el testimonio de uno de los estudiantes.<\/p>\n<blockquote><p>\u201cNos pidieron que or\u00e1semos por los que son nuevos a Cristo, que su fe se vea fortalecida y que perseveren hasta el final. Y orar por los que est\u00e1n pensando en el precio de seguir a Jes\u00fas, para que vean que es valioso en gran\u00a0medida.\u201d<\/p><\/blockquote>\n<h4>Paso a\u00a0paso<\/h4>\n<p>Nos anima ver que no solo se hacen nuevos disc\u00edpulos en estos campus, sino que se est\u00e1n formando nuevos hacedores de disc\u00edpulos. Este semestre, seg\u00fan se han ido graduando los estudiantes cristianos y se han ido de la universidad, ha habido una creciente necesidad de tener l\u00edderes estudiantiles que tomen su lugar. Alabamos a Dios por la forma en la que ha respondido a nuestra oraci\u00f3n:<\/p>\n<blockquote><p>\u201cMe ha animado ver a los estudiantes dar un paso tras otro. En los \u00faltimos dos meses, cinco de nuestros estudiantes han tenido la oportunidad de dirigir sus primeros estudios b\u00edblicos. Estamos tan agradecidos por ver el crecimiento y el fruto tan r\u00e1pidamente.\u201d<\/p><\/blockquote>\n<p>En otra universidad, estaban orando para tener un grupo constante que se reuniera semanalmente para sus estudios b\u00edblicos. Dios respondi\u00f3 a sus oraciones con la llegada de un novato entusiasmado que fue instrumental para atraer a otros el semestre pasado. Ahora tienen un grupo de ocho estudiantes que vienen habitualmente a abrir juntos la Biblia.<\/p>\n<h4>M\u00eda<\/h4>\n<p>Aquel que es Se\u00f1or sobre cada pulgada cuadrada del mundo est\u00e1 llamando a los estudiantes a que le sigan y proclamen. Sigamos orando para que se unan m\u00e1s a este n\u00famero el a\u00f1o que viene, especialmente en estas universidades \u2018cerradas\u2019, sobre las que el Cristo soberano sigue clamando: \u2018\u00a1M\u00eda!\u2019<\/p>\n","protected":false},"featured_media":1242,"template":"","area":[],"theme":[],"class_list":["post-1125","conexion","type-conexion","status-publish","has-post-thumbnail","hentry"],"acf":[],"yoast_head":"<!-- This site is optimized with the Yoast SEO plugin v22.6 - https:\/\/yoast.com\/wordpress\/plugins\/seo\/ -->\n<title>Cada pulgada cuadrada &#183; IFES Conexi\u00f3n Blog<\/title>\n<meta name=\"description\" content=\"Historias de salvaci\u00f3n desde los campus \u201ccerrados\u201d El pol\u00edtico Neerland\u00e9s Abraham Kupyer dijo lo siguiente en la inauguraci\u00f3n de una universidad en\" \/>\n<meta name=\"robots\" content=\"noindex, follow, max-snippet:-1, max-image-preview:large, max-video-preview:-1\" \/>\n<meta property=\"og:locale\" content=\"es_ES\" \/>\n<meta property=\"og:type\" content=\"article\" \/>\n<meta property=\"og:title\" content=\"Cada pulgada cuadrada &#183; IFES Conexi\u00f3n Blog\" \/>\n<meta property=\"og:description\" content=\"Historias de salvaci\u00f3n desde los campus \u201ccerrados\u201d El pol\u00edtico Neerland\u00e9s Abraham Kupyer dijo lo siguiente en la inauguraci\u00f3n de una universidad en\" \/>\n<meta property=\"og:url\" content=\"https:\/\/ifesworld.org\/es\/blog\/cada-pulgada-cuadrada\/\" \/>\n<meta property=\"og:site_name\" content=\"IFES\" \/>\n<meta property=\"article:modified_time\" content=\"2019-05-20T10:15:45+00:00\" \/>\n<meta property=\"og:image\" content=\"https:\/\/ifesworld.org\/wp-content\/uploads\/2019\/05\/e3cc4-1bnu43sdaydfzxtf63zhryq.jpeg\" \/>\n\t<meta property=\"og:image:width\" content=\"1200\" \/>\n\t<meta property=\"og:image:height\" content=\"675\" \/>\n\t<meta property=\"og:image:type\" content=\"image\/jpeg\" \/>\n<meta name=\"twitter:card\" content=\"summary_large_image\" \/>\n<meta name=\"twitter:label1\" content=\"Tiempo de lectura\" \/>\n\t<meta name=\"twitter:data1\" content=\"5 minutos\" \/>\n<script type=\"application\/ld+json\" class=\"yoast-schema-graph\">{\"@context\":\"https:\/\/schema.org\",\"@graph\":[{\"@type\":\"WebPage\",\"@id\":\"https:\/\/ifesworld.org\/es\/blog\/cada-pulgada-cuadrada\/\",\"url\":\"https:\/\/ifesworld.org\/es\/blog\/cada-pulgada-cuadrada\/\",\"name\":\"Cada pulgada cuadrada &#183; IFES Conexi\u00f3n Blog\",\"isPartOf\":{\"@id\":\"https:\/\/fru.ifesworld.org\/en\/#website\"},\"primaryImageOfPage\":{\"@id\":\"https:\/\/ifesworld.org\/es\/blog\/cada-pulgada-cuadrada\/#primaryimage\"},\"image\":{\"@id\":\"https:\/\/ifesworld.org\/es\/blog\/cada-pulgada-cuadrada\/#primaryimage\"},\"thumbnailUrl\":\"https:\/\/fru.ifesworld.org\/wp-content\/uploads\/2019\/05\/e3cc4-1bnu43sdaydfzxtf63zhryq.jpeg\",\"datePublished\":\"2018-02-27T11:13:26+00:00\",\"dateModified\":\"2019-05-20T10:15:45+00:00\",\"description\":\"Historias de salvaci\u00f3n desde los campus \u201ccerrados\u201d El pol\u00edtico Neerland\u00e9s Abraham Kupyer dijo lo siguiente en la inauguraci\u00f3n de una universidad en\",\"breadcrumb\":{\"@id\":\"https:\/\/ifesworld.org\/es\/blog\/cada-pulgada-cuadrada\/#breadcrumb\"},\"inLanguage\":\"es\",\"potentialAction\":[{\"@type\":\"ReadAction\",\"target\":[\"https:\/\/ifesworld.org\/es\/blog\/cada-pulgada-cuadrada\/\"]}]},{\"@type\":\"ImageObject\",\"inLanguage\":\"es\",\"@id\":\"https:\/\/ifesworld.org\/es\/blog\/cada-pulgada-cuadrada\/#primaryimage\",\"url\":\"https:\/\/fru.ifesworld.org\/wp-content\/uploads\/2019\/05\/e3cc4-1bnu43sdaydfzxtf63zhryq.jpeg\",\"contentUrl\":\"https:\/\/fru.ifesworld.org\/wp-content\/uploads\/2019\/05\/e3cc4-1bnu43sdaydfzxtf63zhryq.jpeg\",\"width\":1200,\"height\":675},{\"@type\":\"BreadcrumbList\",\"@id\":\"https:\/\/ifesworld.org\/es\/blog\/cada-pulgada-cuadrada\/#breadcrumb\",\"itemListElement\":[{\"@type\":\"ListItem\",\"position\":1,\"name\":\"Home\",\"item\":\"https:\/\/ifesworld.org\/es\/\"},{\"@type\":\"ListItem\",\"position\":2,\"name\":\"Conexi\u00f3n\",\"item\":\"https:\/\/ifesworld.org\/es\/blog\/\"},{\"@type\":\"ListItem\",\"position\":3,\"name\":\"Cada pulgada cuadrada\"}]},{\"@type\":\"WebSite\",\"@id\":\"https:\/\/fru.ifesworld.org\/en\/#website\",\"url\":\"https:\/\/fru.ifesworld.org\/en\/\",\"name\":\"IFES\",\"description\":\"A movement of students sharing and living out the good news of Jesus Christ. Locally. Nationally. Globally.\",\"publisher\":{\"@id\":\"https:\/\/fru.ifesworld.org\/en\/#organization\"},\"potentialAction\":[{\"@type\":\"SearchAction\",\"target\":{\"@type\":\"EntryPoint\",\"urlTemplate\":\"https:\/\/fru.ifesworld.org\/en\/?s={search_term_string}\"},\"query-input\":\"required name=search_term_string\"}],\"inLanguage\":\"es\"},{\"@type\":\"Organization\",\"@id\":\"https:\/\/fru.ifesworld.org\/en\/#organization\",\"name\":\"IFES \u00b7 International Fellowship of Evangelical Students\",\"url\":\"https:\/\/fru.ifesworld.org\/en\/\",\"logo\":{\"@type\":\"ImageObject\",\"inLanguage\":\"es\",\"@id\":\"https:\/\/fru.ifesworld.org\/en\/#\/schema\/logo\/image\/\",\"url\":\"https:\/\/fru.ifesworld.org\/wp-content\/uploads\/2019\/06\/ifeslogo.png\",\"contentUrl\":\"https:\/\/fru.ifesworld.org\/wp-content\/uploads\/2019\/06\/ifeslogo.png\",\"width\":262,\"height\":262,\"caption\":\"IFES \u00b7 International Fellowship of Evangelical Students\"},\"image\":{\"@id\":\"https:\/\/fru.ifesworld.org\/en\/#\/schema\/logo\/image\/\"}}]}<\/script>\n<!-- \/ Yoast SEO plugin. -->","yoast_head_json":{"title":"Cada pulgada cuadrada &#183; IFES Conexi\u00f3n Blog","description":"Historias de salvaci\u00f3n desde los campus \u201ccerrados\u201d El pol\u00edtico Neerland\u00e9s Abraham Kupyer dijo lo siguiente en la inauguraci\u00f3n de una universidad en","robots":{"index":"noindex","follow":"follow","max-snippet":"max-snippet:-1","max-image-preview":"max-image-preview:large","max-video-preview":"max-video-preview:-1"},"og_locale":"es_ES","og_type":"article","og_title":"Cada pulgada cuadrada &#183; IFES Conexi\u00f3n Blog","og_description":"Historias de salvaci\u00f3n desde los campus \u201ccerrados\u201d El pol\u00edtico Neerland\u00e9s Abraham Kupyer dijo lo siguiente en la inauguraci\u00f3n de una universidad en","og_url":"https:\/\/ifesworld.org\/es\/blog\/cada-pulgada-cuadrada\/","og_site_name":"IFES","article_modified_time":"2019-05-20T10:15:45+00:00","og_image":[{"width":1200,"height":675,"url":"https:\/\/ifesworld.org\/wp-content\/uploads\/2019\/05\/e3cc4-1bnu43sdaydfzxtf63zhryq.jpeg","type":"image\/jpeg"}],"twitter_card":"summary_large_image","twitter_misc":{"Tiempo de lectura":"5 minutos"},"schema":{"@context":"https:\/\/schema.org","@graph":[{"@type":"WebPage","@id":"https:\/\/ifesworld.org\/es\/blog\/cada-pulgada-cuadrada\/","url":"https:\/\/ifesworld.org\/es\/blog\/cada-pulgada-cuadrada\/","name":"Cada pulgada cuadrada &#183; IFES Conexi\u00f3n Blog","isPartOf":{"@id":"https:\/\/fru.ifesworld.org\/en\/#website"},"primaryImageOfPage":{"@id":"https:\/\/ifesworld.org\/es\/blog\/cada-pulgada-cuadrada\/#primaryimage"},"image":{"@id":"https:\/\/ifesworld.org\/es\/blog\/cada-pulgada-cuadrada\/#primaryimage"},"thumbnailUrl":"https:\/\/fru.ifesworld.org\/wp-content\/uploads\/2019\/05\/e3cc4-1bnu43sdaydfzxtf63zhryq.jpeg","datePublished":"2018-02-27T11:13:26+00:00","dateModified":"2019-05-20T10:15:45+00:00","description":"Historias de salvaci\u00f3n desde los campus \u201ccerrados\u201d El pol\u00edtico Neerland\u00e9s Abraham Kupyer dijo lo siguiente en la inauguraci\u00f3n de una universidad en","breadcrumb":{"@id":"https:\/\/ifesworld.org\/es\/blog\/cada-pulgada-cuadrada\/#breadcrumb"},"inLanguage":"es","potentialAction":[{"@type":"ReadAction","target":["https:\/\/ifesworld.org\/es\/blog\/cada-pulgada-cuadrada\/"]}]},{"@type":"ImageObject","inLanguage":"es","@id":"https:\/\/ifesworld.org\/es\/blog\/cada-pulgada-cuadrada\/#primaryimage","url":"https:\/\/fru.ifesworld.org\/wp-content\/uploads\/2019\/05\/e3cc4-1bnu43sdaydfzxtf63zhryq.jpeg","contentUrl":"https:\/\/fru.ifesworld.org\/wp-content\/uploads\/2019\/05\/e3cc4-1bnu43sdaydfzxtf63zhryq.jpeg","width":1200,"height":675},{"@type":"BreadcrumbList","@id":"https:\/\/ifesworld.org\/es\/blog\/cada-pulgada-cuadrada\/#breadcrumb","itemListElement":[{"@type":"ListItem","position":1,"name":"Home","item":"https:\/\/ifesworld.org\/es\/"},{"@type":"ListItem","position":2,"name":"Conexi\u00f3n","item":"https:\/\/ifesworld.org\/es\/blog\/"},{"@type":"ListItem","position":3,"name":"Cada pulgada cuadrada"}]},{"@type":"WebSite","@id":"https:\/\/fru.ifesworld.org\/en\/#website","url":"https:\/\/fru.ifesworld.org\/en\/","name":"IFES","description":"A movement of students sharing and living out the good news of Jesus Christ. Locally. Nationally. Globally.","publisher":{"@id":"https:\/\/fru.ifesworld.org\/en\/#organization"},"potentialAction":[{"@type":"SearchAction","target":{"@type":"EntryPoint","urlTemplate":"https:\/\/fru.ifesworld.org\/en\/?s={search_term_string}"},"query-input":"required name=search_term_string"}],"inLanguage":"es"},{"@type":"Organization","@id":"https:\/\/fru.ifesworld.org\/en\/#organization","name":"IFES \u00b7 International Fellowship of Evangelical Students","url":"https:\/\/fru.ifesworld.org\/en\/","logo":{"@type":"ImageObject","inLanguage":"es","@id":"https:\/\/fru.ifesworld.org\/en\/#\/schema\/logo\/image\/","url":"https:\/\/fru.ifesworld.org\/wp-content\/uploads\/2019\/06\/ifeslogo.png","contentUrl":"https:\/\/fru.ifesworld.org\/wp-content\/uploads\/2019\/06\/ifeslogo.png","width":262,"height":262,"caption":"IFES \u00b7 International Fellowship of Evangelical Students"},"image":{"@id":"https:\/\/fru.ifesworld.org\/en\/#\/schema\/logo\/image\/"}}]}},"_links":{"self":[{"href":"https:\/\/fru.ifesworld.org\/es\/wp-json\/wp\/v2\/conexion\/1125"}],"collection":[{"href":"https:\/\/fru.ifesworld.org\/es\/wp-json\/wp\/v2\/conexion"}],"about":[{"href":"https:\/\/fru.ifesworld.org\/es\/wp-json\/wp\/v2\/types\/conexion"}],"wp:featuredmedia":[{"embeddable":true,"href":"https:\/\/fru.ifesworld.org\/es\/wp-json\/wp\/v2\/media\/1242"}],"wp:attachment":[{"href":"https:\/\/fru.ifesworld.org\/es\/wp-json\/wp\/v2\/media?parent=1125"}],"wp:term":[{"taxonomy":"area","embeddable":true,"href":"https:\/\/fru.ifesworld.org\/es\/wp-json\/wp\/v2\/area?post=1125"},{"taxonomy":"theme","embeddable":true,"href":"https:\/\/fru.ifesworld.org\/es\/wp-json\/wp\/v2\/theme?post=1125"}],"curies":[{"name":"wp","href":"https:\/\/api.w.org\/{rel}","templated":true}]}}