{"id":1118,"date":"2017-12-15T12:01:59","date_gmt":"2017-12-15T12:01:59","guid":{"rendered":"https:\/\/fru.ifesworld.org\/conexion\/lo-que-vieron-los-sabios-de-oriente\/"},"modified":"2019-05-20T10:23:17","modified_gmt":"2019-05-20T10:23:17","slug":"lo-que-vieron-los-sabios-de-oriente","status":"publish","type":"conexion","link":"https:\/\/fru.ifesworld.org\/es\/blog\/lo-que-vieron-los-sabios-de-oriente\/","title":{"rendered":"Lo que vieron los sabios de Oriente"},"content":{"rendered":"<h4>Lecciones desde Ben\u00edn para celebrar la\u00a0Navidad.<\/h4>\n<blockquote><p>\u00abDespu\u00e9s de que Jes\u00fas naci\u00f3 en Bel\u00e9n de Judea en tiempos del rey Herodes, llegaron a Jerusal\u00e9n unos sabios procedentes del Oriente.\u200a\u2014\u200a\u00bfD\u00f3nde est\u00e1 el que ha nacido rey de los jud\u00edos?\u200a\u2014\u200apreguntaron-. Vimos levantarse su estrella y hemos venido a adorarlo.<\/p><\/blockquote>\n<blockquote><p>Cuando oy\u00f3 el rey Herodes, se turb\u00f3, y toda Jerusal\u00e9n con \u00e9l. As\u00ed que convoc\u00f3 de entre el pueblo a todos los jefes de los sacerdotes y maestros de la ley, y les pregunt\u00f3 d\u00f3nde hab\u00eda de nacer el Cristo.<\/p><\/blockquote>\n<blockquote><p>Mateo 2:1\u20134, NVI <a href=\"https:\/\/www.biblegateway.com\/passage\/?search=Mateo+2%3A1-12&amp;version=NVI\" target=\"_blank\" rel=\"noopener noreferrer\">(Lea el texto entero\u200a\u2014\u200aMateo 2:1\u201312)<\/a><\/p><\/blockquote>\n<p>En este pasaje, encontramos tres maneras de entender el nacimiento de Jes\u00fas que corresponden a tres tipos de relaci\u00f3n que podemos llegar a tener con \u00e9l: la de los sabios (adoraci\u00f3n), la de los l\u00edderes religiosos (indiferencia) y la de Herodes (persecuci\u00f3n).<\/p>\n<p>Los sabios, extranjeros a la naci\u00f3n y al Dios de Israel, vienen de muy lejos para adorar al Rey de los jud\u00edos, cuya estrella han visto levantarse. Dios usa los elementos de sus creencias para revelarse a ellos, lo que nos ense\u00f1a que Jes\u00fas vino para todos, sin tener en cuenta su religi\u00f3n. La Navidad debe recordarnos a aquellos que a\u00fan no son cristianos y hacernos comprender que nadie est\u00e1 demasiado lejos de Dios como para no tener la esperanza de ser atra\u00eddo hacia \u00c9l.<\/p>\n<p>La indiferencia de los l\u00edderes religiosos a pesar de su gran conocimiento sobre el Mes\u00edas nos sorprende. \u00bfNos hemos acostumbrado nosotros tambi\u00e9n a las cosas de Dios en general, y a la celebraci\u00f3n del nacimiento de Jes\u00fas en particular, hasta tal punto que descuidamos nuestra relaci\u00f3n con \u00c9l y su vida nos es ajena?<\/p>\n<p>Herodes no conoc\u00eda a Dios pero, astutamente, us\u00f3 el conocimiento de los l\u00edderes religiosos para poder acabar con la existencia de Jes\u00fas. Nosotros tambi\u00e9n podemos caer en la trampa que hace de la Navidad una mera celebraci\u00f3n comercial, donde el v\u00ednculo con Dios se ha perdido para beneficio del capitalismo.<\/p>\n<p>La Navidad deber\u00eda ser para todos los creyentes una celebraci\u00f3n de la fidelidad de un Dios que guarda sus promesas, de su amor que no excluye a nadie y de su omnipotencia, mediante la cual siempre logra sus prop\u00f3sitos.<\/p>\n<p><strong>Mombinou Dorichamou<\/strong>, <em>Desarrollo y comunicaci\u00f3n, IFES \u00c1frica franc\u00f3fona.<\/em><\/p>\n<p><em>Pasaje de La Santa Biblia, Nueva Versi\u00f3n Internacional\u00ae, NVI\u00ae. Copyright \u00a9 1986, 1999, 2015 por Biblica, Inc.\u2122. Usado con el permiso de Zondervan. Todos los derechos reservados. <\/em><a href=\"http:\/\/www.zondervan.com\/\" target=\"_blank\" rel=\"noopener noreferrer\">www.zondervan.com<\/a><em> La \u201cNVI\u201d y la \u201cNueva Versi\u00f3n Internacional\u201d son marcas registradas en la Oficina de Patentes y Marcas de los Estados Unidos por Biblica, Inc.\u2122<\/em><\/p>\n<figure><\/figure>\n","protected":false},"featured_media":1218,"template":"","area":[],"theme":[],"class_list":["post-1118","conexion","type-conexion","status-publish","has-post-thumbnail","hentry"],"acf":[],"yoast_head":"<!-- This site is optimized with the Yoast SEO plugin v22.6 - https:\/\/yoast.com\/wordpress\/plugins\/seo\/ -->\n<title>Lo que vieron los sabios de Oriente &#183; IFES Conexi\u00f3n Blog<\/title>\n<meta name=\"description\" content=\"Lecciones desde Ben\u00edn para celebrar la\u00a0Navidad. \u00abDespu\u00e9s de que Jes\u00fas naci\u00f3 en Bel\u00e9n de Judea en tiempos del rey Herodes, llegaron a Jerusal\u00e9n unos sabios\" \/>\n<meta name=\"robots\" content=\"noindex, follow, max-snippet:-1, max-image-preview:large, max-video-preview:-1\" \/>\n<meta property=\"og:locale\" content=\"es_ES\" \/>\n<meta property=\"og:type\" content=\"article\" \/>\n<meta property=\"og:title\" content=\"Lo que vieron los sabios de Oriente &#183; IFES Conexi\u00f3n Blog\" \/>\n<meta property=\"og:description\" content=\"Lecciones desde Ben\u00edn para celebrar la\u00a0Navidad. \u00abDespu\u00e9s de que Jes\u00fas naci\u00f3 en Bel\u00e9n de Judea en tiempos del rey Herodes, llegaron a Jerusal\u00e9n unos sabios\" \/>\n<meta property=\"og:url\" content=\"https:\/\/ifesworld.org\/es\/blog\/lo-que-vieron-los-sabios-de-oriente\/\" \/>\n<meta property=\"og:site_name\" content=\"IFES\" \/>\n<meta property=\"article:modified_time\" content=\"2019-05-20T10:23:17+00:00\" \/>\n<meta property=\"og:image\" content=\"https:\/\/ifesworld.org\/wp-content\/uploads\/2019\/05\/c6082-1etmacl5ulig_a4yyaymyzw.jpeg\" \/>\n\t<meta property=\"og:image:width\" content=\"1200\" \/>\n\t<meta property=\"og:image:height\" content=\"543\" \/>\n\t<meta property=\"og:image:type\" content=\"image\/jpeg\" \/>\n<meta name=\"twitter:card\" content=\"summary_large_image\" \/>\n<meta name=\"twitter:label1\" content=\"Tiempo de lectura\" \/>\n\t<meta name=\"twitter:data1\" content=\"2 minutos\" \/>\n<script type=\"application\/ld+json\" class=\"yoast-schema-graph\">{\"@context\":\"https:\/\/schema.org\",\"@graph\":[{\"@type\":\"WebPage\",\"@id\":\"https:\/\/ifesworld.org\/es\/blog\/lo-que-vieron-los-sabios-de-oriente\/\",\"url\":\"https:\/\/ifesworld.org\/es\/blog\/lo-que-vieron-los-sabios-de-oriente\/\",\"name\":\"Lo que vieron los sabios de Oriente &#183; IFES Conexi\u00f3n Blog\",\"isPartOf\":{\"@id\":\"https:\/\/fru.ifesworld.org\/en\/#website\"},\"primaryImageOfPage\":{\"@id\":\"https:\/\/ifesworld.org\/es\/blog\/lo-que-vieron-los-sabios-de-oriente\/#primaryimage\"},\"image\":{\"@id\":\"https:\/\/ifesworld.org\/es\/blog\/lo-que-vieron-los-sabios-de-oriente\/#primaryimage\"},\"thumbnailUrl\":\"https:\/\/fru.ifesworld.org\/wp-content\/uploads\/2019\/05\/c6082-1etmacl5ulig_a4yyaymyzw.jpeg\",\"datePublished\":\"2017-12-15T12:01:59+00:00\",\"dateModified\":\"2019-05-20T10:23:17+00:00\",\"description\":\"Lecciones desde Ben\u00edn para celebrar la\u00a0Navidad. \u00abDespu\u00e9s de que Jes\u00fas naci\u00f3 en Bel\u00e9n de Judea en tiempos del rey Herodes, llegaron a Jerusal\u00e9n unos sabios\",\"breadcrumb\":{\"@id\":\"https:\/\/ifesworld.org\/es\/blog\/lo-que-vieron-los-sabios-de-oriente\/#breadcrumb\"},\"inLanguage\":\"es\",\"potentialAction\":[{\"@type\":\"ReadAction\",\"target\":[\"https:\/\/ifesworld.org\/es\/blog\/lo-que-vieron-los-sabios-de-oriente\/\"]}]},{\"@type\":\"ImageObject\",\"inLanguage\":\"es\",\"@id\":\"https:\/\/ifesworld.org\/es\/blog\/lo-que-vieron-los-sabios-de-oriente\/#primaryimage\",\"url\":\"https:\/\/fru.ifesworld.org\/wp-content\/uploads\/2019\/05\/c6082-1etmacl5ulig_a4yyaymyzw.jpeg\",\"contentUrl\":\"https:\/\/fru.ifesworld.org\/wp-content\/uploads\/2019\/05\/c6082-1etmacl5ulig_a4yyaymyzw.jpeg\",\"width\":1200,\"height\":543},{\"@type\":\"BreadcrumbList\",\"@id\":\"https:\/\/ifesworld.org\/es\/blog\/lo-que-vieron-los-sabios-de-oriente\/#breadcrumb\",\"itemListElement\":[{\"@type\":\"ListItem\",\"position\":1,\"name\":\"Home\",\"item\":\"https:\/\/ifesworld.org\/es\/\"},{\"@type\":\"ListItem\",\"position\":2,\"name\":\"Conexi\u00f3n\",\"item\":\"https:\/\/ifesworld.org\/es\/blog\/\"},{\"@type\":\"ListItem\",\"position\":3,\"name\":\"Lo que vieron los sabios de Oriente\"}]},{\"@type\":\"WebSite\",\"@id\":\"https:\/\/fru.ifesworld.org\/en\/#website\",\"url\":\"https:\/\/fru.ifesworld.org\/en\/\",\"name\":\"IFES\",\"description\":\"A movement of students sharing and living out the good news of Jesus Christ. Locally. Nationally. Globally.\",\"publisher\":{\"@id\":\"https:\/\/fru.ifesworld.org\/en\/#organization\"},\"potentialAction\":[{\"@type\":\"SearchAction\",\"target\":{\"@type\":\"EntryPoint\",\"urlTemplate\":\"https:\/\/fru.ifesworld.org\/en\/?s={search_term_string}\"},\"query-input\":\"required name=search_term_string\"}],\"inLanguage\":\"es\"},{\"@type\":\"Organization\",\"@id\":\"https:\/\/fru.ifesworld.org\/en\/#organization\",\"name\":\"IFES \u00b7 International Fellowship of Evangelical Students\",\"url\":\"https:\/\/fru.ifesworld.org\/en\/\",\"logo\":{\"@type\":\"ImageObject\",\"inLanguage\":\"es\",\"@id\":\"https:\/\/fru.ifesworld.org\/en\/#\/schema\/logo\/image\/\",\"url\":\"https:\/\/fru.ifesworld.org\/wp-content\/uploads\/2019\/06\/ifeslogo.png\",\"contentUrl\":\"https:\/\/fru.ifesworld.org\/wp-content\/uploads\/2019\/06\/ifeslogo.png\",\"width\":262,\"height\":262,\"caption\":\"IFES \u00b7 International Fellowship of Evangelical Students\"},\"image\":{\"@id\":\"https:\/\/fru.ifesworld.org\/en\/#\/schema\/logo\/image\/\"}}]}<\/script>\n<!-- \/ Yoast SEO plugin. -->","yoast_head_json":{"title":"Lo que vieron los sabios de Oriente &#183; IFES Conexi\u00f3n Blog","description":"Lecciones desde Ben\u00edn para celebrar la\u00a0Navidad. \u00abDespu\u00e9s de que Jes\u00fas naci\u00f3 en Bel\u00e9n de Judea en tiempos del rey Herodes, llegaron a Jerusal\u00e9n unos sabios","robots":{"index":"noindex","follow":"follow","max-snippet":"max-snippet:-1","max-image-preview":"max-image-preview:large","max-video-preview":"max-video-preview:-1"},"og_locale":"es_ES","og_type":"article","og_title":"Lo que vieron los sabios de Oriente &#183; IFES Conexi\u00f3n Blog","og_description":"Lecciones desde Ben\u00edn para celebrar la\u00a0Navidad. \u00abDespu\u00e9s de que Jes\u00fas naci\u00f3 en Bel\u00e9n de Judea en tiempos del rey Herodes, llegaron a Jerusal\u00e9n unos sabios","og_url":"https:\/\/ifesworld.org\/es\/blog\/lo-que-vieron-los-sabios-de-oriente\/","og_site_name":"IFES","article_modified_time":"2019-05-20T10:23:17+00:00","og_image":[{"width":1200,"height":543,"url":"https:\/\/ifesworld.org\/wp-content\/uploads\/2019\/05\/c6082-1etmacl5ulig_a4yyaymyzw.jpeg","type":"image\/jpeg"}],"twitter_card":"summary_large_image","twitter_misc":{"Tiempo de lectura":"2 minutos"},"schema":{"@context":"https:\/\/schema.org","@graph":[{"@type":"WebPage","@id":"https:\/\/ifesworld.org\/es\/blog\/lo-que-vieron-los-sabios-de-oriente\/","url":"https:\/\/ifesworld.org\/es\/blog\/lo-que-vieron-los-sabios-de-oriente\/","name":"Lo que vieron los sabios de Oriente &#183; IFES Conexi\u00f3n Blog","isPartOf":{"@id":"https:\/\/fru.ifesworld.org\/en\/#website"},"primaryImageOfPage":{"@id":"https:\/\/ifesworld.org\/es\/blog\/lo-que-vieron-los-sabios-de-oriente\/#primaryimage"},"image":{"@id":"https:\/\/ifesworld.org\/es\/blog\/lo-que-vieron-los-sabios-de-oriente\/#primaryimage"},"thumbnailUrl":"https:\/\/fru.ifesworld.org\/wp-content\/uploads\/2019\/05\/c6082-1etmacl5ulig_a4yyaymyzw.jpeg","datePublished":"2017-12-15T12:01:59+00:00","dateModified":"2019-05-20T10:23:17+00:00","description":"Lecciones desde Ben\u00edn para celebrar la\u00a0Navidad. \u00abDespu\u00e9s de que Jes\u00fas naci\u00f3 en Bel\u00e9n de Judea en tiempos del rey Herodes, llegaron a Jerusal\u00e9n unos sabios","breadcrumb":{"@id":"https:\/\/ifesworld.org\/es\/blog\/lo-que-vieron-los-sabios-de-oriente\/#breadcrumb"},"inLanguage":"es","potentialAction":[{"@type":"ReadAction","target":["https:\/\/ifesworld.org\/es\/blog\/lo-que-vieron-los-sabios-de-oriente\/"]}]},{"@type":"ImageObject","inLanguage":"es","@id":"https:\/\/ifesworld.org\/es\/blog\/lo-que-vieron-los-sabios-de-oriente\/#primaryimage","url":"https:\/\/fru.ifesworld.org\/wp-content\/uploads\/2019\/05\/c6082-1etmacl5ulig_a4yyaymyzw.jpeg","contentUrl":"https:\/\/fru.ifesworld.org\/wp-content\/uploads\/2019\/05\/c6082-1etmacl5ulig_a4yyaymyzw.jpeg","width":1200,"height":543},{"@type":"BreadcrumbList","@id":"https:\/\/ifesworld.org\/es\/blog\/lo-que-vieron-los-sabios-de-oriente\/#breadcrumb","itemListElement":[{"@type":"ListItem","position":1,"name":"Home","item":"https:\/\/ifesworld.org\/es\/"},{"@type":"ListItem","position":2,"name":"Conexi\u00f3n","item":"https:\/\/ifesworld.org\/es\/blog\/"},{"@type":"ListItem","position":3,"name":"Lo que vieron los sabios de Oriente"}]},{"@type":"WebSite","@id":"https:\/\/fru.ifesworld.org\/en\/#website","url":"https:\/\/fru.ifesworld.org\/en\/","name":"IFES","description":"A movement of students sharing and living out the good news of Jesus Christ. Locally. Nationally. Globally.","publisher":{"@id":"https:\/\/fru.ifesworld.org\/en\/#organization"},"potentialAction":[{"@type":"SearchAction","target":{"@type":"EntryPoint","urlTemplate":"https:\/\/fru.ifesworld.org\/en\/?s={search_term_string}"},"query-input":"required name=search_term_string"}],"inLanguage":"es"},{"@type":"Organization","@id":"https:\/\/fru.ifesworld.org\/en\/#organization","name":"IFES \u00b7 International Fellowship of Evangelical Students","url":"https:\/\/fru.ifesworld.org\/en\/","logo":{"@type":"ImageObject","inLanguage":"es","@id":"https:\/\/fru.ifesworld.org\/en\/#\/schema\/logo\/image\/","url":"https:\/\/fru.ifesworld.org\/wp-content\/uploads\/2019\/06\/ifeslogo.png","contentUrl":"https:\/\/fru.ifesworld.org\/wp-content\/uploads\/2019\/06\/ifeslogo.png","width":262,"height":262,"caption":"IFES \u00b7 International Fellowship of Evangelical Students"},"image":{"@id":"https:\/\/fru.ifesworld.org\/en\/#\/schema\/logo\/image\/"}}]}},"_links":{"self":[{"href":"https:\/\/fru.ifesworld.org\/es\/wp-json\/wp\/v2\/conexion\/1118"}],"collection":[{"href":"https:\/\/fru.ifesworld.org\/es\/wp-json\/wp\/v2\/conexion"}],"about":[{"href":"https:\/\/fru.ifesworld.org\/es\/wp-json\/wp\/v2\/types\/conexion"}],"wp:featuredmedia":[{"embeddable":true,"href":"https:\/\/fru.ifesworld.org\/es\/wp-json\/wp\/v2\/media\/1218"}],"wp:attachment":[{"href":"https:\/\/fru.ifesworld.org\/es\/wp-json\/wp\/v2\/media?parent=1118"}],"wp:term":[{"taxonomy":"area","embeddable":true,"href":"https:\/\/fru.ifesworld.org\/es\/wp-json\/wp\/v2\/area?post=1118"},{"taxonomy":"theme","embeddable":true,"href":"https:\/\/fru.ifesworld.org\/es\/wp-json\/wp\/v2\/theme?post=1118"}],"curies":[{"name":"wp","href":"https:\/\/api.w.org\/{rel}","templated":true}]}}