{"id":1090,"date":"2017-08-02T15:39:40","date_gmt":"2017-08-02T14:39:40","guid":{"rendered":"https:\/\/fru.ifesworld.org\/conexion\/la-ultima-palabra-escuchar-a-dios\/"},"modified":"2019-05-20T14:08:11","modified_gmt":"2019-05-20T14:08:11","slug":"la-ultima-palabra-escuchar-a-dios","status":"publish","type":"conexion","link":"https:\/\/fru.ifesworld.org\/es\/blog\/la-ultima-palabra-escuchar-a-dios\/","title":{"rendered":"La \u00faltima palabra: escuchar a Dios"},"content":{"rendered":"<h4>Lecciones sobre descansar del ministerio.<\/h4>\n<p>En medio de nuestro mundo ajetreado y nuestras vidas ocupadas, podemos sentirnos presionados por todo tipo de actividades y encontrarnos cada vez m\u00e1s distra\u00eddos. Necesitamos apartar un tiempo para escuchar, para clamar a Dios esperando que nos hable. Y como Dios habla de formas diferentes, tenemos que discernir activamente lo que nos est\u00e1 diciendo. Debemos escuchar a Dios por medio de su Esp\u00edritu Santo<strong>, <\/strong>por medio de lo que nos dice en las Escrituras y por medio del mundo que nos rodea<strong>.<\/strong><\/p>\n<p>David Bahena (Secretario Regional de IFES para Am\u00e9rica Latina) ha tenido varios encuentros especiales con el Se\u00f1or durante los \u00faltimos nueve meses al ampliar sus estudios en el Seminario Teol\u00f3gico Fuller en California, EE.UU. Lo invit\u00e9 a que compartiera con nosotros.<\/p>\n<p>Daniel Bourdann\u00e9<br \/>\nSecretario General de IFES<\/p>\n<hr \/>\n<h3><strong>Reposo, recreaci\u00f3n y renovaci\u00f3n<\/strong><\/h3>\n<p>\u201cTras muchos a\u00f1os de servicio en el ministerio, es muy f\u00e1cil convertirse en un \u2018bur\u00f3crata\u2019 del evangelio y hacer las cosas por rutina, olvidando por qu\u00e9 y para qui\u00e9n las llevamos a cabo. A causa de la cantidad de trabajo y la urgencia de la misi\u00f3n, muy a menudo descuidamos nuestra salud, familia y relaci\u00f3n con el Se\u00f1or. Acabamos exhaustos o incluso quemados, con nuestra familia destruida, frustrada y enferma. Los per\u00edodos sab\u00e1ticos pasan a ejercer una funci\u00f3n muy importante. Es un tiempo de reposo, recreaci\u00f3n y renovaci\u00f3n y de escuchar la voz de Dios, de la familia y de uno mismo.<\/p>\n<p>\u201cDoy gracias a Dios porque en este per\u00edodo sab\u00e1tico hemos tenido muchas ocasiones como familia de pasear juntos, de reconectar y de reencontrarnos con nosotros mismos, de cultivar conversaciones profundas unos con otros. Han sido experiencias que nos acompa\u00f1ar\u00e1n como familia en la pr\u00f3xima etapa de nuestra obediencia.<\/p>\n<p>\u201cTambi\u00e9n profundizamos y redescubrimos la riqueza de la vida en la hospitalidad y la comunidad. Esto sin duda ha sido uno de los mejores aspectos y lecciones de este per\u00edodo sab\u00e1tico. Pudimos disfrutar y aprender de la comunidad acad\u00e9mica de Fuller, de la comunidad en la iglesia de Eagle Rock y de la comunidad de amigos y vecinos en Providence Mission Homes.<\/p>\n<h3><strong>Los ritmos de vida y de ministerio<\/strong><\/h3>\n<p>\u201cHemos aprendido a ser conscientes de los ritmos de vida y de ministerio. Nuestro tiempo sab\u00e1tico const\u00f3 de tres etapas muy claras: primero pasamos enfermedad y cansancio; despu\u00e9s empezamos a descansar y a relajarnos; y al final experimentamos un tiempo de celebraci\u00f3n y gozo. Con esto aprendimos que s\u00f3lo es posible recuperar el gozo, la salud y la satisfacci\u00f3n en la vida con buenos ritmos de vida y de ministerio. El descanso es sin duda el reto m\u00e1s grande. Requiere gran humildad, coraje y una buena teolog\u00eda.<\/p>\n<p>\u201cAl final fuimos conscientes de la realidad actual de nuestro mundo y permitimos que este contexto nos afectara. Llegamos a los Estados Unidos en medio de la campa\u00f1a electoral y la llegada de un nuevo presidente. Hemos visto el dolor, la injusticia y la incertidumbre de las familias inmigrantes. Hubo conversaciones dolorosas en la escuela de los ni\u00f1os, en nuestra iglesia y en el seminario. Al mismo tiempo tuvimos esperanza al ver a las iglesias, escuelas y organizaciones sociales organizarse para defender a los m\u00e1s vulnerables.<\/p>\n<p>\u201cLlegu\u00e9 para pasar un tiempo sab\u00e1tico, tras veinte a\u00f1os de ministerio, con muchos miedos y preocupaciones, por el futuro y por mi salud f\u00edsica, emocional, espiritual y econ\u00f3mica. El pasaje que nos ha acompa\u00f1ado ha sido 1 Pedro 1:3\u20135.<\/p>\n<blockquote><p>\u2018\u00a1Alabado sea Dios, Padre de nuestro Se\u00f1or Jesucristo! Por su gran misericordia, nos ha hecho nacer de nuevo mediante la resurrecci\u00f3n de Jesucristo, para que tengamos una esperanza viva y recibamos una herencia indestructible, incontaminada e inmarchitable. Tal herencia est\u00e1 reservada en el cielo para ustedes, a quienes el poder de Dios protege mediante la fe hasta que llegue la salvaci\u00f3n que se ha de revelar en los \u00faltimos tiempos\u2019. (NVI)<\/p><\/blockquote>\n<p>\u201cDios nos asegur\u00f3 que tenemos lo necesario para nuestra vida y nuestro ministerio en esta nueva d\u00e9cada. Nos ha dado una herencia indestructible, impoluta e inmutable para que el ministerio siga creciendo incluso en medio del desierto con sus cambios y peligros. De esta forma Dios renov\u00f3 nuestra confianza y nos invit\u00f3 a unirnos al trabajo que est\u00e1 haciendo en este ministerio\u201d.<\/p>\n","protected":false},"featured_media":1190,"template":"","area":[],"theme":[],"class_list":["post-1090","conexion","type-conexion","status-publish","has-post-thumbnail","hentry"],"acf":[],"yoast_head":"<!-- This site is optimized with the Yoast SEO plugin v22.6 - https:\/\/yoast.com\/wordpress\/plugins\/seo\/ -->\n<title>La \u00faltima palabra: escuchar a Dios &#183; IFES Conexi\u00f3n Blog<\/title>\n<meta name=\"description\" content=\"Lecciones sobre descansar del ministerio. En medio de nuestro mundo ajetreado y nuestras vidas ocupadas, podemos sentirnos presionados por todo tipo de\" \/>\n<meta name=\"robots\" content=\"noindex, follow, max-snippet:-1, max-image-preview:large, max-video-preview:-1\" \/>\n<meta property=\"og:locale\" content=\"es_ES\" \/>\n<meta property=\"og:type\" content=\"article\" \/>\n<meta property=\"og:title\" content=\"La \u00faltima palabra: escuchar a Dios &#183; IFES Conexi\u00f3n Blog\" \/>\n<meta property=\"og:description\" content=\"Lecciones sobre descansar del ministerio. En medio de nuestro mundo ajetreado y nuestras vidas ocupadas, podemos sentirnos presionados por todo tipo de\" \/>\n<meta property=\"og:url\" content=\"https:\/\/ifesworld.org\/es\/blog\/la-ultima-palabra-escuchar-a-dios\/\" \/>\n<meta property=\"og:site_name\" content=\"IFES\" \/>\n<meta property=\"article:modified_time\" content=\"2019-05-20T14:08:11+00:00\" \/>\n<meta property=\"og:image\" content=\"https:\/\/ifesworld.org\/wp-content\/uploads\/2019\/05\/b37aa-11kwrq8-1-gfij2pvdbqa1w.jpeg\" \/>\n\t<meta property=\"og:image:width\" content=\"2560\" \/>\n\t<meta property=\"og:image:height\" content=\"1440\" \/>\n\t<meta property=\"og:image:type\" content=\"image\/jpeg\" \/>\n<meta name=\"twitter:card\" content=\"summary_large_image\" \/>\n<meta name=\"twitter:label1\" content=\"Tiempo de lectura\" \/>\n\t<meta name=\"twitter:data1\" content=\"4 minutos\" \/>\n<script type=\"application\/ld+json\" class=\"yoast-schema-graph\">{\"@context\":\"https:\/\/schema.org\",\"@graph\":[{\"@type\":\"WebPage\",\"@id\":\"https:\/\/ifesworld.org\/es\/blog\/la-ultima-palabra-escuchar-a-dios\/\",\"url\":\"https:\/\/ifesworld.org\/es\/blog\/la-ultima-palabra-escuchar-a-dios\/\",\"name\":\"La \u00faltima palabra: escuchar a Dios &#183; IFES Conexi\u00f3n Blog\",\"isPartOf\":{\"@id\":\"https:\/\/fru.ifesworld.org\/en\/#website\"},\"primaryImageOfPage\":{\"@id\":\"https:\/\/ifesworld.org\/es\/blog\/la-ultima-palabra-escuchar-a-dios\/#primaryimage\"},\"image\":{\"@id\":\"https:\/\/ifesworld.org\/es\/blog\/la-ultima-palabra-escuchar-a-dios\/#primaryimage\"},\"thumbnailUrl\":\"https:\/\/fru.ifesworld.org\/wp-content\/uploads\/2019\/05\/b37aa-11kwrq8-1-gfij2pvdbqa1w.jpeg\",\"datePublished\":\"2017-08-02T14:39:40+00:00\",\"dateModified\":\"2019-05-20T14:08:11+00:00\",\"description\":\"Lecciones sobre descansar del ministerio. En medio de nuestro mundo ajetreado y nuestras vidas ocupadas, podemos sentirnos presionados por todo tipo de\",\"breadcrumb\":{\"@id\":\"https:\/\/ifesworld.org\/es\/blog\/la-ultima-palabra-escuchar-a-dios\/#breadcrumb\"},\"inLanguage\":\"es\",\"potentialAction\":[{\"@type\":\"ReadAction\",\"target\":[\"https:\/\/ifesworld.org\/es\/blog\/la-ultima-palabra-escuchar-a-dios\/\"]}]},{\"@type\":\"ImageObject\",\"inLanguage\":\"es\",\"@id\":\"https:\/\/ifesworld.org\/es\/blog\/la-ultima-palabra-escuchar-a-dios\/#primaryimage\",\"url\":\"https:\/\/fru.ifesworld.org\/wp-content\/uploads\/2019\/05\/b37aa-11kwrq8-1-gfij2pvdbqa1w.jpeg\",\"contentUrl\":\"https:\/\/fru.ifesworld.org\/wp-content\/uploads\/2019\/05\/b37aa-11kwrq8-1-gfij2pvdbqa1w.jpeg\",\"width\":2560,\"height\":1440},{\"@type\":\"BreadcrumbList\",\"@id\":\"https:\/\/ifesworld.org\/es\/blog\/la-ultima-palabra-escuchar-a-dios\/#breadcrumb\",\"itemListElement\":[{\"@type\":\"ListItem\",\"position\":1,\"name\":\"Home\",\"item\":\"https:\/\/ifesworld.org\/es\/\"},{\"@type\":\"ListItem\",\"position\":2,\"name\":\"Conexi\u00f3n\",\"item\":\"https:\/\/ifesworld.org\/es\/blog\/\"},{\"@type\":\"ListItem\",\"position\":3,\"name\":\"La \u00faltima palabra: escuchar a Dios\"}]},{\"@type\":\"WebSite\",\"@id\":\"https:\/\/fru.ifesworld.org\/en\/#website\",\"url\":\"https:\/\/fru.ifesworld.org\/en\/\",\"name\":\"IFES\",\"description\":\"A movement of students sharing and living out the good news of Jesus Christ. Locally. Nationally. Globally.\",\"publisher\":{\"@id\":\"https:\/\/fru.ifesworld.org\/en\/#organization\"},\"potentialAction\":[{\"@type\":\"SearchAction\",\"target\":{\"@type\":\"EntryPoint\",\"urlTemplate\":\"https:\/\/fru.ifesworld.org\/en\/?s={search_term_string}\"},\"query-input\":\"required name=search_term_string\"}],\"inLanguage\":\"es\"},{\"@type\":\"Organization\",\"@id\":\"https:\/\/fru.ifesworld.org\/en\/#organization\",\"name\":\"IFES \u00b7 International Fellowship of Evangelical Students\",\"url\":\"https:\/\/fru.ifesworld.org\/en\/\",\"logo\":{\"@type\":\"ImageObject\",\"inLanguage\":\"es\",\"@id\":\"https:\/\/fru.ifesworld.org\/en\/#\/schema\/logo\/image\/\",\"url\":\"https:\/\/fru.ifesworld.org\/wp-content\/uploads\/2019\/06\/ifeslogo.png\",\"contentUrl\":\"https:\/\/fru.ifesworld.org\/wp-content\/uploads\/2019\/06\/ifeslogo.png\",\"width\":262,\"height\":262,\"caption\":\"IFES \u00b7 International Fellowship of Evangelical Students\"},\"image\":{\"@id\":\"https:\/\/fru.ifesworld.org\/en\/#\/schema\/logo\/image\/\"}}]}<\/script>\n<!-- \/ Yoast SEO plugin. -->","yoast_head_json":{"title":"La \u00faltima palabra: escuchar a Dios &#183; IFES Conexi\u00f3n Blog","description":"Lecciones sobre descansar del ministerio. En medio de nuestro mundo ajetreado y nuestras vidas ocupadas, podemos sentirnos presionados por todo tipo de","robots":{"index":"noindex","follow":"follow","max-snippet":"max-snippet:-1","max-image-preview":"max-image-preview:large","max-video-preview":"max-video-preview:-1"},"og_locale":"es_ES","og_type":"article","og_title":"La \u00faltima palabra: escuchar a Dios &#183; IFES Conexi\u00f3n Blog","og_description":"Lecciones sobre descansar del ministerio. En medio de nuestro mundo ajetreado y nuestras vidas ocupadas, podemos sentirnos presionados por todo tipo de","og_url":"https:\/\/ifesworld.org\/es\/blog\/la-ultima-palabra-escuchar-a-dios\/","og_site_name":"IFES","article_modified_time":"2019-05-20T14:08:11+00:00","og_image":[{"width":2560,"height":1440,"url":"https:\/\/ifesworld.org\/wp-content\/uploads\/2019\/05\/b37aa-11kwrq8-1-gfij2pvdbqa1w.jpeg","type":"image\/jpeg"}],"twitter_card":"summary_large_image","twitter_misc":{"Tiempo de lectura":"4 minutos"},"schema":{"@context":"https:\/\/schema.org","@graph":[{"@type":"WebPage","@id":"https:\/\/ifesworld.org\/es\/blog\/la-ultima-palabra-escuchar-a-dios\/","url":"https:\/\/ifesworld.org\/es\/blog\/la-ultima-palabra-escuchar-a-dios\/","name":"La \u00faltima palabra: escuchar a Dios &#183; IFES Conexi\u00f3n Blog","isPartOf":{"@id":"https:\/\/fru.ifesworld.org\/en\/#website"},"primaryImageOfPage":{"@id":"https:\/\/ifesworld.org\/es\/blog\/la-ultima-palabra-escuchar-a-dios\/#primaryimage"},"image":{"@id":"https:\/\/ifesworld.org\/es\/blog\/la-ultima-palabra-escuchar-a-dios\/#primaryimage"},"thumbnailUrl":"https:\/\/fru.ifesworld.org\/wp-content\/uploads\/2019\/05\/b37aa-11kwrq8-1-gfij2pvdbqa1w.jpeg","datePublished":"2017-08-02T14:39:40+00:00","dateModified":"2019-05-20T14:08:11+00:00","description":"Lecciones sobre descansar del ministerio. En medio de nuestro mundo ajetreado y nuestras vidas ocupadas, podemos sentirnos presionados por todo tipo de","breadcrumb":{"@id":"https:\/\/ifesworld.org\/es\/blog\/la-ultima-palabra-escuchar-a-dios\/#breadcrumb"},"inLanguage":"es","potentialAction":[{"@type":"ReadAction","target":["https:\/\/ifesworld.org\/es\/blog\/la-ultima-palabra-escuchar-a-dios\/"]}]},{"@type":"ImageObject","inLanguage":"es","@id":"https:\/\/ifesworld.org\/es\/blog\/la-ultima-palabra-escuchar-a-dios\/#primaryimage","url":"https:\/\/fru.ifesworld.org\/wp-content\/uploads\/2019\/05\/b37aa-11kwrq8-1-gfij2pvdbqa1w.jpeg","contentUrl":"https:\/\/fru.ifesworld.org\/wp-content\/uploads\/2019\/05\/b37aa-11kwrq8-1-gfij2pvdbqa1w.jpeg","width":2560,"height":1440},{"@type":"BreadcrumbList","@id":"https:\/\/ifesworld.org\/es\/blog\/la-ultima-palabra-escuchar-a-dios\/#breadcrumb","itemListElement":[{"@type":"ListItem","position":1,"name":"Home","item":"https:\/\/ifesworld.org\/es\/"},{"@type":"ListItem","position":2,"name":"Conexi\u00f3n","item":"https:\/\/ifesworld.org\/es\/blog\/"},{"@type":"ListItem","position":3,"name":"La \u00faltima palabra: escuchar a Dios"}]},{"@type":"WebSite","@id":"https:\/\/fru.ifesworld.org\/en\/#website","url":"https:\/\/fru.ifesworld.org\/en\/","name":"IFES","description":"A movement of students sharing and living out the good news of Jesus Christ. Locally. Nationally. Globally.","publisher":{"@id":"https:\/\/fru.ifesworld.org\/en\/#organization"},"potentialAction":[{"@type":"SearchAction","target":{"@type":"EntryPoint","urlTemplate":"https:\/\/fru.ifesworld.org\/en\/?s={search_term_string}"},"query-input":"required name=search_term_string"}],"inLanguage":"es"},{"@type":"Organization","@id":"https:\/\/fru.ifesworld.org\/en\/#organization","name":"IFES \u00b7 International Fellowship of Evangelical Students","url":"https:\/\/fru.ifesworld.org\/en\/","logo":{"@type":"ImageObject","inLanguage":"es","@id":"https:\/\/fru.ifesworld.org\/en\/#\/schema\/logo\/image\/","url":"https:\/\/fru.ifesworld.org\/wp-content\/uploads\/2019\/06\/ifeslogo.png","contentUrl":"https:\/\/fru.ifesworld.org\/wp-content\/uploads\/2019\/06\/ifeslogo.png","width":262,"height":262,"caption":"IFES \u00b7 International Fellowship of Evangelical Students"},"image":{"@id":"https:\/\/fru.ifesworld.org\/en\/#\/schema\/logo\/image\/"}}]}},"_links":{"self":[{"href":"https:\/\/fru.ifesworld.org\/es\/wp-json\/wp\/v2\/conexion\/1090"}],"collection":[{"href":"https:\/\/fru.ifesworld.org\/es\/wp-json\/wp\/v2\/conexion"}],"about":[{"href":"https:\/\/fru.ifesworld.org\/es\/wp-json\/wp\/v2\/types\/conexion"}],"wp:featuredmedia":[{"embeddable":true,"href":"https:\/\/fru.ifesworld.org\/es\/wp-json\/wp\/v2\/media\/1190"}],"wp:attachment":[{"href":"https:\/\/fru.ifesworld.org\/es\/wp-json\/wp\/v2\/media?parent=1090"}],"wp:term":[{"taxonomy":"area","embeddable":true,"href":"https:\/\/fru.ifesworld.org\/es\/wp-json\/wp\/v2\/area?post=1090"},{"taxonomy":"theme","embeddable":true,"href":"https:\/\/fru.ifesworld.org\/es\/wp-json\/wp\/v2\/theme?post=1090"}],"curies":[{"name":"wp","href":"https:\/\/api.w.org\/{rel}","templated":true}]}}