{"id":1088,"date":"2017-08-02T15:37:54","date_gmt":"2017-08-02T14:37:54","guid":{"rendered":"https:\/\/fru.ifesworld.org\/conexion\/en-el-ascensor-con-olena-welch\/"},"modified":"2019-05-20T14:12:49","modified_gmt":"2019-05-20T14:12:49","slug":"en-el-ascensor-con-olena-welch","status":"publish","type":"conexion","link":"https:\/\/fru.ifesworld.org\/es\/blog\/en-el-ascensor-con-olena-welch\/","title":{"rendered":"En el ascensor con: Olena Welch"},"content":{"rendered":"<h4><strong>Formaci\u00f3n de obreros y estudiantes en\u00a0Eurasia.<\/strong><\/h4>\n<p>Olena ha trabajado en diferentes puestos con CCX Ucrania durante 14 a\u00f1os, como administradora, directora de formaci\u00f3n y cosecretaria general, antes de pasar a ser secretaria de formaci\u00f3n para IFES Eurasia. Su trabajo consiste en ayudar a los movimientos nacionales a capacitar a los estudiantes y formar a los obreros. Vive en Kyiv con su esposo Brian y sus tres hijas.<\/p>\n<h4><strong>\u00bfQu\u00e9 tal su vida en\u00a0Kyiv?<\/strong><\/h4>\n<p>Llevo dieciocho a\u00f1os viviendo en Kyiv, Ucrania, y mi hogar est\u00e1 aqu\u00ed.<\/p>\n<p>Crec\u00ed al oeste de Ucrania y echo de menos la cultura, las tradiciones y la forma en la que se desarrollan y cultivan las amistades all\u00ed. Sin embargo, he llegado a disfrutar de la diversidad cultural que existe en Kyiv y vivir en el coraz\u00f3n de Ucrania hace que sea una experiencia rica y valiosa.<\/p>\n<p>Me encanta que venga gente a casa cuando no estoy trabajando as\u00ed que mi casa a menudo est\u00e1 llena de gente.<\/p>\n<figure><img decoding=\"async\" src=\"https:\/\/fru.ifesworld.org\/wp-content\/uploads\/2019\/05\/c3382-1p3zmwmce4nsbadzpkk0_7g.jpeg\" data-width=\"603\" data-height=\"640\" \/><\/figure>\n<h4><strong>\u00bfCu\u00e1l fue su experiencia con IFES como estudiante?<\/strong><\/h4>\n<p>No crec\u00ed en una familia cristiana y mis padres no son creyentes a\u00fan. Sin embargo han sido un gran ejemplo para m\u00ed toda la vida. Estudi\u00e9 ingl\u00e9s y alem\u00e1n en la Universidad del Estado de Volyn en mi ciudad natal, Lutsk, al oeste de Ucrania.<\/p>\n<p>Decid\u00ed seguir a Cristo en 4\u00ba de carrera, como resultado de la obra de Dios en mi vida y el testimonio constante de mi mejor amiga.<\/p>\n<p>Como l\u00edder estudiantil ayud\u00e9 a empezar el primer grupo de CCX en el campus universitario con la ayuda de unos amigos de otro grupo en una ciudad cercana. \u00a1Los obreros de esa ciudad se han convertido en mentores cristianos y amigos de por vida!<\/p>\n<p>Dios utiliz\u00f3 mis a\u00f1os universitarios y mi trabajo en CCX (el movimiento de IFES en Ucrania) para confirmar mi llamado al ministerio estudiantil a tiempo completo y llevo ya dieciocho a\u00f1os de obrera en CCX e IFES.<\/p>\n<h4><strong>\u00bfDe qu\u00e9 forma la molde\u00f3 su trabajo de profesora?<\/strong><\/h4>\n<p>Empec\u00e9 a trabajar de profesora de ingl\u00e9s en una escuela secundaria en mi 4\u00ba a\u00f1o de carrera y despu\u00e9s trabaj\u00e9 de maestra durante cuatro a\u00f1os. \u00a1Fue duro pero tambi\u00e9n ayud\u00f3 a desarrollar mi car\u00e1cter y a enriquecer mis capacidades de ense\u00f1anza!<\/p>\n<h4><strong>\u00bfY de qu\u00e9 forma su trabajo en IFES ha moldeado su\u00a0vida?<\/strong><\/h4>\n<p>IFES definitivamente me ha estado moldeando como persona y seguidora de Cristo. Desde que me convert\u00ed doy gracias por las personas que he conocido o con las que he trabajado en IFES y que me han influenciado, y por las personas a las que he tenido yo el privilegio de influenciar.<\/p>\n<p>Tambi\u00e9n he sido bendecida con oportunidades de recibir formaci\u00f3n espiritual como disc\u00edpula de Cristo, desarrollo como l\u00edder y formaci\u00f3n vocacional como obrera.<\/p>\n<figure><img decoding=\"async\" src=\"https:\/\/fru.ifesworld.org\/wp-content\/uploads\/2019\/05\/22117-1ffljil2z18donshn64kevw.png\" data-width=\"1920\" data-height=\"914\" \/><\/figure>\n<h4><strong>\u00bfCu\u00e1les son algunos de los retos a los que se enfrenta el ministerio estudiantil en\u00a0Eurasia?<\/strong><\/h4>\n<p>Muchos movimientos nacionales de Eurasia trabajan de forma clandestina. La persecuci\u00f3n es fuerte en algunos pa\u00edses, mientras que otros gozan de una mayor libertad religiosa. Algunos grupos estudiantiles se pueden reunir en los campus universitarios y en residencias estudiantiles y otros tienen que reunirse fuera del campus. Los estudiantes que se encuentran en estas circunstancias tan diferentes tienen que ser creativos a la hora de dar testimonio.<\/p>\n<p>Creo que el liderazgo y la iniciativa estudiantil est\u00e1n todav\u00eda empezando a surgir en Eurasia. La Uni\u00f3n Sovi\u00e9tica dej\u00f3 un legado de liderazgo muy pobre, pero esta situaci\u00f3n ofrece una oportunidad excelente para que IFES llene ese vac\u00edo y discipule a estudiantes y desarrolle seguidores maduros de Cristo que tengan un impacto en la universidad, en la iglesia y en la sociedad.<\/p>\n<h4><strong>\u00bfCu\u00e1les son algunas casos de \u00e9xito del ministerio en\u00a0Eurasia?<\/strong><\/h4>\n<p>El ministerio de estudiantes internacionales ha estado creciendo en Eurasia recientemente. Esto ofrece una oportunidad divina para que los estudiantes y obreros de IFES ministren a los j\u00f3venes que nunca han estado expuestos al evangelio.<\/p>\n<p>Por ejemplo hace algunos a\u00f1os vinieron tres estudiantes de un lugar sensible de Asia Central a estudiar a otro pa\u00eds de Eurasia. Se hicieron amigos de unos estudiantes de IFES que los invitaron a unirse a su grupo estudiantil.<\/p>\n<p>Gracias a esta amistad estos estudiantes decidieron seguir a Cristo el a\u00f1o pasado. Cuando terminen la carrera regresar\u00e1n a casa a una situaci\u00f3n en la que no saben c\u00f3mo podr\u00e1n vivir su fe.<\/p>\n<p>Oren con nosotros por estos estudiantes, para que su fe siga creciendo y por seguridad.<\/p>\n<h4><strong>\u00bfQu\u00e9 es lo mejor de trabajar para\u00a0IFES?<\/strong><\/h4>\n<p>Lo mejor de trabajar para IFES es ver la vida de los estudiantes transformada por el evangelio y formar parte de su viaje de madurez como seguidores de Cristo.<\/p>\n<h4><strong>\u00bfC\u00f3mo podemos orar por\u00a0usted?<\/strong><\/h4>\n<p>Mi oraci\u00f3n por los estudiantes que est\u00e1n representando a Cristo en la universidad es que den testimonio de forma valiente y vivan seg\u00fan el evangelio con coraje y gracia.<\/p>\n<figure><\/figure>\n","protected":false},"featured_media":1175,"template":"","area":[],"theme":[],"class_list":["post-1088","conexion","type-conexion","status-publish","has-post-thumbnail","hentry"],"acf":[],"yoast_head":"<!-- This site is optimized with the Yoast SEO plugin v22.6 - https:\/\/yoast.com\/wordpress\/plugins\/seo\/ -->\n<title>En el ascensor con: Olena Welch &#183; IFES Conexi\u00f3n Blog<\/title>\n<meta name=\"description\" content=\"Formaci\u00f3n de obreros y estudiantes en\u00a0Eurasia. Olena ha trabajado en diferentes puestos con CCX Ucrania durante 14 a\u00f1os, como administradora, directora de\" \/>\n<meta name=\"robots\" content=\"noindex, follow, max-snippet:-1, max-image-preview:large, max-video-preview:-1\" \/>\n<meta property=\"og:locale\" content=\"es_ES\" \/>\n<meta property=\"og:type\" content=\"article\" \/>\n<meta property=\"og:title\" content=\"En el ascensor con: Olena Welch &#183; IFES Conexi\u00f3n Blog\" \/>\n<meta property=\"og:description\" content=\"Formaci\u00f3n de obreros y estudiantes en\u00a0Eurasia. Olena ha trabajado en diferentes puestos con CCX Ucrania durante 14 a\u00f1os, como administradora, directora de\" \/>\n<meta property=\"og:url\" content=\"https:\/\/ifesworld.org\/es\/blog\/en-el-ascensor-con-olena-welch\/\" \/>\n<meta property=\"og:site_name\" content=\"IFES\" \/>\n<meta property=\"article:modified_time\" content=\"2019-05-20T14:12:49+00:00\" \/>\n<meta property=\"og:image\" content=\"https:\/\/ifesworld.org\/wp-content\/uploads\/2019\/05\/6041d-1l_ufvppv8k1qj8tw-r9eeg.jpeg\" \/>\n\t<meta property=\"og:image:width\" content=\"1920\" \/>\n\t<meta property=\"og:image:height\" content=\"720\" \/>\n\t<meta property=\"og:image:type\" content=\"image\/jpeg\" \/>\n<meta name=\"twitter:card\" content=\"summary_large_image\" \/>\n<meta name=\"twitter:label1\" content=\"Tiempo de lectura\" \/>\n\t<meta name=\"twitter:data1\" content=\"4 minutos\" \/>\n<script type=\"application\/ld+json\" class=\"yoast-schema-graph\">{\"@context\":\"https:\/\/schema.org\",\"@graph\":[{\"@type\":\"WebPage\",\"@id\":\"https:\/\/ifesworld.org\/es\/blog\/en-el-ascensor-con-olena-welch\/\",\"url\":\"https:\/\/ifesworld.org\/es\/blog\/en-el-ascensor-con-olena-welch\/\",\"name\":\"En el ascensor con: Olena Welch &#183; IFES Conexi\u00f3n Blog\",\"isPartOf\":{\"@id\":\"https:\/\/fru.ifesworld.org\/en\/#website\"},\"primaryImageOfPage\":{\"@id\":\"https:\/\/ifesworld.org\/es\/blog\/en-el-ascensor-con-olena-welch\/#primaryimage\"},\"image\":{\"@id\":\"https:\/\/ifesworld.org\/es\/blog\/en-el-ascensor-con-olena-welch\/#primaryimage\"},\"thumbnailUrl\":\"https:\/\/fru.ifesworld.org\/wp-content\/uploads\/2019\/05\/6041d-1l_ufvppv8k1qj8tw-r9eeg.jpeg\",\"datePublished\":\"2017-08-02T14:37:54+00:00\",\"dateModified\":\"2019-05-20T14:12:49+00:00\",\"description\":\"Formaci\u00f3n de obreros y estudiantes en\u00a0Eurasia. Olena ha trabajado en diferentes puestos con CCX Ucrania durante 14 a\u00f1os, como administradora, directora de\",\"breadcrumb\":{\"@id\":\"https:\/\/ifesworld.org\/es\/blog\/en-el-ascensor-con-olena-welch\/#breadcrumb\"},\"inLanguage\":\"es\",\"potentialAction\":[{\"@type\":\"ReadAction\",\"target\":[\"https:\/\/ifesworld.org\/es\/blog\/en-el-ascensor-con-olena-welch\/\"]}]},{\"@type\":\"ImageObject\",\"inLanguage\":\"es\",\"@id\":\"https:\/\/ifesworld.org\/es\/blog\/en-el-ascensor-con-olena-welch\/#primaryimage\",\"url\":\"https:\/\/fru.ifesworld.org\/wp-content\/uploads\/2019\/05\/6041d-1l_ufvppv8k1qj8tw-r9eeg.jpeg\",\"contentUrl\":\"https:\/\/fru.ifesworld.org\/wp-content\/uploads\/2019\/05\/6041d-1l_ufvppv8k1qj8tw-r9eeg.jpeg\",\"width\":1920,\"height\":720},{\"@type\":\"BreadcrumbList\",\"@id\":\"https:\/\/ifesworld.org\/es\/blog\/en-el-ascensor-con-olena-welch\/#breadcrumb\",\"itemListElement\":[{\"@type\":\"ListItem\",\"position\":1,\"name\":\"Home\",\"item\":\"https:\/\/ifesworld.org\/es\/\"},{\"@type\":\"ListItem\",\"position\":2,\"name\":\"Conexi\u00f3n\",\"item\":\"https:\/\/ifesworld.org\/es\/blog\/\"},{\"@type\":\"ListItem\",\"position\":3,\"name\":\"En el ascensor con: Olena Welch\"}]},{\"@type\":\"WebSite\",\"@id\":\"https:\/\/fru.ifesworld.org\/en\/#website\",\"url\":\"https:\/\/fru.ifesworld.org\/en\/\",\"name\":\"IFES\",\"description\":\"A movement of students sharing and living out the good news of Jesus Christ. Locally. Nationally. Globally.\",\"publisher\":{\"@id\":\"https:\/\/fru.ifesworld.org\/en\/#organization\"},\"potentialAction\":[{\"@type\":\"SearchAction\",\"target\":{\"@type\":\"EntryPoint\",\"urlTemplate\":\"https:\/\/fru.ifesworld.org\/en\/?s={search_term_string}\"},\"query-input\":\"required name=search_term_string\"}],\"inLanguage\":\"es\"},{\"@type\":\"Organization\",\"@id\":\"https:\/\/fru.ifesworld.org\/en\/#organization\",\"name\":\"IFES \u00b7 International Fellowship of Evangelical Students\",\"url\":\"https:\/\/fru.ifesworld.org\/en\/\",\"logo\":{\"@type\":\"ImageObject\",\"inLanguage\":\"es\",\"@id\":\"https:\/\/fru.ifesworld.org\/en\/#\/schema\/logo\/image\/\",\"url\":\"https:\/\/fru.ifesworld.org\/wp-content\/uploads\/2019\/06\/ifeslogo.png\",\"contentUrl\":\"https:\/\/fru.ifesworld.org\/wp-content\/uploads\/2019\/06\/ifeslogo.png\",\"width\":262,\"height\":262,\"caption\":\"IFES \u00b7 International Fellowship of Evangelical Students\"},\"image\":{\"@id\":\"https:\/\/fru.ifesworld.org\/en\/#\/schema\/logo\/image\/\"}}]}<\/script>\n<!-- \/ Yoast SEO plugin. -->","yoast_head_json":{"title":"En el ascensor con: Olena Welch &#183; IFES Conexi\u00f3n Blog","description":"Formaci\u00f3n de obreros y estudiantes en\u00a0Eurasia. Olena ha trabajado en diferentes puestos con CCX Ucrania durante 14 a\u00f1os, como administradora, directora de","robots":{"index":"noindex","follow":"follow","max-snippet":"max-snippet:-1","max-image-preview":"max-image-preview:large","max-video-preview":"max-video-preview:-1"},"og_locale":"es_ES","og_type":"article","og_title":"En el ascensor con: Olena Welch &#183; IFES Conexi\u00f3n Blog","og_description":"Formaci\u00f3n de obreros y estudiantes en\u00a0Eurasia. Olena ha trabajado en diferentes puestos con CCX Ucrania durante 14 a\u00f1os, como administradora, directora de","og_url":"https:\/\/ifesworld.org\/es\/blog\/en-el-ascensor-con-olena-welch\/","og_site_name":"IFES","article_modified_time":"2019-05-20T14:12:49+00:00","og_image":[{"width":1920,"height":720,"url":"https:\/\/ifesworld.org\/wp-content\/uploads\/2019\/05\/6041d-1l_ufvppv8k1qj8tw-r9eeg.jpeg","type":"image\/jpeg"}],"twitter_card":"summary_large_image","twitter_misc":{"Tiempo de lectura":"4 minutos"},"schema":{"@context":"https:\/\/schema.org","@graph":[{"@type":"WebPage","@id":"https:\/\/ifesworld.org\/es\/blog\/en-el-ascensor-con-olena-welch\/","url":"https:\/\/ifesworld.org\/es\/blog\/en-el-ascensor-con-olena-welch\/","name":"En el ascensor con: Olena Welch &#183; IFES Conexi\u00f3n Blog","isPartOf":{"@id":"https:\/\/fru.ifesworld.org\/en\/#website"},"primaryImageOfPage":{"@id":"https:\/\/ifesworld.org\/es\/blog\/en-el-ascensor-con-olena-welch\/#primaryimage"},"image":{"@id":"https:\/\/ifesworld.org\/es\/blog\/en-el-ascensor-con-olena-welch\/#primaryimage"},"thumbnailUrl":"https:\/\/fru.ifesworld.org\/wp-content\/uploads\/2019\/05\/6041d-1l_ufvppv8k1qj8tw-r9eeg.jpeg","datePublished":"2017-08-02T14:37:54+00:00","dateModified":"2019-05-20T14:12:49+00:00","description":"Formaci\u00f3n de obreros y estudiantes en\u00a0Eurasia. Olena ha trabajado en diferentes puestos con CCX Ucrania durante 14 a\u00f1os, como administradora, directora de","breadcrumb":{"@id":"https:\/\/ifesworld.org\/es\/blog\/en-el-ascensor-con-olena-welch\/#breadcrumb"},"inLanguage":"es","potentialAction":[{"@type":"ReadAction","target":["https:\/\/ifesworld.org\/es\/blog\/en-el-ascensor-con-olena-welch\/"]}]},{"@type":"ImageObject","inLanguage":"es","@id":"https:\/\/ifesworld.org\/es\/blog\/en-el-ascensor-con-olena-welch\/#primaryimage","url":"https:\/\/fru.ifesworld.org\/wp-content\/uploads\/2019\/05\/6041d-1l_ufvppv8k1qj8tw-r9eeg.jpeg","contentUrl":"https:\/\/fru.ifesworld.org\/wp-content\/uploads\/2019\/05\/6041d-1l_ufvppv8k1qj8tw-r9eeg.jpeg","width":1920,"height":720},{"@type":"BreadcrumbList","@id":"https:\/\/ifesworld.org\/es\/blog\/en-el-ascensor-con-olena-welch\/#breadcrumb","itemListElement":[{"@type":"ListItem","position":1,"name":"Home","item":"https:\/\/ifesworld.org\/es\/"},{"@type":"ListItem","position":2,"name":"Conexi\u00f3n","item":"https:\/\/ifesworld.org\/es\/blog\/"},{"@type":"ListItem","position":3,"name":"En el ascensor con: Olena Welch"}]},{"@type":"WebSite","@id":"https:\/\/fru.ifesworld.org\/en\/#website","url":"https:\/\/fru.ifesworld.org\/en\/","name":"IFES","description":"A movement of students sharing and living out the good news of Jesus Christ. Locally. Nationally. Globally.","publisher":{"@id":"https:\/\/fru.ifesworld.org\/en\/#organization"},"potentialAction":[{"@type":"SearchAction","target":{"@type":"EntryPoint","urlTemplate":"https:\/\/fru.ifesworld.org\/en\/?s={search_term_string}"},"query-input":"required name=search_term_string"}],"inLanguage":"es"},{"@type":"Organization","@id":"https:\/\/fru.ifesworld.org\/en\/#organization","name":"IFES \u00b7 International Fellowship of Evangelical Students","url":"https:\/\/fru.ifesworld.org\/en\/","logo":{"@type":"ImageObject","inLanguage":"es","@id":"https:\/\/fru.ifesworld.org\/en\/#\/schema\/logo\/image\/","url":"https:\/\/fru.ifesworld.org\/wp-content\/uploads\/2019\/06\/ifeslogo.png","contentUrl":"https:\/\/fru.ifesworld.org\/wp-content\/uploads\/2019\/06\/ifeslogo.png","width":262,"height":262,"caption":"IFES \u00b7 International Fellowship of Evangelical Students"},"image":{"@id":"https:\/\/fru.ifesworld.org\/en\/#\/schema\/logo\/image\/"}}]}},"_links":{"self":[{"href":"https:\/\/fru.ifesworld.org\/es\/wp-json\/wp\/v2\/conexion\/1088"}],"collection":[{"href":"https:\/\/fru.ifesworld.org\/es\/wp-json\/wp\/v2\/conexion"}],"about":[{"href":"https:\/\/fru.ifesworld.org\/es\/wp-json\/wp\/v2\/types\/conexion"}],"wp:featuredmedia":[{"embeddable":true,"href":"https:\/\/fru.ifesworld.org\/es\/wp-json\/wp\/v2\/media\/1175"}],"wp:attachment":[{"href":"https:\/\/fru.ifesworld.org\/es\/wp-json\/wp\/v2\/media?parent=1088"}],"wp:term":[{"taxonomy":"area","embeddable":true,"href":"https:\/\/fru.ifesworld.org\/es\/wp-json\/wp\/v2\/area?post=1088"},{"taxonomy":"theme","embeddable":true,"href":"https:\/\/fru.ifesworld.org\/es\/wp-json\/wp\/v2\/theme?post=1088"}],"curies":[{"name":"wp","href":"https:\/\/api.w.org\/{rel}","templated":true}]}}