{"id":1086,"date":"2017-08-02T15:39:17","date_gmt":"2017-08-02T14:39:17","guid":{"rendered":"https:\/\/fru.ifesworld.org\/conexion\/accion-persecucion-y-suffrimiento\/"},"modified":"2019-05-20T14:11:48","modified_gmt":"2019-05-20T14:11:48","slug":"accion-persecucion-y-suffrimiento","status":"publish","type":"conexion","link":"https:\/\/fru.ifesworld.org\/es\/blog\/accion-persecucion-y-suffrimiento\/","title":{"rendered":"Acci\u00f3n: Persecuci\u00f3n y suffrimiento"},"content":{"rendered":"<h4>\u00bfC\u00f3mo debemos orar y prepararnos para el sufrimiento fiel?<\/h4>\n<p>Si hubieran cruzado las llanuras de N\u00ednive hace 2.500 a\u00f1os, se habr\u00edan encontrado con un profeta enfurru\u00f1ado refugi\u00e1ndose a la sombra de un \u00e1rbol. Ha llovido mucho desde entonces. En los \u00faltimos siglos este lugar ha sido el hogar de una de las comunidades cristianas m\u00e1s antiguas del mundo. Pero cuando ISIS arras\u00f3 esta zona, unos 125.000 cristianos fueron obligados a huir de la ciudad de Mosul y sus alrededores.<\/p>\n<p>La persecuci\u00f3n y el sufrimiento de los cristianos hoy en d\u00eda en el mundo ocurre de muchas formas y los estudiantes y obreros de IFES no son ajenos a ello.<\/p>\n<p>En un n\u00famero reciente de <a href=\"https:\/\/es.ifesjournal.org\/persecucion\/home\" target=\"_blank\" rel=\"noopener noreferrer\"><em>Palabra y Mundo<\/em><\/a>, tratamos este tema y exploramos una variedad de situaciones y preguntas: \u00bfEs l\u00edcito luchar para defender a tus seres queridos? \u00bfQu\u00e9 relaci\u00f3n tienen los hogares abandonados con nuestra fe e identidad? \u00bfQu\u00e9 podemos aprender de los muchos m\u00e1rtires que se han ido antes que nosotros? \u00bfQu\u00e9 pasa cuando Dios permanece en silencio? \u00bfC\u00f3mo lloramos por lo que hemos perdido?<\/p>\n<p>Aqu\u00ed les ofrecemos un resumen de lo m\u00e1s importante. Si tienen algo m\u00e1s de tiempo, no duden en leer el n\u00famero completo de <a href=\"https:\/\/es.ifesjournal.org\/persecucion\/home\" target=\"_blank\" rel=\"noopener noreferrer\"><em>Palabra y Mundo<\/em><\/a> y reflexionen sobre c\u00f3mo podr\u00edan utilizar los art\u00edculos que contiene para iniciar un debate, reflexionar y orar en su grupo estudiantil o reuni\u00f3n de iglesia.<\/p>\n<blockquote><p>\u201c Lo m\u00e1s peligroso de la persecuci\u00f3n no es que amenace la vida de las personas, sino que amenace su fe\u201d. Nazek\u00a0Matty<\/p><\/blockquote>\n<figure><img decoding=\"async\" src=\"https:\/\/fru.ifesworld.org\/wp-content\/uploads\/2019\/05\/a8df3-1wj3weyo33n8kll7_jk2fcg.jpeg\" data-width=\"1200\" data-height=\"441\" \/><\/figure>\n<h3>\u00bfC\u00f3mo est\u00e1n sufriendo las personas hoy en\u00a0d\u00eda?<\/h3>\n<h4><strong>La hermana Nazek Matty,\u00a0Iraq:<\/strong><\/h4>\n<blockquote><p>No esperaban que ISIS entrara en una zona considerada por los cristianos bien protegida gracias a sus iglesias, santuarios y santos. Nadie creer\u00eda que en la ciudad no quedar\u00eda ni un cristiano en cuesti\u00f3n de d\u00edas. Los cristianos tuvieron que enfrentarse a una realidad que no hab\u00edan previsto. Est\u00e1n lejos de su tierra y est\u00e1n en exilio llorando el pasado y temiendo al futuro.<\/p><\/blockquote>\n<h4><strong>Bishop Benjamin Kwashi,\u00a0Nigeria:<\/strong><\/h4>\n<blockquote><p>Durante los \u00faltimos treinta a\u00f1os m\u00e1s o menos, el norte de Nigeria ha experimentado una serie de disturbios, persecuciones y destrucci\u00f3n. En algunos casos han sido diezmadas familias y comunidades enteras; otras veces han sido personas que estaban en el lugar equivocado en el momento equivocado y que prefirieron morir antes que negar a Cristo. En la gran mayor\u00eda de estos casos s\u00f3lo sus familiares m\u00e1s cercanos, y el Se\u00f1or, sabr\u00e1n los nombres de estos m\u00e1rtires. Algunos de ellos estaban trabajando por la paz y la reconciliaci\u00f3n entre musulmanes y cristianos. Otros eran pastores. Muchos eran miembros de una iglesia.<\/p><\/blockquote>\n<h4><strong>Groupes Bibliques du\u00a0Gabon:<\/strong><\/h4>\n<p>El personal de los Groupes Bibliques du Gabon (GBG) se encontr\u00f3 en medio de una serie de actos violentos tras unas elecciones pol\u00e9micas en agosto de 2016. Jean Ping, l\u00edder de la oposici\u00f3n, perdi\u00f3 frente a Ali Bongo, presidente actual, por menos de 6000 votos y declar\u00f3 que hab\u00eda ganado, exigiendo un recuento. La violencia que se desencaden\u00f3 surgi\u00f3 de lo que un prestigioso peri\u00f3dico llama \u00abel enfado profundamente arraigado del pueblo\u00bb debido a los m\u00e9todos represivos y supuesta corrupci\u00f3n de Bongo. Los partidarios de Ping quemaron los edificios del gobierno y los militares quemaron la sede central de Ping. Nesmy Bersot Mv\u00e9 Ngu\u00e9ma, Secretario Nacional de GBG, escribi\u00f3 por primera vez para el blog de IFES desde Gab\u00f3n aqu\u00ed, pero al cabo de poco tiempo el tribunal constitucional anunci\u00f3 que, despu\u00e9s de haber revisado las elecciones, Ali Bongo era el ganador.<\/p>\n<figure><img decoding=\"async\" src=\"https:\/\/fru.ifesworld.org\/wp-content\/uploads\/2019\/05\/ca3b1-1-udoaxpw1cumczpfljcxwa.jpeg\" data-width=\"1200\" data-height=\"428\" \/><\/figure>\n<h3>\u00bfC\u00f3mo debemos responder?<\/h3>\n<h4>Nesm Bersot Mv\u00e9 Ngu\u00e9ma,\u00a0Gabon:<\/h4>\n<blockquote><p>\u201cDichosos los perseguidos por causa de la justicia, porque el reino de los cielos les pertenece\u201d (Mateo 5:10, NVI). Este vers\u00edculo establece un v\u00ednculo inseparable entre la felicidad, la justicia, la persecuci\u00f3n y el sufrimiento. Pero, por encima de todo, plantea dos asuntos clave sobre nuestro martirio (testimonio): \u00bfQu\u00e9 tipo de persecuci\u00f3n estamos sufriendo? y \u00bfc\u00f3mo entendemos las nociones de persecuci\u00f3n y sufrimiento por causa de la justicia?<\/p><\/blockquote>\n<blockquote><p>Estuve dos a\u00f1os intentando entender esta noci\u00f3n de justicia. Sab\u00eda cu\u00e1l era la voluntad de Dios para m\u00ed, pero ten\u00eda miedo de perder la c\u00f3moda situaci\u00f3n social que hab\u00eda conseguido desde que empec\u00e9 a trabajar a tiempo parcial en el ministerio. Tambi\u00e9n ten\u00eda miedo de quedarme sin los recursos y el poder necesarios para llevar algo a cabo y de ser guiado por mi orgullo y ambiciones. Necesitaba que Dios me guiase para poder darle un sentido a todo.<\/p><\/blockquote>\n<blockquote><p>Mi credo es: \u00abSi tengo que morir, que sea por una buena causa; y la \u00fanica buena causa es el Evangelio. si Dios no nos libera, sin duda preferiremos morir a causa de la obediencia que vivir mediante la traici\u00f3n\u00bb. <a href=\"https:\/\/es.ifesjournal.org\/perseguidos-por-causa-de-la-justicia-809d06b42065\" target=\"_blank\" rel=\"noopener noreferrer\">Leer m\u00e1s<\/a>.<\/p><\/blockquote>\n<h4><strong>Michael Jensen, Australia:<\/strong><\/h4>\n<blockquote><p>El martirio cristiano no viene con anestesia. No est\u00e1 exento de dudas, dolor y desesperaci\u00f3n. Es algo muy feo. Es un viaje al mismo infierno. Pero adquiere poder por la resurrecci\u00f3n de Jesucristo.<\/p><\/blockquote>\n<blockquote><p>El testimonio de los m\u00e1rtires no es s\u00f3lo para aquellos que viven bajo la amenaza de una persecuci\u00f3n violenta. Tambi\u00e9n es para los cristianos que tienen la suerte de vivir en casas acogedoras y trabajar en oficinas con aire acondicionado. La vida cristiana tiene forma de cruz. Como dijo Dietrich Bonhoeffer: \u201cLa cruz se coloca sobre cada uno de los cristianos\u201d: y esto incluye a aquellos que no se enfrentan a la muerte a causa de su fe.<\/p><\/blockquote>\n<blockquote><p>El martirio cristiano nos muestra que la vida cristiana es morir a s\u00ed mismo, siempre y en todas partes: que la gloria de morir a s\u00ed mismo est\u00e1 muy escondida. Los peque\u00f1os momentos diarios en los que decimos \u201cno\u201d al mundo o en los que llevamos las cargas de otros o trabajamos muy duro sirviendo a menudo no son aplaudidos. El precio de estos momentos para nosotros, aunque no sea tan alto como morir, es tangible. La vida cristiana duele. <a href=\"https:\/\/es.ifesjournal.org\/la-gloria-oculta-del-martirio-fc63a4c0e64\" target=\"_blank\" rel=\"noopener noreferrer\">Leer m\u00e1s.<\/a><\/p><\/blockquote>\n<h4><strong>Hwa Yung,\u00a0Malasia:<\/strong><\/h4>\n<blockquote><p>En resumen, se ha observado que nos enfrentamos a una persecuci\u00f3n religiosa sin precedentes, dirigida a todas las confesiones y especialmente a los cristianos. En muchos lugares la persecuci\u00f3n ha llegado a ser pr\u00e1cticamente genocidio. Sin embargo el discurso predominante que utiliza la iglesia global como respuesta a la persecuci\u00f3n sigue siendo la del aguante fiel. A pesar del papel importante de la tradici\u00f3n de la guerra justa en la historia cristiana, no se ha trabajado mucho para aplicar los mismos principios al genocidio dentro de la persecuci\u00f3n.<\/p><\/blockquote>\n<blockquote><p>Debatiendo con algunos cristianos nigerianos cuyas iglesias est\u00e1n siendo quemadas y que est\u00e1n sufriendo asesinatos masivos en sus comunidades, un amigo m\u00edo sugiri\u00f3 que quiz\u00e1s deber\u00edan empezar a considerar aplicar la tradici\u00f3n de la guerra justa para defenderse en tales situaciones. \u00a1Se sorprendi\u00f3 porque los dem\u00e1s le dijeron que nunca hab\u00edan o\u00eddo hablar de este concepto! La tradici\u00f3n de la guerra justa est\u00e1 aceptada en general por una gran mayor\u00eda de cat\u00f3licos y protestantes, especialmente en casos de agresi\u00f3n inmoral y para defender a los inocentes.<\/p><\/blockquote>\n<blockquote><p>Es un tema con repercusiones no s\u00f3lo a nivel regional o nacional, sino tambi\u00e9n a nivel local. Por ejemplo, hay pruebas anecd\u00f3ticas de varios lugares que sugieren que es menos probable que una iglesia sea quemada y que una comunidad sea atacada si son protegidas por grupos de vigilancia cristianos. Pero existe el peligro permanente de pasar de la defensa justa y la protecci\u00f3n de las comunidades religiosas vulnerables a la venganza y la agresi\u00f3n incontrolada hacia los perseguidores. <a href=\"https:\/\/es.ifesjournal.org\/podemos-aceptar-el-martirio-pero-no-el-genocidio-866943ef42fc\" target=\"_blank\" rel=\"noopener noreferrer\">Leer m\u00e1s.<\/a><\/p><\/blockquote>\n<h4><strong>Bishop Benjamin Kwashi,\u00a0Nigeria:<\/strong><\/h4>\n<blockquote><p>Un evangelio que no tiene ning\u00fan efecto en la vida de las personas, que no tiene poder transformador, no es el evangelio verdadero ni completo. Sean cuales sean las circunstancias que nos rodean, no olvidemos lo siguiente: \u00a1tenemos un evangelio por el que merece la pena vivir y un evangelio por el que merece la pena morir! <a href=\"https:\/\/es.ifesjournal.org\/un-evangelio-po-el-que-merece-la-pena-morir-741c80fc21df\" target=\"_blank\" rel=\"noopener noreferrer\">Leer m\u00e1s.<\/a><\/p><\/blockquote>\n<hr \/>\n<h3>Responda<\/h3>\n<p>\u00bfDe qu\u00e9 forma se presentan la persecuci\u00f3n y sufrimiento en su contexto o en otro contexto que conozcan? \u00bfC\u00f3mo podr\u00edan apartar un tiempo para orar por la iglesia perseguida en el resto del mundo?<\/p>\n<p>Pueden leer m\u00e1s, reflexionar m\u00e1s y encontrar m\u00e1s preguntas para debatir sobre este tema en el <a href=\"https:\/\/es.ifesjournal.org\/persecucion\/home\" target=\"_blank\" rel=\"noopener noreferrer\">n\u00famero 3 de <em>Palabra y Mundo<\/em><\/a>.<\/p>\n","protected":false},"featured_media":1188,"template":"","area":[],"theme":[],"class_list":["post-1086","conexion","type-conexion","status-publish","has-post-thumbnail","hentry"],"acf":[],"yoast_head":"<!-- This site is optimized with the Yoast SEO plugin v22.6 - https:\/\/yoast.com\/wordpress\/plugins\/seo\/ -->\n<title>Acci\u00f3n: Persecuci\u00f3n y suffrimiento &#183; IFES Conexi\u00f3n Blog<\/title>\n<meta name=\"description\" content=\"\u00bfC\u00f3mo debemos orar y prepararnos para el sufrimiento fiel? Si hubieran cruzado las llanuras de N\u00ednive hace 2.500 a\u00f1os, se habr\u00edan encontrado con un\" \/>\n<meta name=\"robots\" content=\"noindex, follow, max-snippet:-1, max-image-preview:large, max-video-preview:-1\" \/>\n<meta property=\"og:locale\" content=\"es_ES\" \/>\n<meta property=\"og:type\" content=\"article\" \/>\n<meta property=\"og:title\" content=\"Acci\u00f3n: Persecuci\u00f3n y suffrimiento &#183; IFES Conexi\u00f3n Blog\" \/>\n<meta property=\"og:description\" content=\"\u00bfC\u00f3mo debemos orar y prepararnos para el sufrimiento fiel? Si hubieran cruzado las llanuras de N\u00ednive hace 2.500 a\u00f1os, se habr\u00edan encontrado con un\" \/>\n<meta property=\"og:url\" content=\"https:\/\/ifesworld.org\/es\/blog\/accion-persecucion-y-suffrimiento\/\" \/>\n<meta property=\"og:site_name\" content=\"IFES\" \/>\n<meta property=\"article:modified_time\" content=\"2019-05-20T14:11:48+00:00\" \/>\n<meta property=\"og:image\" content=\"https:\/\/ifesworld.org\/wp-content\/uploads\/2019\/05\/f656f-1ybqn37i1un4ynyn9xhqanq.jpeg\" \/>\n\t<meta property=\"og:image:width\" content=\"2560\" \/>\n\t<meta property=\"og:image:height\" content=\"1708\" \/>\n\t<meta property=\"og:image:type\" content=\"image\/jpeg\" \/>\n<meta name=\"twitter:card\" content=\"summary_large_image\" \/>\n<meta name=\"twitter:label1\" content=\"Tiempo de lectura\" \/>\n\t<meta name=\"twitter:data1\" content=\"7 minutos\" \/>\n<script type=\"application\/ld+json\" class=\"yoast-schema-graph\">{\"@context\":\"https:\/\/schema.org\",\"@graph\":[{\"@type\":\"WebPage\",\"@id\":\"https:\/\/ifesworld.org\/es\/blog\/accion-persecucion-y-suffrimiento\/\",\"url\":\"https:\/\/ifesworld.org\/es\/blog\/accion-persecucion-y-suffrimiento\/\",\"name\":\"Acci\u00f3n: Persecuci\u00f3n y suffrimiento &#183; IFES Conexi\u00f3n Blog\",\"isPartOf\":{\"@id\":\"https:\/\/fru.ifesworld.org\/en\/#website\"},\"primaryImageOfPage\":{\"@id\":\"https:\/\/ifesworld.org\/es\/blog\/accion-persecucion-y-suffrimiento\/#primaryimage\"},\"image\":{\"@id\":\"https:\/\/ifesworld.org\/es\/blog\/accion-persecucion-y-suffrimiento\/#primaryimage\"},\"thumbnailUrl\":\"https:\/\/fru.ifesworld.org\/wp-content\/uploads\/2019\/05\/f656f-1ybqn37i1un4ynyn9xhqanq.jpeg\",\"datePublished\":\"2017-08-02T14:39:17+00:00\",\"dateModified\":\"2019-05-20T14:11:48+00:00\",\"description\":\"\u00bfC\u00f3mo debemos orar y prepararnos para el sufrimiento fiel? Si hubieran cruzado las llanuras de N\u00ednive hace 2.500 a\u00f1os, se habr\u00edan encontrado con un\",\"breadcrumb\":{\"@id\":\"https:\/\/ifesworld.org\/es\/blog\/accion-persecucion-y-suffrimiento\/#breadcrumb\"},\"inLanguage\":\"es\",\"potentialAction\":[{\"@type\":\"ReadAction\",\"target\":[\"https:\/\/ifesworld.org\/es\/blog\/accion-persecucion-y-suffrimiento\/\"]}]},{\"@type\":\"ImageObject\",\"inLanguage\":\"es\",\"@id\":\"https:\/\/ifesworld.org\/es\/blog\/accion-persecucion-y-suffrimiento\/#primaryimage\",\"url\":\"https:\/\/fru.ifesworld.org\/wp-content\/uploads\/2019\/05\/f656f-1ybqn37i1un4ynyn9xhqanq.jpeg\",\"contentUrl\":\"https:\/\/fru.ifesworld.org\/wp-content\/uploads\/2019\/05\/f656f-1ybqn37i1un4ynyn9xhqanq.jpeg\",\"width\":2560,\"height\":1708},{\"@type\":\"BreadcrumbList\",\"@id\":\"https:\/\/ifesworld.org\/es\/blog\/accion-persecucion-y-suffrimiento\/#breadcrumb\",\"itemListElement\":[{\"@type\":\"ListItem\",\"position\":1,\"name\":\"Home\",\"item\":\"https:\/\/ifesworld.org\/es\/\"},{\"@type\":\"ListItem\",\"position\":2,\"name\":\"Conexi\u00f3n\",\"item\":\"https:\/\/ifesworld.org\/es\/blog\/\"},{\"@type\":\"ListItem\",\"position\":3,\"name\":\"Acci\u00f3n: Persecuci\u00f3n y suffrimiento\"}]},{\"@type\":\"WebSite\",\"@id\":\"https:\/\/fru.ifesworld.org\/en\/#website\",\"url\":\"https:\/\/fru.ifesworld.org\/en\/\",\"name\":\"IFES\",\"description\":\"A movement of students sharing and living out the good news of Jesus Christ. Locally. Nationally. Globally.\",\"publisher\":{\"@id\":\"https:\/\/fru.ifesworld.org\/en\/#organization\"},\"potentialAction\":[{\"@type\":\"SearchAction\",\"target\":{\"@type\":\"EntryPoint\",\"urlTemplate\":\"https:\/\/fru.ifesworld.org\/en\/?s={search_term_string}\"},\"query-input\":\"required name=search_term_string\"}],\"inLanguage\":\"es\"},{\"@type\":\"Organization\",\"@id\":\"https:\/\/fru.ifesworld.org\/en\/#organization\",\"name\":\"IFES \u00b7 International Fellowship of Evangelical Students\",\"url\":\"https:\/\/fru.ifesworld.org\/en\/\",\"logo\":{\"@type\":\"ImageObject\",\"inLanguage\":\"es\",\"@id\":\"https:\/\/fru.ifesworld.org\/en\/#\/schema\/logo\/image\/\",\"url\":\"https:\/\/fru.ifesworld.org\/wp-content\/uploads\/2019\/06\/ifeslogo.png\",\"contentUrl\":\"https:\/\/fru.ifesworld.org\/wp-content\/uploads\/2019\/06\/ifeslogo.png\",\"width\":262,\"height\":262,\"caption\":\"IFES \u00b7 International Fellowship of Evangelical Students\"},\"image\":{\"@id\":\"https:\/\/fru.ifesworld.org\/en\/#\/schema\/logo\/image\/\"}}]}<\/script>\n<!-- \/ Yoast SEO plugin. -->","yoast_head_json":{"title":"Acci\u00f3n: Persecuci\u00f3n y suffrimiento &#183; IFES Conexi\u00f3n Blog","description":"\u00bfC\u00f3mo debemos orar y prepararnos para el sufrimiento fiel? Si hubieran cruzado las llanuras de N\u00ednive hace 2.500 a\u00f1os, se habr\u00edan encontrado con un","robots":{"index":"noindex","follow":"follow","max-snippet":"max-snippet:-1","max-image-preview":"max-image-preview:large","max-video-preview":"max-video-preview:-1"},"og_locale":"es_ES","og_type":"article","og_title":"Acci\u00f3n: Persecuci\u00f3n y suffrimiento &#183; IFES Conexi\u00f3n Blog","og_description":"\u00bfC\u00f3mo debemos orar y prepararnos para el sufrimiento fiel? Si hubieran cruzado las llanuras de N\u00ednive hace 2.500 a\u00f1os, se habr\u00edan encontrado con un","og_url":"https:\/\/ifesworld.org\/es\/blog\/accion-persecucion-y-suffrimiento\/","og_site_name":"IFES","article_modified_time":"2019-05-20T14:11:48+00:00","og_image":[{"width":2560,"height":1708,"url":"https:\/\/ifesworld.org\/wp-content\/uploads\/2019\/05\/f656f-1ybqn37i1un4ynyn9xhqanq.jpeg","type":"image\/jpeg"}],"twitter_card":"summary_large_image","twitter_misc":{"Tiempo de lectura":"7 minutos"},"schema":{"@context":"https:\/\/schema.org","@graph":[{"@type":"WebPage","@id":"https:\/\/ifesworld.org\/es\/blog\/accion-persecucion-y-suffrimiento\/","url":"https:\/\/ifesworld.org\/es\/blog\/accion-persecucion-y-suffrimiento\/","name":"Acci\u00f3n: Persecuci\u00f3n y suffrimiento &#183; IFES Conexi\u00f3n Blog","isPartOf":{"@id":"https:\/\/fru.ifesworld.org\/en\/#website"},"primaryImageOfPage":{"@id":"https:\/\/ifesworld.org\/es\/blog\/accion-persecucion-y-suffrimiento\/#primaryimage"},"image":{"@id":"https:\/\/ifesworld.org\/es\/blog\/accion-persecucion-y-suffrimiento\/#primaryimage"},"thumbnailUrl":"https:\/\/fru.ifesworld.org\/wp-content\/uploads\/2019\/05\/f656f-1ybqn37i1un4ynyn9xhqanq.jpeg","datePublished":"2017-08-02T14:39:17+00:00","dateModified":"2019-05-20T14:11:48+00:00","description":"\u00bfC\u00f3mo debemos orar y prepararnos para el sufrimiento fiel? Si hubieran cruzado las llanuras de N\u00ednive hace 2.500 a\u00f1os, se habr\u00edan encontrado con un","breadcrumb":{"@id":"https:\/\/ifesworld.org\/es\/blog\/accion-persecucion-y-suffrimiento\/#breadcrumb"},"inLanguage":"es","potentialAction":[{"@type":"ReadAction","target":["https:\/\/ifesworld.org\/es\/blog\/accion-persecucion-y-suffrimiento\/"]}]},{"@type":"ImageObject","inLanguage":"es","@id":"https:\/\/ifesworld.org\/es\/blog\/accion-persecucion-y-suffrimiento\/#primaryimage","url":"https:\/\/fru.ifesworld.org\/wp-content\/uploads\/2019\/05\/f656f-1ybqn37i1un4ynyn9xhqanq.jpeg","contentUrl":"https:\/\/fru.ifesworld.org\/wp-content\/uploads\/2019\/05\/f656f-1ybqn37i1un4ynyn9xhqanq.jpeg","width":2560,"height":1708},{"@type":"BreadcrumbList","@id":"https:\/\/ifesworld.org\/es\/blog\/accion-persecucion-y-suffrimiento\/#breadcrumb","itemListElement":[{"@type":"ListItem","position":1,"name":"Home","item":"https:\/\/ifesworld.org\/es\/"},{"@type":"ListItem","position":2,"name":"Conexi\u00f3n","item":"https:\/\/ifesworld.org\/es\/blog\/"},{"@type":"ListItem","position":3,"name":"Acci\u00f3n: Persecuci\u00f3n y suffrimiento"}]},{"@type":"WebSite","@id":"https:\/\/fru.ifesworld.org\/en\/#website","url":"https:\/\/fru.ifesworld.org\/en\/","name":"IFES","description":"A movement of students sharing and living out the good news of Jesus Christ. Locally. Nationally. Globally.","publisher":{"@id":"https:\/\/fru.ifesworld.org\/en\/#organization"},"potentialAction":[{"@type":"SearchAction","target":{"@type":"EntryPoint","urlTemplate":"https:\/\/fru.ifesworld.org\/en\/?s={search_term_string}"},"query-input":"required name=search_term_string"}],"inLanguage":"es"},{"@type":"Organization","@id":"https:\/\/fru.ifesworld.org\/en\/#organization","name":"IFES \u00b7 International Fellowship of Evangelical Students","url":"https:\/\/fru.ifesworld.org\/en\/","logo":{"@type":"ImageObject","inLanguage":"es","@id":"https:\/\/fru.ifesworld.org\/en\/#\/schema\/logo\/image\/","url":"https:\/\/fru.ifesworld.org\/wp-content\/uploads\/2019\/06\/ifeslogo.png","contentUrl":"https:\/\/fru.ifesworld.org\/wp-content\/uploads\/2019\/06\/ifeslogo.png","width":262,"height":262,"caption":"IFES \u00b7 International Fellowship of Evangelical Students"},"image":{"@id":"https:\/\/fru.ifesworld.org\/en\/#\/schema\/logo\/image\/"}}]}},"_links":{"self":[{"href":"https:\/\/fru.ifesworld.org\/es\/wp-json\/wp\/v2\/conexion\/1086"}],"collection":[{"href":"https:\/\/fru.ifesworld.org\/es\/wp-json\/wp\/v2\/conexion"}],"about":[{"href":"https:\/\/fru.ifesworld.org\/es\/wp-json\/wp\/v2\/types\/conexion"}],"wp:featuredmedia":[{"embeddable":true,"href":"https:\/\/fru.ifesworld.org\/es\/wp-json\/wp\/v2\/media\/1188"}],"wp:attachment":[{"href":"https:\/\/fru.ifesworld.org\/es\/wp-json\/wp\/v2\/media?parent=1086"}],"wp:term":[{"taxonomy":"area","embeddable":true,"href":"https:\/\/fru.ifesworld.org\/es\/wp-json\/wp\/v2\/area?post=1086"},{"taxonomy":"theme","embeddable":true,"href":"https:\/\/fru.ifesworld.org\/es\/wp-json\/wp\/v2\/theme?post=1086"}],"curies":[{"name":"wp","href":"https:\/\/api.w.org\/{rel}","templated":true}]}}