{"id":10821,"date":"2020-01-17T14:55:20","date_gmt":"2020-01-17T14:55:20","guid":{"rendered":"https:\/\/fru.ifesworld.org\/?post_type=conexion&#038;p=10821"},"modified":"2020-01-17T14:55:22","modified_gmt":"2020-01-17T14:55:22","slug":"cuando-los-pastores-se-enfadan","status":"publish","type":"conexion","link":"https:\/\/fru.ifesworld.org\/es\/blog\/cuando-los-pastores-se-enfadan\/","title":{"rendered":"Cuando los pastores se enfadan"},"content":{"rendered":"<div class=\"wp-block block-core-paragraph\">\n<p>Ben* estaba reunido con los pastores\nprincipales de una iglesia de un pa\u00eds de Asia Central. \u00c9l era quien estaba\nfuera de lugar. El \u00fanico extranjero, el \u00fanico que no era pastor. <em>\u00abQu\u00e9 gran privilegio tener la\nconfianza de estos hombres\u00bb,<\/em> pens\u00f3.<\/p>\n<\/div>\n\n<div class=\"wp-block block-core-paragraph\">\n<p>A medida que la reuni\u00f3n avanzaba, alguien\nlanz\u00f3 una pregunta: \u00ab\u00bfY si los l\u00edderes de j\u00f3venes de la iglesia colaboran para\norganizar un evento intereclesial para j\u00f3venes?\u00bb. En la mayor\u00eda de contextos,\nla idea ser\u00eda aplaudida. Pero aqu\u00ed no. Muchos pastores, especialmente los\nprincipales, se opusieron. Estaban enfadados.<\/p>\n<\/div>\n\n<div class=\"wp-block block-core-heading\">\n<h2 class=\"wp-block-heading\">Una historia amarga<\/h2>\n<\/div>\n\n<div class=\"wp-block block-core-paragraph\">\n<p>Ya hab\u00edan pasado por esto antes: estos eventos\norganizados a menudo por organizaciones externas serv\u00edan de est\u00edmulo al\nprincipio, pero al final los j\u00f3venes se volv\u00edan demasiado cr\u00edticos con los\nministerios juveniles de sus iglesias y las abandonaban para formar grupos\nnuevos, pero estos enseguida se ven\u00edan abajo debido a la falta de madurez. \u00bfEl\nresultado? La juventud de pierde. Esta era la primera generaci\u00f3n de j\u00f3venes\ncristianos del pa\u00eds. Eran demasiado valiosos para perderlos. Ya hab\u00edan pasado\npor eso antes y no quer\u00edan volver a vivirlo.<\/p>\n<\/div>\n\n<div class=\"wp-block block-core-paragraph\">\n<p>En ese contexto, \u00bfc\u00f3mo pod\u00eda ayudar IFES? Si\nlos pastores dec\u00edan que no a sus propios l\u00edderes de j\u00f3venes, \u00bfc\u00f3mo iban a\nconfiar en IFES para unir a los estudiantes?<\/p>\n<\/div>\n\n\n<figure class=\"wp-block-image size-large\"><img loading=\"lazy\" decoding=\"async\" width=\"1024\" height=\"384\" src=\"https:\/\/fru.ifesworld.org\/wp-content\/uploads\/2020\/01\/200122-CON-Central-Asia2-1024x384.jpg\" alt=\"\" class=\"wp-image-10819\" srcset=\"https:\/\/fru.ifesworld.org\/wp-content\/uploads\/2020\/01\/200122-CON-Central-Asia2-1024x384.jpg 1024w, https:\/\/fru.ifesworld.org\/wp-content\/uploads\/2020\/01\/200122-CON-Central-Asia2-300x113.jpg 300w, https:\/\/fru.ifesworld.org\/wp-content\/uploads\/2020\/01\/200122-CON-Central-Asia2-768x288.jpg 768w, https:\/\/fru.ifesworld.org\/wp-content\/uploads\/2020\/01\/200122-CON-Central-Asia2.jpg 1200w\" sizes=\"(max-width: 1024px) 100vw, 1024px\" \/><figcaption> Luan Cabral &#8211; Unsplash <\/figcaption><\/figure>\n\n\n<div class=\"wp-block block-core-heading\">\n<h2 class=\"wp-block-heading\">Un trabajo lento hacia un sue\u00f1o a largo plazo<\/h2>\n<\/div>\n\n<div class=\"wp-block block-core-paragraph\">\n<p>Durante los \u00faltimos a\u00f1os, Ben y sus compa\u00f1eros\nhan trabajado muy duro para volver a construir la confianza perdida con los\nl\u00edderes de la iglesia. Decidieron que solo trabajar\u00edan en los espacios que las\niglesias les dieran. Hablan con el pastor antes de hablar con los estudiantes\nde su iglesia. Empiezan organizando una conferencia en la iglesia para sus\nestudiantes, para animarlos y equiparlos para la evangelizaci\u00f3n. Insisten en\nque los estudiantes pertenecen a la iglesia loca y que su colaboraci\u00f3n en IFES\nno debe ser un obst\u00e1culo para ello.<\/p>\n<\/div>\n\n<div class=\"wp-block block-core-paragraph\">\n<p>La esperanza de Ben es que, a medida que los\npastores vean que la formaci\u00f3n se centra en la Biblia y el evangelio y que el\nenfoque es misionero, empiecen a confiar en ellos.<\/p>\n<\/div>\n\n<div class=\"wp-block block-core-paragraph\">\n<p>Su sue\u00f1o es ver a estudiantes de diferentes iglesias reunidos para orar por su campus, anim\u00e1ndose unos a otros para alcanzar a sus amigos con el evangelio. Pero este proceso requerir\u00e1 a\u00f1os de construcci\u00f3n de confianza. El ministerio estudiantil en este contexto no es r\u00e1pido y din\u00e1mico, como en otros sitios. Pero en ese contexto es la \u00fanica manera de conseguir un movimiento estable y duradero que sea de bendici\u00f3n para las iglesias locales.<\/p>\n<\/div>\n\n<div class=\"wp-block block-core-heading\">\n<h2 class=\"wp-block-heading\">Un final alentador<\/h2>\n<\/div>\n\n<div class=\"wp-block block-core-paragraph\">\n<p>\u00bfY c\u00f3mo termin\u00f3 esa tensa reuni\u00f3n? Un pastor influyente, con quien Ben hab\u00eda quedado recientemente para explicar sus planes ministeriales, se levant\u00f3 para pedir silencio. \u00abS\u00ed, hemos pasado por esto antes y no nos ha ayudado. Lo que necesitamos son organizaciones como IFES\u00bb, dijo. Se\u00f1al\u00f3 a Ben y prosigui\u00f3: \u00abViene aqu\u00ed, hablan con nosotros. Colaboran con nuestras iglesias y con los j\u00f3venes sin apartarlos del contexto eclesial. Este es el enfoque correcto\u00bb.<\/p>\n<\/div>\n\n<div class=\"wp-block block-core-paragraph\">\n<p>*No es su nombre real.<\/p>\n<\/div>","protected":false},"featured_media":10894,"template":"","area":[705],"theme":[1245],"class_list":["post-10821","conexion","type-conexion","status-publish","has-post-thumbnail","hentry","area-eurasia-2","theme-colaboracion"],"acf":[],"yoast_head":"<!-- This site is optimized with the Yoast SEO plugin v22.6 - https:\/\/yoast.com\/wordpress\/plugins\/seo\/ -->\n<title>Cuando los pastores se enfadan &#183; IFES Conexi\u00f3n Blog<\/title>\n<meta name=\"description\" content=\"Ben* estaba reunido con los pastores principales de una iglesia de un pa\u00eds de Asia Central. \u00c9l era quien estaba fuera de lugar. El \u00fanico extranjero, el\" \/>\n<meta name=\"robots\" content=\"noindex, follow, max-snippet:-1, max-image-preview:large, max-video-preview:-1\" \/>\n<meta property=\"og:locale\" content=\"es_ES\" \/>\n<meta property=\"og:type\" content=\"article\" \/>\n<meta property=\"og:title\" content=\"Cuando los pastores se enfadan &#183; IFES Conexi\u00f3n Blog\" \/>\n<meta property=\"og:description\" content=\"Ben* estaba reunido con los pastores principales de una iglesia de un pa\u00eds de Asia Central. \u00c9l era quien estaba fuera de lugar. El \u00fanico extranjero, el\" \/>\n<meta property=\"og:url\" content=\"https:\/\/ifesworld.org\/es\/blog\/cuando-los-pastores-se-enfadan\/\" \/>\n<meta property=\"og:site_name\" content=\"IFES\" \/>\n<meta property=\"article:modified_time\" content=\"2020-01-17T14:55:22+00:00\" \/>\n<meta property=\"og:image\" content=\"https:\/\/ifesworld.org\/wp-content\/uploads\/2020\/01\/200122-CON-Romain.jpg\" \/>\n\t<meta property=\"og:image:width\" content=\"1200\" \/>\n\t<meta property=\"og:image:height\" content=\"675\" \/>\n\t<meta property=\"og:image:type\" content=\"image\/jpeg\" \/>\n<meta name=\"twitter:card\" content=\"summary_large_image\" \/>\n<meta name=\"twitter:label1\" content=\"Tiempo de lectura\" \/>\n\t<meta name=\"twitter:data1\" content=\"3 minutos\" \/>\n<script type=\"application\/ld+json\" class=\"yoast-schema-graph\">{\"@context\":\"https:\/\/schema.org\",\"@graph\":[{\"@type\":\"WebPage\",\"@id\":\"https:\/\/ifesworld.org\/es\/blog\/cuando-los-pastores-se-enfadan\/\",\"url\":\"https:\/\/ifesworld.org\/es\/blog\/cuando-los-pastores-se-enfadan\/\",\"name\":\"Cuando los pastores se enfadan &#183; IFES Conexi\u00f3n Blog\",\"isPartOf\":{\"@id\":\"https:\/\/fru.ifesworld.org\/en\/#website\"},\"primaryImageOfPage\":{\"@id\":\"https:\/\/ifesworld.org\/es\/blog\/cuando-los-pastores-se-enfadan\/#primaryimage\"},\"image\":{\"@id\":\"https:\/\/ifesworld.org\/es\/blog\/cuando-los-pastores-se-enfadan\/#primaryimage\"},\"thumbnailUrl\":\"https:\/\/fru.ifesworld.org\/wp-content\/uploads\/2020\/01\/200122-CON-Romain.jpg\",\"datePublished\":\"2020-01-17T14:55:20+00:00\",\"dateModified\":\"2020-01-17T14:55:22+00:00\",\"description\":\"Ben* estaba reunido con los pastores principales de una iglesia de un pa\u00eds de Asia Central. \u00c9l era quien estaba fuera de lugar. El \u00fanico extranjero, el\",\"breadcrumb\":{\"@id\":\"https:\/\/ifesworld.org\/es\/blog\/cuando-los-pastores-se-enfadan\/#breadcrumb\"},\"inLanguage\":\"es\",\"potentialAction\":[{\"@type\":\"ReadAction\",\"target\":[\"https:\/\/ifesworld.org\/es\/blog\/cuando-los-pastores-se-enfadan\/\"]}]},{\"@type\":\"ImageObject\",\"inLanguage\":\"es\",\"@id\":\"https:\/\/ifesworld.org\/es\/blog\/cuando-los-pastores-se-enfadan\/#primaryimage\",\"url\":\"https:\/\/fru.ifesworld.org\/wp-content\/uploads\/2020\/01\/200122-CON-Romain.jpg\",\"contentUrl\":\"https:\/\/fru.ifesworld.org\/wp-content\/uploads\/2020\/01\/200122-CON-Romain.jpg\",\"width\":1200,\"height\":675,\"caption\":\"200122 CON - Romain\"},{\"@type\":\"BreadcrumbList\",\"@id\":\"https:\/\/ifesworld.org\/es\/blog\/cuando-los-pastores-se-enfadan\/#breadcrumb\",\"itemListElement\":[{\"@type\":\"ListItem\",\"position\":1,\"name\":\"Home\",\"item\":\"https:\/\/ifesworld.org\/es\/\"},{\"@type\":\"ListItem\",\"position\":2,\"name\":\"Conexi\u00f3n\",\"item\":\"https:\/\/ifesworld.org\/es\/blog\/\"},{\"@type\":\"ListItem\",\"position\":3,\"name\":\"Cuando los pastores se enfadan\"}]},{\"@type\":\"WebSite\",\"@id\":\"https:\/\/fru.ifesworld.org\/en\/#website\",\"url\":\"https:\/\/fru.ifesworld.org\/en\/\",\"name\":\"IFES\",\"description\":\"A movement of students sharing and living out the good news of Jesus Christ. Locally. Nationally. Globally.\",\"publisher\":{\"@id\":\"https:\/\/fru.ifesworld.org\/en\/#organization\"},\"potentialAction\":[{\"@type\":\"SearchAction\",\"target\":{\"@type\":\"EntryPoint\",\"urlTemplate\":\"https:\/\/fru.ifesworld.org\/en\/?s={search_term_string}\"},\"query-input\":\"required name=search_term_string\"}],\"inLanguage\":\"es\"},{\"@type\":\"Organization\",\"@id\":\"https:\/\/fru.ifesworld.org\/en\/#organization\",\"name\":\"IFES \u00b7 International Fellowship of Evangelical Students\",\"url\":\"https:\/\/fru.ifesworld.org\/en\/\",\"logo\":{\"@type\":\"ImageObject\",\"inLanguage\":\"es\",\"@id\":\"https:\/\/fru.ifesworld.org\/en\/#\/schema\/logo\/image\/\",\"url\":\"https:\/\/fru.ifesworld.org\/wp-content\/uploads\/2019\/06\/ifeslogo.png\",\"contentUrl\":\"https:\/\/fru.ifesworld.org\/wp-content\/uploads\/2019\/06\/ifeslogo.png\",\"width\":262,\"height\":262,\"caption\":\"IFES \u00b7 International Fellowship of Evangelical Students\"},\"image\":{\"@id\":\"https:\/\/fru.ifesworld.org\/en\/#\/schema\/logo\/image\/\"}}]}<\/script>\n<!-- \/ Yoast SEO plugin. -->","yoast_head_json":{"title":"Cuando los pastores se enfadan &#183; IFES Conexi\u00f3n Blog","description":"Ben* estaba reunido con los pastores principales de una iglesia de un pa\u00eds de Asia Central. \u00c9l era quien estaba fuera de lugar. El \u00fanico extranjero, el","robots":{"index":"noindex","follow":"follow","max-snippet":"max-snippet:-1","max-image-preview":"max-image-preview:large","max-video-preview":"max-video-preview:-1"},"og_locale":"es_ES","og_type":"article","og_title":"Cuando los pastores se enfadan &#183; IFES Conexi\u00f3n Blog","og_description":"Ben* estaba reunido con los pastores principales de una iglesia de un pa\u00eds de Asia Central. \u00c9l era quien estaba fuera de lugar. El \u00fanico extranjero, el","og_url":"https:\/\/ifesworld.org\/es\/blog\/cuando-los-pastores-se-enfadan\/","og_site_name":"IFES","article_modified_time":"2020-01-17T14:55:22+00:00","og_image":[{"width":1200,"height":675,"url":"https:\/\/ifesworld.org\/wp-content\/uploads\/2020\/01\/200122-CON-Romain.jpg","type":"image\/jpeg"}],"twitter_card":"summary_large_image","twitter_misc":{"Tiempo de lectura":"3 minutos"},"schema":{"@context":"https:\/\/schema.org","@graph":[{"@type":"WebPage","@id":"https:\/\/ifesworld.org\/es\/blog\/cuando-los-pastores-se-enfadan\/","url":"https:\/\/ifesworld.org\/es\/blog\/cuando-los-pastores-se-enfadan\/","name":"Cuando los pastores se enfadan &#183; IFES Conexi\u00f3n Blog","isPartOf":{"@id":"https:\/\/fru.ifesworld.org\/en\/#website"},"primaryImageOfPage":{"@id":"https:\/\/ifesworld.org\/es\/blog\/cuando-los-pastores-se-enfadan\/#primaryimage"},"image":{"@id":"https:\/\/ifesworld.org\/es\/blog\/cuando-los-pastores-se-enfadan\/#primaryimage"},"thumbnailUrl":"https:\/\/fru.ifesworld.org\/wp-content\/uploads\/2020\/01\/200122-CON-Romain.jpg","datePublished":"2020-01-17T14:55:20+00:00","dateModified":"2020-01-17T14:55:22+00:00","description":"Ben* estaba reunido con los pastores principales de una iglesia de un pa\u00eds de Asia Central. \u00c9l era quien estaba fuera de lugar. El \u00fanico extranjero, el","breadcrumb":{"@id":"https:\/\/ifesworld.org\/es\/blog\/cuando-los-pastores-se-enfadan\/#breadcrumb"},"inLanguage":"es","potentialAction":[{"@type":"ReadAction","target":["https:\/\/ifesworld.org\/es\/blog\/cuando-los-pastores-se-enfadan\/"]}]},{"@type":"ImageObject","inLanguage":"es","@id":"https:\/\/ifesworld.org\/es\/blog\/cuando-los-pastores-se-enfadan\/#primaryimage","url":"https:\/\/fru.ifesworld.org\/wp-content\/uploads\/2020\/01\/200122-CON-Romain.jpg","contentUrl":"https:\/\/fru.ifesworld.org\/wp-content\/uploads\/2020\/01\/200122-CON-Romain.jpg","width":1200,"height":675,"caption":"200122 CON - Romain"},{"@type":"BreadcrumbList","@id":"https:\/\/ifesworld.org\/es\/blog\/cuando-los-pastores-se-enfadan\/#breadcrumb","itemListElement":[{"@type":"ListItem","position":1,"name":"Home","item":"https:\/\/ifesworld.org\/es\/"},{"@type":"ListItem","position":2,"name":"Conexi\u00f3n","item":"https:\/\/ifesworld.org\/es\/blog\/"},{"@type":"ListItem","position":3,"name":"Cuando los pastores se enfadan"}]},{"@type":"WebSite","@id":"https:\/\/fru.ifesworld.org\/en\/#website","url":"https:\/\/fru.ifesworld.org\/en\/","name":"IFES","description":"A movement of students sharing and living out the good news of Jesus Christ. Locally. Nationally. Globally.","publisher":{"@id":"https:\/\/fru.ifesworld.org\/en\/#organization"},"potentialAction":[{"@type":"SearchAction","target":{"@type":"EntryPoint","urlTemplate":"https:\/\/fru.ifesworld.org\/en\/?s={search_term_string}"},"query-input":"required name=search_term_string"}],"inLanguage":"es"},{"@type":"Organization","@id":"https:\/\/fru.ifesworld.org\/en\/#organization","name":"IFES \u00b7 International Fellowship of Evangelical Students","url":"https:\/\/fru.ifesworld.org\/en\/","logo":{"@type":"ImageObject","inLanguage":"es","@id":"https:\/\/fru.ifesworld.org\/en\/#\/schema\/logo\/image\/","url":"https:\/\/fru.ifesworld.org\/wp-content\/uploads\/2019\/06\/ifeslogo.png","contentUrl":"https:\/\/fru.ifesworld.org\/wp-content\/uploads\/2019\/06\/ifeslogo.png","width":262,"height":262,"caption":"IFES \u00b7 International Fellowship of Evangelical Students"},"image":{"@id":"https:\/\/fru.ifesworld.org\/en\/#\/schema\/logo\/image\/"}}]}},"_links":{"self":[{"href":"https:\/\/fru.ifesworld.org\/es\/wp-json\/wp\/v2\/conexion\/10821"}],"collection":[{"href":"https:\/\/fru.ifesworld.org\/es\/wp-json\/wp\/v2\/conexion"}],"about":[{"href":"https:\/\/fru.ifesworld.org\/es\/wp-json\/wp\/v2\/types\/conexion"}],"wp:featuredmedia":[{"embeddable":true,"href":"https:\/\/fru.ifesworld.org\/es\/wp-json\/wp\/v2\/media\/10894"}],"wp:attachment":[{"href":"https:\/\/fru.ifesworld.org\/es\/wp-json\/wp\/v2\/media?parent=10821"}],"wp:term":[{"taxonomy":"area","embeddable":true,"href":"https:\/\/fru.ifesworld.org\/es\/wp-json\/wp\/v2\/area?post=10821"},{"taxonomy":"theme","embeddable":true,"href":"https:\/\/fru.ifesworld.org\/es\/wp-json\/wp\/v2\/theme?post=10821"}],"curies":[{"name":"wp","href":"https:\/\/api.w.org\/{rel}","templated":true}]}}