{"id":1073,"date":"2017-06-01T00:01:00","date_gmt":"2017-05-31T23:01:00","guid":{"rendered":"https:\/\/fru.ifesworld.org\/conexion\/primeras-palabras-practicar-una-reconciliacion-radical-y-transformadora\/"},"modified":"2019-05-20T14:28:48","modified_gmt":"2019-05-20T14:28:48","slug":"primeras-palabras-practicar-una-reconciliacion-radical-y-transformadora","status":"publish","type":"conexion","link":"https:\/\/fru.ifesworld.org\/es\/blog\/primeras-palabras-practicar-una-reconciliacion-radical-y-transformadora\/","title":{"rendered":"Primeras palabras: Practicar una reconciliaci\u00f3n radical y transformadora"},"content":{"rendered":"<p>Sucesos como el ataque terrorista de la semana pasada en Manchester nos recuerdan que el mundo est\u00e1 plagado de enfrentamientos, guerras y conflictos.<\/p>\n<p>Tanto si se trata del terrorismo internacional, de personas vulnerables que se ven forzadas a dejar su patria a causa de un conflicto o persecuci\u00f3n, o de vivir en una sociedad donde no se tolera la disensi\u00f3n, todos nos podemos identificar con fuerzas o situaciones que est\u00e1n m\u00e1s all\u00e1 de nuestro control.<\/p>\n<blockquote><p>La reacci\u00f3n natural frente al dolor y al sufrimiento es erigir muros para protegernos, pero \u00bfqu\u00e9 sucede cuando estos mismos muros acaban atrap\u00e1ndonos?<\/p><\/blockquote>\n<p>En menor escala, palabras duras o conflictos en nuestras relaciones pueden f\u00e1cilmente causar resentimiento o amargura, lo que no solo acaba haci\u00e9ndonos da\u00f1o, sino que, adem\u00e1s, no representa los valores del reino por los que Cristo dio su vida.<\/p>\n<p>Intentar perdonar cuando sentimos mucho dolor puede ser extremadamente dif\u00edcil y cualquier menci\u00f3n a una reconciliaci\u00f3n puede parecer pr\u00e1cticamente imposible.<\/p>\n<figure><img decoding=\"async\" src=\"https:\/\/fru.ifesworld.org\/wp-content\/uploads\/2019\/05\/7bdea-1zrbfulke7sogbgpmimbaiw.jpeg\" data-width=\"1920\" data-height=\"720\" \/><\/figure>\n<p>Cuando nos sentamos juntos para pensar en ideas para el n\u00famero 2 de <em>Conexi\u00f3n<\/em> (y gracias a todos los que se pusieron en contacto con nosotros sobre el n\u00famero 1 el mes pasado), se me ocurri\u00f3 que ser\u00eda muy interesante explorar y escribir sobre el tema de la reconciliaci\u00f3n, lo que qued\u00f3 confirmado despu\u00e9s de hablar con aquellos involucrados en la obra de la reconciliaci\u00f3n dentro del contexto hist\u00f3rico y de conflictos nacionales duraderos.<\/p>\n<p>Solo con escuchar algunas de las historias desgarradoras compartidas por el ruand\u00e9s <a href=\"https:\/\/es.ifesconexion.org\/reconciliaci%C3%B3n-costosa-c5cce9bb94c7\" target=\"_blank\" rel=\"noopener noreferrer\"><strong>Antoine Rutayisire<\/strong><\/a>, o ver a los estudiantes de Colombia intentando sanar divisiones en sus universidades mediante un proyecto creativo, o ser testigo de c\u00f3mo Steve Stockman, ministro de Irlanda del Norte, intenta traer sanaci\u00f3n a divisiones que han durado d\u00e9cadas en su propio pa\u00eds, nos podemos dar cuenta de que el evangelio de Cristo est\u00e1 transformando relaciones y comunidades de una manera radical. \u00a1Es muy emocionante!<\/p>\n<p>No solo son estas historias muy conmovedoras, sino que representan poderosos ejemplos de c\u00f3mo se lleva a cabo la reconciliaci\u00f3n. Estoy deseando escuchar de qu\u00e9 maneras se han sentido retados por ellas.<\/p>\n<figure><img decoding=\"async\" src=\"https:\/\/fru.ifesworld.org\/wp-content\/uploads\/2019\/05\/93758-1pzbsfygdopuqdtigfhmatq.jpeg\" data-width=\"360\" data-height=\"360\" \/><\/figure>\n<figure><img decoding=\"async\" src=\"https:\/\/fru.ifesworld.org\/wp-content\/uploads\/2019\/05\/9107b-1kdfmwgpclomqg0jtjmpuwg.jpeg\" data-width=\"360\" data-height=\"360\" \/><\/figure>\n<p>Tambi\u00e9n nos alegra poder traer con este n\u00famero algunas palabras de <a href=\"https:\/\/es.ifesconexion.org\/el-viaje-de-jon%C3%A1s-lecciones-de-esperanza-para-la-europa-de-hoy-8ae2923c6f88\" target=\"_blank\" rel=\"noopener noreferrer\"><strong>Michael Ramsden<\/strong><\/a>, director internacional del Ravi Zacharias International Ministry (RZIM), que seguro invitar\u00e1n a la reflexi\u00f3n.<\/p>\n<p>Michael habl\u00f3 en la Conferencia Europea de Evangelizaci\u00f3n Estudiantil durante la Pascua y comparte en <em>Conexi\u00f3n<\/em> sus pensamientos sobre lo que podemos esperar ver (y por lo que podemos orar) en las universidades de toda la regi\u00f3n en los pr\u00f3ximos a\u00f1os.<\/p>\n<p>Tambi\u00e9n podr\u00e1n encontrar un art\u00edculo de <a href=\"https:\/\/es.ifesconexion.org\/tecnolog%C3%ADa-construyendo-hacia-arriba-hacia-fuera-y-hacia-dentro-afbaff6162c7\" target=\"_blank\" rel=\"noopener noreferrer\"><strong>Bret Staudt Willet<\/strong><\/a>, director de ministerio en espacios digitales con Intervarsity\/USA, sobre c\u00f3mo la tecnolog\u00eda nos puede ayudar a moldear y cambiar el mundo.<\/p>\n<p>Adem\u00e1s, seguimos con la secci\u00f3n <em>En el ascensor<\/em>, donde hablamos con <a href=\"https:\/\/es.ifesconexion.org\/en-el-ascensor-con-annette-arulrajah-7e56db964422\" target=\"_blank\" rel=\"noopener noreferrer\"><strong>Annette Arulrajah<\/strong><\/a>, Secretaria Regional Asociada de Asia del Este, y encontrar\u00e1n tambi\u00e9n las palabras de \u00e1nimo clave de <a href=\"https:\/\/es.ifesconexion.org\/semillas-de-esperanza-duradera-de-europa-y-fuera-de-ella-c12cba343c70\" target=\"_blank\" rel=\"noopener noreferrer\"><strong>Daniel Bourdann\u00e9<\/strong><\/a>, Secretario General de IFES, del a\u00f1o pasado.<\/p>\n<p>En todo lo que hagan este mes, esperamos que estos art\u00edculos les sirvan de inspiraci\u00f3n, \u00e1nimo y est\u00edmulo.<\/p>\n<p>Esperamos con inter\u00e9s sus comentarios.<\/p>\n<figure><img decoding=\"async\" src=\"https:\/\/fru.ifesworld.org\/wp-content\/uploads\/2019\/05\/c3889-1_9m_bf22pq1r5uiur_c3ew.jpeg\" data-width=\"800\" data-height=\"113\" \/><\/figure>\n<p>Richard Woodall, Content Manager<\/p>\n","protected":false},"featured_media":1109,"template":"","area":[],"theme":[],"class_list":["post-1073","conexion","type-conexion","status-publish","has-post-thumbnail","hentry"],"acf":[],"yoast_head":"<!-- This site is optimized with the Yoast SEO plugin v22.6 - https:\/\/yoast.com\/wordpress\/plugins\/seo\/ -->\n<title>Primeras palabras: Practicar una reconciliaci\u00f3n radical y transformadora &#183; IFES Conexi\u00f3n Blog<\/title>\n<meta name=\"description\" content=\"Sucesos como el ataque terrorista de la semana pasada en Manchester nos recuerdan que el mundo est\u00e1 plagado de enfrentamientos, guerras y conflictos.\" \/>\n<meta name=\"robots\" content=\"noindex, follow, max-snippet:-1, max-image-preview:large, max-video-preview:-1\" \/>\n<meta property=\"og:locale\" content=\"es_ES\" \/>\n<meta property=\"og:type\" content=\"article\" \/>\n<meta property=\"og:title\" content=\"Primeras palabras: Practicar una reconciliaci\u00f3n radical y transformadora &#183; IFES Conexi\u00f3n Blog\" \/>\n<meta property=\"og:description\" content=\"Sucesos como el ataque terrorista de la semana pasada en Manchester nos recuerdan que el mundo est\u00e1 plagado de enfrentamientos, guerras y conflictos.\" \/>\n<meta property=\"og:url\" content=\"https:\/\/ifesworld.org\/es\/blog\/primeras-palabras-practicar-una-reconciliacion-radical-y-transformadora\/\" \/>\n<meta property=\"og:site_name\" content=\"IFES\" \/>\n<meta property=\"article:modified_time\" content=\"2019-05-20T14:28:48+00:00\" \/>\n<meta property=\"og:image\" content=\"https:\/\/ifesworld.org\/wp-content\/uploads\/2019\/05\/5661d-1ujag1kx8hatvcpzruhunqq.jpeg\" \/>\n\t<meta property=\"og:image:width\" content=\"1920\" \/>\n\t<meta property=\"og:image:height\" content=\"720\" \/>\n\t<meta property=\"og:image:type\" content=\"image\/jpeg\" \/>\n<meta name=\"twitter:card\" content=\"summary_large_image\" \/>\n<meta name=\"twitter:label1\" content=\"Tiempo de lectura\" \/>\n\t<meta name=\"twitter:data1\" content=\"3 minutos\" \/>\n<script type=\"application\/ld+json\" class=\"yoast-schema-graph\">{\"@context\":\"https:\/\/schema.org\",\"@graph\":[{\"@type\":\"WebPage\",\"@id\":\"https:\/\/ifesworld.org\/es\/blog\/primeras-palabras-practicar-una-reconciliacion-radical-y-transformadora\/\",\"url\":\"https:\/\/ifesworld.org\/es\/blog\/primeras-palabras-practicar-una-reconciliacion-radical-y-transformadora\/\",\"name\":\"Primeras palabras: Practicar una reconciliaci\u00f3n radical y transformadora &#183; IFES Conexi\u00f3n Blog\",\"isPartOf\":{\"@id\":\"https:\/\/fru.ifesworld.org\/en\/#website\"},\"primaryImageOfPage\":{\"@id\":\"https:\/\/ifesworld.org\/es\/blog\/primeras-palabras-practicar-una-reconciliacion-radical-y-transformadora\/#primaryimage\"},\"image\":{\"@id\":\"https:\/\/ifesworld.org\/es\/blog\/primeras-palabras-practicar-una-reconciliacion-radical-y-transformadora\/#primaryimage\"},\"thumbnailUrl\":\"https:\/\/fru.ifesworld.org\/wp-content\/uploads\/2019\/05\/5661d-1ujag1kx8hatvcpzruhunqq.jpeg\",\"datePublished\":\"2017-05-31T23:01:00+00:00\",\"dateModified\":\"2019-05-20T14:28:48+00:00\",\"description\":\"Sucesos como el ataque terrorista de la semana pasada en Manchester nos recuerdan que el mundo est\u00e1 plagado de enfrentamientos, guerras y conflictos.\",\"breadcrumb\":{\"@id\":\"https:\/\/ifesworld.org\/es\/blog\/primeras-palabras-practicar-una-reconciliacion-radical-y-transformadora\/#breadcrumb\"},\"inLanguage\":\"es\",\"potentialAction\":[{\"@type\":\"ReadAction\",\"target\":[\"https:\/\/ifesworld.org\/es\/blog\/primeras-palabras-practicar-una-reconciliacion-radical-y-transformadora\/\"]}]},{\"@type\":\"ImageObject\",\"inLanguage\":\"es\",\"@id\":\"https:\/\/ifesworld.org\/es\/blog\/primeras-palabras-practicar-una-reconciliacion-radical-y-transformadora\/#primaryimage\",\"url\":\"https:\/\/fru.ifesworld.org\/wp-content\/uploads\/2019\/05\/5661d-1ujag1kx8hatvcpzruhunqq.jpeg\",\"contentUrl\":\"https:\/\/fru.ifesworld.org\/wp-content\/uploads\/2019\/05\/5661d-1ujag1kx8hatvcpzruhunqq.jpeg\",\"width\":1920,\"height\":720},{\"@type\":\"BreadcrumbList\",\"@id\":\"https:\/\/ifesworld.org\/es\/blog\/primeras-palabras-practicar-una-reconciliacion-radical-y-transformadora\/#breadcrumb\",\"itemListElement\":[{\"@type\":\"ListItem\",\"position\":1,\"name\":\"Home\",\"item\":\"https:\/\/ifesworld.org\/es\/\"},{\"@type\":\"ListItem\",\"position\":2,\"name\":\"Conexi\u00f3n\",\"item\":\"https:\/\/ifesworld.org\/es\/blog\/\"},{\"@type\":\"ListItem\",\"position\":3,\"name\":\"Primeras palabras: Practicar una reconciliaci\u00f3n radical y transformadora\"}]},{\"@type\":\"WebSite\",\"@id\":\"https:\/\/fru.ifesworld.org\/en\/#website\",\"url\":\"https:\/\/fru.ifesworld.org\/en\/\",\"name\":\"IFES\",\"description\":\"A movement of students sharing and living out the good news of Jesus Christ. Locally. Nationally. Globally.\",\"publisher\":{\"@id\":\"https:\/\/fru.ifesworld.org\/en\/#organization\"},\"potentialAction\":[{\"@type\":\"SearchAction\",\"target\":{\"@type\":\"EntryPoint\",\"urlTemplate\":\"https:\/\/fru.ifesworld.org\/en\/?s={search_term_string}\"},\"query-input\":\"required name=search_term_string\"}],\"inLanguage\":\"es\"},{\"@type\":\"Organization\",\"@id\":\"https:\/\/fru.ifesworld.org\/en\/#organization\",\"name\":\"IFES \u00b7 International Fellowship of Evangelical Students\",\"url\":\"https:\/\/fru.ifesworld.org\/en\/\",\"logo\":{\"@type\":\"ImageObject\",\"inLanguage\":\"es\",\"@id\":\"https:\/\/fru.ifesworld.org\/en\/#\/schema\/logo\/image\/\",\"url\":\"https:\/\/fru.ifesworld.org\/wp-content\/uploads\/2019\/06\/ifeslogo.png\",\"contentUrl\":\"https:\/\/fru.ifesworld.org\/wp-content\/uploads\/2019\/06\/ifeslogo.png\",\"width\":262,\"height\":262,\"caption\":\"IFES \u00b7 International Fellowship of Evangelical Students\"},\"image\":{\"@id\":\"https:\/\/fru.ifesworld.org\/en\/#\/schema\/logo\/image\/\"}}]}<\/script>\n<!-- \/ Yoast SEO plugin. -->","yoast_head_json":{"title":"Primeras palabras: Practicar una reconciliaci\u00f3n radical y transformadora &#183; IFES Conexi\u00f3n Blog","description":"Sucesos como el ataque terrorista de la semana pasada en Manchester nos recuerdan que el mundo est\u00e1 plagado de enfrentamientos, guerras y conflictos.","robots":{"index":"noindex","follow":"follow","max-snippet":"max-snippet:-1","max-image-preview":"max-image-preview:large","max-video-preview":"max-video-preview:-1"},"og_locale":"es_ES","og_type":"article","og_title":"Primeras palabras: Practicar una reconciliaci\u00f3n radical y transformadora &#183; IFES Conexi\u00f3n Blog","og_description":"Sucesos como el ataque terrorista de la semana pasada en Manchester nos recuerdan que el mundo est\u00e1 plagado de enfrentamientos, guerras y conflictos.","og_url":"https:\/\/ifesworld.org\/es\/blog\/primeras-palabras-practicar-una-reconciliacion-radical-y-transformadora\/","og_site_name":"IFES","article_modified_time":"2019-05-20T14:28:48+00:00","og_image":[{"width":1920,"height":720,"url":"https:\/\/ifesworld.org\/wp-content\/uploads\/2019\/05\/5661d-1ujag1kx8hatvcpzruhunqq.jpeg","type":"image\/jpeg"}],"twitter_card":"summary_large_image","twitter_misc":{"Tiempo de lectura":"3 minutos"},"schema":{"@context":"https:\/\/schema.org","@graph":[{"@type":"WebPage","@id":"https:\/\/ifesworld.org\/es\/blog\/primeras-palabras-practicar-una-reconciliacion-radical-y-transformadora\/","url":"https:\/\/ifesworld.org\/es\/blog\/primeras-palabras-practicar-una-reconciliacion-radical-y-transformadora\/","name":"Primeras palabras: Practicar una reconciliaci\u00f3n radical y transformadora &#183; IFES Conexi\u00f3n Blog","isPartOf":{"@id":"https:\/\/fru.ifesworld.org\/en\/#website"},"primaryImageOfPage":{"@id":"https:\/\/ifesworld.org\/es\/blog\/primeras-palabras-practicar-una-reconciliacion-radical-y-transformadora\/#primaryimage"},"image":{"@id":"https:\/\/ifesworld.org\/es\/blog\/primeras-palabras-practicar-una-reconciliacion-radical-y-transformadora\/#primaryimage"},"thumbnailUrl":"https:\/\/fru.ifesworld.org\/wp-content\/uploads\/2019\/05\/5661d-1ujag1kx8hatvcpzruhunqq.jpeg","datePublished":"2017-05-31T23:01:00+00:00","dateModified":"2019-05-20T14:28:48+00:00","description":"Sucesos como el ataque terrorista de la semana pasada en Manchester nos recuerdan que el mundo est\u00e1 plagado de enfrentamientos, guerras y conflictos.","breadcrumb":{"@id":"https:\/\/ifesworld.org\/es\/blog\/primeras-palabras-practicar-una-reconciliacion-radical-y-transformadora\/#breadcrumb"},"inLanguage":"es","potentialAction":[{"@type":"ReadAction","target":["https:\/\/ifesworld.org\/es\/blog\/primeras-palabras-practicar-una-reconciliacion-radical-y-transformadora\/"]}]},{"@type":"ImageObject","inLanguage":"es","@id":"https:\/\/ifesworld.org\/es\/blog\/primeras-palabras-practicar-una-reconciliacion-radical-y-transformadora\/#primaryimage","url":"https:\/\/fru.ifesworld.org\/wp-content\/uploads\/2019\/05\/5661d-1ujag1kx8hatvcpzruhunqq.jpeg","contentUrl":"https:\/\/fru.ifesworld.org\/wp-content\/uploads\/2019\/05\/5661d-1ujag1kx8hatvcpzruhunqq.jpeg","width":1920,"height":720},{"@type":"BreadcrumbList","@id":"https:\/\/ifesworld.org\/es\/blog\/primeras-palabras-practicar-una-reconciliacion-radical-y-transformadora\/#breadcrumb","itemListElement":[{"@type":"ListItem","position":1,"name":"Home","item":"https:\/\/ifesworld.org\/es\/"},{"@type":"ListItem","position":2,"name":"Conexi\u00f3n","item":"https:\/\/ifesworld.org\/es\/blog\/"},{"@type":"ListItem","position":3,"name":"Primeras palabras: Practicar una reconciliaci\u00f3n radical y transformadora"}]},{"@type":"WebSite","@id":"https:\/\/fru.ifesworld.org\/en\/#website","url":"https:\/\/fru.ifesworld.org\/en\/","name":"IFES","description":"A movement of students sharing and living out the good news of Jesus Christ. Locally. Nationally. Globally.","publisher":{"@id":"https:\/\/fru.ifesworld.org\/en\/#organization"},"potentialAction":[{"@type":"SearchAction","target":{"@type":"EntryPoint","urlTemplate":"https:\/\/fru.ifesworld.org\/en\/?s={search_term_string}"},"query-input":"required name=search_term_string"}],"inLanguage":"es"},{"@type":"Organization","@id":"https:\/\/fru.ifesworld.org\/en\/#organization","name":"IFES \u00b7 International Fellowship of Evangelical Students","url":"https:\/\/fru.ifesworld.org\/en\/","logo":{"@type":"ImageObject","inLanguage":"es","@id":"https:\/\/fru.ifesworld.org\/en\/#\/schema\/logo\/image\/","url":"https:\/\/fru.ifesworld.org\/wp-content\/uploads\/2019\/06\/ifeslogo.png","contentUrl":"https:\/\/fru.ifesworld.org\/wp-content\/uploads\/2019\/06\/ifeslogo.png","width":262,"height":262,"caption":"IFES \u00b7 International Fellowship of Evangelical Students"},"image":{"@id":"https:\/\/fru.ifesworld.org\/en\/#\/schema\/logo\/image\/"}}]}},"_links":{"self":[{"href":"https:\/\/fru.ifesworld.org\/es\/wp-json\/wp\/v2\/conexion\/1073"}],"collection":[{"href":"https:\/\/fru.ifesworld.org\/es\/wp-json\/wp\/v2\/conexion"}],"about":[{"href":"https:\/\/fru.ifesworld.org\/es\/wp-json\/wp\/v2\/types\/conexion"}],"wp:featuredmedia":[{"embeddable":true,"href":"https:\/\/fru.ifesworld.org\/es\/wp-json\/wp\/v2\/media\/1109"}],"wp:attachment":[{"href":"https:\/\/fru.ifesworld.org\/es\/wp-json\/wp\/v2\/media?parent=1073"}],"wp:term":[{"taxonomy":"area","embeddable":true,"href":"https:\/\/fru.ifesworld.org\/es\/wp-json\/wp\/v2\/area?post=1073"},{"taxonomy":"theme","embeddable":true,"href":"https:\/\/fru.ifesworld.org\/es\/wp-json\/wp\/v2\/theme?post=1073"}],"curies":[{"name":"wp","href":"https:\/\/api.w.org\/{rel}","templated":true}]}}