{"version":"1.0","provider_name":"IFES","provider_url":"https:\/\/fru.ifesworld.org\/es\/","title":"Acci\u00f3n: migraci\u00f3n, desplazamiento y reconciliaci\u00f3n &#183; IFES Conexi\u00f3n Blog","type":"rich","width":600,"height":338,"html":"<blockquote class=\"wp-embedded-content\" data-secret=\"GAdcp6ijn5\"><a href=\"https:\/\/fru.ifesworld.org\/es\/blog\/accion-migracion-desplazamiento-y-reconciliacion\/\">Acci\u00f3n: migraci\u00f3n, desplazamiento y reconciliaci\u00f3n<\/a><\/blockquote><iframe sandbox=\"allow-scripts\" security=\"restricted\" src=\"https:\/\/fru.ifesworld.org\/es\/blog\/accion-migracion-desplazamiento-y-reconciliacion\/embed\/#?secret=GAdcp6ijn5\" width=\"600\" height=\"338\" title=\"\u00abAcci\u00f3n: migraci\u00f3n, desplazamiento y reconciliaci\u00f3n\u00bb \u2014 IFES\" data-secret=\"GAdcp6ijn5\" frameborder=\"0\" marginwidth=\"0\" marginheight=\"0\" scrolling=\"no\" class=\"wp-embedded-content\"><\/iframe><script type=\"text\/javascript\">\n\/* <![CDATA[ *\/\n\/*! This file is auto-generated *\/\n!function(d,l){\"use strict\";l.querySelector&&d.addEventListener&&\"undefined\"!=typeof URL&&(d.wp=d.wp||{},d.wp.receiveEmbedMessage||(d.wp.receiveEmbedMessage=function(e){var t=e.data;if((t||t.secret||t.message||t.value)&&!\/[^a-zA-Z0-9]\/.test(t.secret)){for(var s,r,n,a=l.querySelectorAll('iframe[data-secret=\"'+t.secret+'\"]'),o=l.querySelectorAll('blockquote[data-secret=\"'+t.secret+'\"]'),c=new RegExp(\"^https?:$\",\"i\"),i=0;i<o.length;i++)o[i].style.display=\"none\";for(i=0;i<a.length;i++)s=a[i],e.source===s.contentWindow&&(s.removeAttribute(\"style\"),\"height\"===t.message?(1e3<(r=parseInt(t.value,10))?r=1e3:~~r<200&&(r=200),s.height=r):\"link\"===t.message&&(r=new URL(s.getAttribute(\"src\")),n=new URL(t.value),c.test(n.protocol))&&n.host===r.host&&l.activeElement===s&&(d.top.location.href=t.value))}},d.addEventListener(\"message\",d.wp.receiveEmbedMessage,!1),l.addEventListener(\"DOMContentLoaded\",function(){for(var e,t,s=l.querySelectorAll(\"iframe.wp-embedded-content\"),r=0;r<s.length;r++)(t=(e=s[r]).getAttribute(\"data-secret\"))||(t=Math.random().toString(36).substring(2,12),e.src+=\"#?secret=\"+t,e.setAttribute(\"data-secret\",t)),e.contentWindow.postMessage({message:\"ready\",secret:t},\"*\")},!1)))}(window,document);\n\/* ]]> *\/\n<\/script>\n","thumbnail_url":"https:\/\/ifesworld.org\/wp-content\/uploads\/2019\/05\/8db34-1qenveg-kg8wvrbkhjv8pba.jpeg","thumbnail_width":1200,"thumbnail_height":627,"description":"\u00bfPodemos ofrecer una voz de esperanza ante este reto\u00a0global? El primer n\u00famero de Palabra y Mundo de IFES, publicado el a\u00f1o pasado, preguntaba c\u00f3mo podemos"}